{"id":8430,"date":"2025-05-15T13:44:20","date_gmt":"2025-05-15T11:44:20","guid":{"rendered":"https:\/\/optoel.es\/2025\/?page_id=8430"},"modified":"2025-05-20T16:24:35","modified_gmt":"2025-05-20T14:24:35","slug":"premios","status":"publish","type":"page","link":"https:\/\/optoel.es\/2025\/premios\/","title":{"rendered":"Premios"},"content":{"rendered":"\t\t<div data-elementor-type=\"wp-page\" data-elementor-id=\"8430\" class=\"elementor elementor-8430\">\n\t\t\t\t\t\t<section class=\"elementor-section elementor-top-section elementor-element elementor-element-f51affc elementor-section-stretched elementor-section-full_width elementor-section-height-default elementor-section-height-default elementor-section-column-vertical-align-stretch\" data-id=\"f51affc\" data-element_type=\"section\" data-settings=\"{&quot;stretch_section&quot;:&quot;section-stretched&quot;,&quot;background_background&quot;:&quot;classic&quot;}\">\n\t\t\t\t\t\t\t<div class=\"elementor-background-overlay\"><\/div>\n\t\t\t\t\t\t\t<div class=\"elementor-container elementor-column-gap-no\">\n\t\t\t\t\t<div class=\"elementor-column elementor-col-100 elementor-top-column elementor-element elementor-element-e413202\" data-id=\"e413202\" data-element_type=\"column\" data-settings=\"{&quot;background_background&quot;:&quot;classic&quot;}\">\n\t\t\t<div class=\"elementor-widget-wrap elementor-element-populated\">\n\t\t\t\t\t<div class=\"elementor-background-overlay\"><\/div>\n\t\t\t\t<div class=\"elementor-element elementor-element-610194e e-flex e-con-boxed e-con e-parent\" data-id=\"610194e\" data-element_type=\"container\">\n\t\t\t\t\t<div class=\"e-con-inner\">\n\t\t\t\t<div class=\"elementor-element elementor-element-25cd454 elementor-widget__width-inherit elementor-invisible elementor-widget elementor-widget-tm-heading\" data-id=\"25cd454\" data-element_type=\"widget\" data-settings=\"{&quot;_animation&quot;:&quot;fadeIn&quot;}\" data-widget_type=\"tm-heading.default\">\n\t\t\t\t<div class=\"elementor-widget-container\">\n\t\t\t\t\t<div class=\"tm-modern-heading\">\n\t\t\t\t\t<div class=\"heading-secondary-wrap\">\n\t\t\t<h3 class=\"heading-secondary elementor-heading-title\">PROGRAMA<\/h3>\t\t<\/div>\n\t\t\n\t\t\t\t\t<div class=\"heading-primary-wrap\">\n\t\t\t<h2 class=\"heading-primary elementor-heading-title\">Premios<\/h2>\t\t<\/div>\n\t\t\n\t\t\t\n\t\t\t\t\t<\/div>\n\t\t\t\t<\/div>\n\t\t\t\t<\/div>\n\t\t\t\t\t<\/div>\n\t\t\t\t<\/div>\n\t\t\t\t\t<\/div>\n\t\t<\/div>\n\t\t\t\t\t<\/div>\n\t\t<\/section>\n\t\t\t\t<section class=\"elementor-section elementor-top-section elementor-element elementor-element-daaef71 elementor-section-boxed elementor-section-gap-beside-yes elementor-section-height-default elementor-section-height-default elementor-section-column-vertical-align-stretch elementor-invisible\" data-id=\"daaef71\" data-element_type=\"section\" data-settings=\"{&quot;animation&quot;:&quot;billyFadeInUp&quot;}\">\n\t\t\t\t\t\t<div class=\"elementor-container elementor-column-gap-extended\">\n\t\t\t\t\t<div class=\"elementor-column elementor-col-33 elementor-top-column elementor-element elementor-element-689e958\" data-id=\"689e958\" data-element_type=\"column\">\n\t\t\t<div class=\"elementor-widget-wrap elementor-element-populated\">\n\t\t\t\t\t\t<div class=\"elementor-element elementor-element-9c2ae05 elementor-widget elementor-widget-tm-heading\" data-id=\"9c2ae05\" data-element_type=\"widget\" data-widget_type=\"tm-heading.default\">\n\t\t\t\t<div class=\"elementor-widget-container\">\n\t\t\t\t\t<div class=\"tm-modern-heading\">\n\t\t\t\n\t\t\t\t\t<div class=\"heading-primary-wrap\">\n\t\t\t<h2 class=\"heading-primary elementor-heading-title\">Premios a <span style=\"font-weight: 700;\">Estudiantes<\/span> Optoel 2025<\/h2>\t\t<\/div>\n\t\t\n\t\t\t\n\t\t\t\t\t<\/div>\n\t\t\t\t<\/div>\n\t\t\t\t<\/div>\n\t\t\t\t\t<\/div>\n\t\t<\/div>\n\t\t\t\t<div class=\"elementor-column elementor-col-66 elementor-top-column elementor-element elementor-element-a3fbcea\" data-id=\"a3fbcea\" data-element_type=\"column\">\n\t\t\t<div class=\"elementor-widget-wrap elementor-element-populated\">\n\t\t\t\t\t\t<div class=\"elementor-element elementor-element-749f5e9 elementor-widget__width-initial elementor-widget elementor-widget-text-editor\" data-id=\"749f5e9\" data-element_type=\"widget\" data-widget_type=\"text-editor.default\">\n\t\t\t\t<div class=\"elementor-widget-container\">\n\t\t\t<style>\/*! elementor - v3.22.0 - 26-06-2024 *\/\n.elementor-widget-text-editor.elementor-drop-cap-view-stacked .elementor-drop-cap{background-color:#69727d;color:#fff}.elementor-widget-text-editor.elementor-drop-cap-view-framed .elementor-drop-cap{color:#69727d;border:3px solid;background-color:transparent}.elementor-widget-text-editor:not(.elementor-drop-cap-view-default) .elementor-drop-cap{margin-top:8px}.elementor-widget-text-editor:not(.elementor-drop-cap-view-default) .elementor-drop-cap-letter{width:1em;height:1em}.elementor-widget-text-editor .elementor-drop-cap{float:left;text-align:center;line-height:1;font-size:50px}.elementor-widget-text-editor .elementor-drop-cap-letter{display:inline-block}<\/style>\t\t\t\t<p>Con el objetivo de promover la investigaci\u00f3n de calidad entre los m\u00e1s j\u00f3venes y reconocerla a trav\u00e9s de sus resultados, el Comit\u00e9 de Optoelectr\u00f3nica ofrece seis premios a los mejores trabajos:<\/p>\t\t\t\t\t\t<\/div>\n\t\t\t\t<\/div>\n\t\t<div class=\"elementor-element elementor-element-6e44bcf e-flex e-con-boxed e-con e-parent\" data-id=\"6e44bcf\" data-element_type=\"container\">\n\t\t\t\t\t<div class=\"e-con-inner\">\n\t\t\t\t<div class=\"elementor-element elementor-element-e07be72 elementor-widget elementor-widget-heading\" data-id=\"e07be72\" data-element_type=\"widget\" data-widget_type=\"heading.default\">\n\t\t\t\t<div class=\"elementor-widget-container\">\n\t\t\t<style>\/*! elementor - v3.22.0 - 26-06-2024 *\/\n.elementor-heading-title{padding:0;margin:0;line-height:1}.elementor-widget-heading .elementor-heading-title[class*=elementor-size-]>a{color:inherit;font-size:inherit;line-height:inherit}.elementor-widget-heading .elementor-heading-title.elementor-size-small{font-size:15px}.elementor-widget-heading .elementor-heading-title.elementor-size-medium{font-size:19px}.elementor-widget-heading .elementor-heading-title.elementor-size-large{font-size:29px}.elementor-widget-heading .elementor-heading-title.elementor-size-xl{font-size:39px}.elementor-widget-heading .elementor-heading-title.elementor-size-xxl{font-size:59px}<\/style><h4 class=\"elementor-heading-title elementor-size-default\">Premio Carlos G\u00f3mez - Reino<\/h4>\t\t<\/div>\n\t\t\t\t<\/div>\n\t\t\t\t<div class=\"elementor-element elementor-element-9e3205b elementor-widget__width-initial elementor-widget elementor-widget-text-editor\" data-id=\"9e3205b\" data-element_type=\"widget\" data-widget_type=\"text-editor.default\">\n\t\t\t\t<div class=\"elementor-widget-container\">\n\t\t\t\t\t\t\t<p><em>Categor\u00eda: Tecnolog\u00eda L\u00e1ser<\/em><\/p>\t\t\t\t\t\t<\/div>\n\t\t\t\t<\/div>\n\t\t\t\t\t<\/div>\n\t\t\t\t<\/div>\n\t\t<div class=\"elementor-element elementor-element-55343a7 e-flex e-con-boxed e-con e-parent\" data-id=\"55343a7\" data-element_type=\"container\">\n\t\t\t\t\t<div class=\"e-con-inner\">\n\t\t\t\t<div class=\"elementor-element elementor-element-51129e6 elementor-widget__width-initial elementor-widget elementor-widget-image\" data-id=\"51129e6\" data-element_type=\"widget\" data-widget_type=\"image.default\">\n\t\t\t\t<div class=\"elementor-widget-container\">\n\t\t\t<style>\/*! elementor - v3.22.0 - 26-06-2024 *\/\n.elementor-widget-image{text-align:center}.elementor-widget-image a{display:inline-block}.elementor-widget-image a img[src$=\".svg\"]{width:48px}.elementor-widget-image img{vertical-align:middle;display:inline-block}<\/style>\t\t\t\t\t\t\t\t\t\t\t<a href=\"https:\/\/radiantis.com\/\">\n\t\t\t\t\t\t\t<img fetchpriority=\"high\" decoding=\"async\" width=\"640\" height=\"151\" src=\"https:\/\/optoel.es\/2025\/wp-content\/uploads\/2025\/05\/Radiantis-new-logo-letters-black-PRINCIPAL-tamano-grande-sin-fondo-1024x241.png\" class=\"attachment-large size-large wp-image-8382\" alt=\"\" srcset=\"https:\/\/optoel.es\/2025\/wp-content\/uploads\/2025\/05\/Radiantis-new-logo-letters-black-PRINCIPAL-tamano-grande-sin-fondo-1024x241.png 1024w, https:\/\/optoel.es\/2025\/wp-content\/uploads\/2025\/05\/Radiantis-new-logo-letters-black-PRINCIPAL-tamano-grande-sin-fondo-300x71.png 300w, https:\/\/optoel.es\/2025\/wp-content\/uploads\/2025\/05\/Radiantis-new-logo-letters-black-PRINCIPAL-tamano-grande-sin-fondo-768x181.png 768w, https:\/\/optoel.es\/2025\/wp-content\/uploads\/2025\/05\/Radiantis-new-logo-letters-black-PRINCIPAL-tamano-grande-sin-fondo-1536x362.png 1536w, https:\/\/optoel.es\/2025\/wp-content\/uploads\/2025\/05\/Radiantis-new-logo-letters-black-PRINCIPAL-tamano-grande-sin-fondo-2048x483.png 2048w\" sizes=\"(max-width: 640px) 100vw, 640px\" \/>\t\t\t\t\t\t\t\t<\/a>\n\t\t\t\t\t\t\t\t\t\t\t\t\t<\/div>\n\t\t\t\t<\/div>\n\t\t\t\t<div class=\"elementor-element elementor-element-38f3b67 elementor-widget__width-initial elementor-widget elementor-widget-text-editor\" data-id=\"38f3b67\" data-element_type=\"widget\" data-widget_type=\"text-editor.default\">\n\t\t\t\t<div class=\"elementor-widget-container\">\n\t\t\t\t\t\t\t<p>Patrocinado por <b>Radiantis<\/b><\/p>\t\t\t\t\t\t<\/div>\n\t\t\t\t<\/div>\n\t\t\t\t\t<\/div>\n\t\t\t\t<\/div>\n\t\t<div class=\"elementor-element elementor-element-d7920e3 e-flex e-con-boxed e-con e-parent\" data-id=\"d7920e3\" data-element_type=\"container\">\n\t\t\t\t\t<div class=\"e-con-inner\">\n\t\t\t\t<div class=\"elementor-element elementor-element-937dfa2 elementor-widget elementor-widget-heading\" data-id=\"937dfa2\" data-element_type=\"widget\" data-widget_type=\"heading.default\">\n\t\t\t\t<div class=\"elementor-widget-container\">\n\t\t\t<h4 class=\"elementor-heading-title elementor-size-default\">PREMIO MAR\u00cdA VICTORIA (MARIV\u00cd) P\u00c9REZ MART\u00cdN<\/h4>\t\t<\/div>\n\t\t\t\t<\/div>\n\t\t\t\t<div class=\"elementor-element elementor-element-616b0a4 elementor-widget__width-initial elementor-widget elementor-widget-text-editor\" data-id=\"616b0a4\" data-element_type=\"widget\" data-widget_type=\"text-editor.default\">\n\t\t\t\t<div class=\"elementor-widget-container\">\n\t\t\t\t\t\t\t<em>Categor\u00eda: Abierta a todas las tem\u00e1ticas<\/em>\t\t\t\t\t\t<\/div>\n\t\t\t\t<\/div>\n\t\t\t\t\t<\/div>\n\t\t\t\t<\/div>\n\t\t<div class=\"elementor-element elementor-element-b41aecd e-flex e-con-boxed e-con e-parent\" data-id=\"b41aecd\" data-element_type=\"container\">\n\t\t\t\t\t<div class=\"e-con-inner\">\n\t\t\t\t<div class=\"elementor-element elementor-element-b044140 elementor-widget__width-initial elementor-widget elementor-widget-image\" data-id=\"b044140\" data-element_type=\"widget\" data-widget_type=\"image.default\">\n\t\t\t\t<div class=\"elementor-widget-container\">\n\t\t\t\t\t\t\t\t\t\t\t\t\t\t<a href=\"https:\/\/www.optica.org\/\">\n\t\t\t\t\t\t\t<img decoding=\"async\" width=\"640\" height=\"248\" src=\"https:\/\/optoel.es\/2025\/wp-content\/uploads\/2025\/05\/logo_optica_knockout_rgb_300dpi.png\" class=\"attachment-large size-large wp-image-8388\" alt=\"\" srcset=\"https:\/\/optoel.es\/2025\/wp-content\/uploads\/2025\/05\/logo_optica_knockout_rgb_300dpi.png 1024w, https:\/\/optoel.es\/2025\/wp-content\/uploads\/2025\/05\/logo_optica_knockout_rgb_300dpi-300x116.png 300w, https:\/\/optoel.es\/2025\/wp-content\/uploads\/2025\/05\/logo_optica_knockout_rgb_300dpi-768x297.png 768w\" sizes=\"(max-width: 640px) 100vw, 640px\" \/>\t\t\t\t\t\t\t\t<\/a>\n\t\t\t\t\t\t\t\t\t\t\t\t\t<\/div>\n\t\t\t\t<\/div>\n\t\t\t\t<div class=\"elementor-element elementor-element-810df30 elementor-widget__width-initial elementor-widget elementor-widget-text-editor\" data-id=\"810df30\" data-element_type=\"widget\" data-widget_type=\"text-editor.default\">\n\t\t\t\t<div class=\"elementor-widget-container\">\n\t\t\t\t\t\t\t<p>Patrocinado por <b>OPTICA<\/b><\/p>\t\t\t\t\t\t<\/div>\n\t\t\t\t<\/div>\n\t\t\t\t\t<\/div>\n\t\t\t\t<\/div>\n\t\t<div class=\"elementor-element elementor-element-6a6b7b1 e-flex e-con-boxed e-con e-parent\" data-id=\"6a6b7b1\" data-element_type=\"container\">\n\t\t\t\t\t<div class=\"e-con-inner\">\n\t\t\t\t<div class=\"elementor-element elementor-element-73b8822 elementor-widget elementor-widget-heading\" data-id=\"73b8822\" data-element_type=\"widget\" data-widget_type=\"heading.default\">\n\t\t\t\t<div class=\"elementor-widget-container\">\n\t\t\t<h4 class=\"elementor-heading-title elementor-size-default\">PREMIO MAR\u00cdA JOSEFA (MARIF\u00cd) YZUEL<\/h4>\t\t<\/div>\n\t\t\t\t<\/div>\n\t\t\t\t<div class=\"elementor-element elementor-element-da67dd8 elementor-widget__width-initial elementor-widget elementor-widget-text-editor\" data-id=\"da67dd8\" data-element_type=\"widget\" data-widget_type=\"text-editor.default\">\n\t\t\t\t<div class=\"elementor-widget-container\">\n\t\t\t\t\t\t\t<em>Categor\u00eda: Abierta a todas las tem\u00e1ticas<\/em>\t\t\t\t\t\t<\/div>\n\t\t\t\t<\/div>\n\t\t\t\t\t<\/div>\n\t\t\t\t<\/div>\n\t\t<div class=\"elementor-element elementor-element-974391f e-flex e-con-boxed e-con e-parent\" data-id=\"974391f\" data-element_type=\"container\">\n\t\t\t\t\t<div class=\"e-con-inner\">\n\t\t\t\t<div class=\"elementor-element elementor-element-f99d032 elementor-widget__width-initial elementor-widget elementor-widget-image\" data-id=\"f99d032\" data-element_type=\"widget\" data-widget_type=\"image.default\">\n\t\t\t\t<div class=\"elementor-widget-container\">\n\t\t\t\t\t\t\t\t\t\t\t\t\t<img decoding=\"async\" width=\"220\" height=\"95\" src=\"https:\/\/optoel.es\/2025\/wp-content\/uploads\/2025\/05\/spie-sedoptica.jpg\" class=\"attachment-large size-large wp-image-8433\" alt=\"\" \/>\t\t\t\t\t\t\t\t\t\t\t\t\t<\/div>\n\t\t\t\t<\/div>\n\t\t\t\t<div class=\"elementor-element elementor-element-bf723da elementor-widget__width-initial elementor-widget elementor-widget-text-editor\" data-id=\"bf723da\" data-element_type=\"widget\" data-widget_type=\"text-editor.default\">\n\t\t\t\t<div class=\"elementor-widget-container\">\n\t\t\t\t\t\t\t<p>Patrocinado por <b>SPIE-SEDOPTICA<\/b><\/p>\t\t\t\t\t\t<\/div>\n\t\t\t\t<\/div>\n\t\t\t\t\t<\/div>\n\t\t\t\t<\/div>\n\t\t<div class=\"elementor-element elementor-element-1e3f4b0 e-flex e-con-boxed e-con e-parent\" data-id=\"1e3f4b0\" data-element_type=\"container\">\n\t\t\t\t\t<div class=\"e-con-inner\">\n\t\t\t\t<div class=\"elementor-element elementor-element-a42e49c elementor-widget elementor-widget-heading\" data-id=\"a42e49c\" data-element_type=\"widget\" data-widget_type=\"heading.default\">\n\t\t\t\t<div class=\"elementor-widget-container\">\n\t\t\t<h4 class=\"elementor-heading-title elementor-size-default\">PREMIO JAVIER PELAYO<\/h4>\t\t<\/div>\n\t\t\t\t<\/div>\n\t\t\t\t<div class=\"elementor-element elementor-element-93fb985 elementor-widget__width-initial elementor-widget elementor-widget-text-editor\" data-id=\"93fb985\" data-element_type=\"widget\" data-widget_type=\"text-editor.default\">\n\t\t\t\t<div class=\"elementor-widget-container\">\n\t\t\t\t\t\t\t<em>Categor\u00eda: Fibra \u00d3ptica \u2013 Fundamentos y Teor\u00eda<\/em>\t\t\t\t\t\t<\/div>\n\t\t\t\t<\/div>\n\t\t\t\t\t<\/div>\n\t\t\t\t<\/div>\n\t\t<div class=\"elementor-element elementor-element-70cd494 e-flex e-con-boxed e-con e-parent\" data-id=\"70cd494\" data-element_type=\"container\">\n\t\t\t\t\t<div class=\"e-con-inner\">\n\t\t\t\t<div class=\"elementor-element elementor-element-13f0587 elementor-widget__width-initial elementor-widget elementor-widget-image\" data-id=\"13f0587\" data-element_type=\"widget\" data-widget_type=\"image.default\">\n\t\t\t\t<div class=\"elementor-widget-container\">\n\t\t\t\t\t\t\t\t\t\t\t\t\t\t<a href=\"https:\/\/aragonphotonics.com\/es\/\">\n\t\t\t\t\t\t\t<img loading=\"lazy\" decoding=\"async\" width=\"640\" height=\"179\" src=\"https:\/\/optoel.es\/2025\/wp-content\/uploads\/2025\/05\/logo-aragonphotonics-1024x286.png\" class=\"attachment-large size-large wp-image-8385\" alt=\"\" srcset=\"https:\/\/optoel.es\/2025\/wp-content\/uploads\/2025\/05\/logo-aragonphotonics-1024x286.png 1024w, https:\/\/optoel.es\/2025\/wp-content\/uploads\/2025\/05\/logo-aragonphotonics-300x84.png 300w, https:\/\/optoel.es\/2025\/wp-content\/uploads\/2025\/05\/logo-aragonphotonics-768x215.png 768w, https:\/\/optoel.es\/2025\/wp-content\/uploads\/2025\/05\/logo-aragonphotonics-1536x429.png 1536w, https:\/\/optoel.es\/2025\/wp-content\/uploads\/2025\/05\/logo-aragonphotonics-2048x573.png 2048w\" sizes=\"(max-width: 640px) 100vw, 640px\" \/>\t\t\t\t\t\t\t\t<\/a>\n\t\t\t\t\t\t\t\t\t\t\t\t\t<\/div>\n\t\t\t\t<\/div>\n\t\t\t\t<div class=\"elementor-element elementor-element-986f2ff elementor-widget__width-initial elementor-widget elementor-widget-text-editor\" data-id=\"986f2ff\" data-element_type=\"widget\" data-widget_type=\"text-editor.default\">\n\t\t\t\t<div class=\"elementor-widget-container\">\n\t\t\t\t\t\t\t<p>Patrocinado por <b>Arag\u00f3n Photonics Labs<\/b><\/p>\t\t\t\t\t\t<\/div>\n\t\t\t\t<\/div>\n\t\t\t\t\t<\/div>\n\t\t\t\t<\/div>\n\t\t<div class=\"elementor-element elementor-element-39a0a7a e-flex e-con-boxed e-con e-parent\" data-id=\"39a0a7a\" data-element_type=\"container\">\n\t\t\t\t\t<div class=\"e-con-inner\">\n\t\t\t\t<div class=\"elementor-element elementor-element-a7cd8d5 elementor-widget elementor-widget-heading\" data-id=\"a7cd8d5\" data-element_type=\"widget\" data-widget_type=\"heading.default\">\n\t\t\t\t<div class=\"elementor-widget-container\">\n\t\t\t<h4 class=\"elementor-heading-title elementor-size-default\">PREMIO FRANCISCO VILLUENDAS<\/h4>\t\t<\/div>\n\t\t\t\t<\/div>\n\t\t\t\t<div class=\"elementor-element elementor-element-bcea0a4 elementor-widget__width-initial elementor-widget elementor-widget-text-editor\" data-id=\"bcea0a4\" data-element_type=\"widget\" data-widget_type=\"text-editor.default\">\n\t\t\t\t<div class=\"elementor-widget-container\">\n\t\t\t\t\t\t\t<em>Categor\u00eda: Fibra \u00d3ptica \u2013 Experimental y Aplicada\n<\/em>\t\t\t\t\t\t<\/div>\n\t\t\t\t<\/div>\n\t\t\t\t\t<\/div>\n\t\t\t\t<\/div>\n\t\t<div class=\"elementor-element elementor-element-45962d2 e-flex e-con-boxed e-con e-parent\" data-id=\"45962d2\" data-element_type=\"container\">\n\t\t\t\t\t<div class=\"e-con-inner\">\n\t\t\t\t<div class=\"elementor-element elementor-element-498d127 elementor-widget__width-initial elementor-widget elementor-widget-image\" data-id=\"498d127\" data-element_type=\"widget\" data-widget_type=\"image.default\">\n\t\t\t\t<div class=\"elementor-widget-container\">\n\t\t\t\t\t\t\t\t\t\t\t\t\t\t<a href=\"https:\/\/www.fibercom.es\/\">\n\t\t\t\t\t\t\t<img loading=\"lazy\" decoding=\"async\" width=\"557\" height=\"228\" src=\"https:\/\/optoel.es\/2025\/wp-content\/uploads\/2025\/05\/logo-fibercomweb.jpg\" class=\"attachment-large size-large wp-image-8383\" alt=\"\" srcset=\"https:\/\/optoel.es\/2025\/wp-content\/uploads\/2025\/05\/logo-fibercomweb.jpg 557w, https:\/\/optoel.es\/2025\/wp-content\/uploads\/2025\/05\/logo-fibercomweb-300x123.jpg 300w\" sizes=\"(max-width: 557px) 100vw, 557px\" \/>\t\t\t\t\t\t\t\t<\/a>\n\t\t\t\t\t\t\t\t\t\t\t\t\t<\/div>\n\t\t\t\t<\/div>\n\t\t\t\t<div class=\"elementor-element elementor-element-c3ee639 elementor-widget__width-initial elementor-widget elementor-widget-text-editor\" data-id=\"c3ee639\" data-element_type=\"widget\" data-widget_type=\"text-editor.default\">\n\t\t\t\t<div class=\"elementor-widget-container\">\n\t\t\t\t\t\t\t<p>Patrocinado por <strong>Fibercom<\/strong><\/p>\t\t\t\t\t\t<\/div>\n\t\t\t\t<\/div>\n\t\t\t\t\t<\/div>\n\t\t\t\t<\/div>\n\t\t<div class=\"elementor-element elementor-element-007a29b e-flex e-con-boxed e-con e-parent\" data-id=\"007a29b\" data-element_type=\"container\">\n\t\t\t\t\t<div class=\"e-con-inner\">\n\t\t\t\t<div class=\"elementor-element elementor-element-6284880 elementor-widget elementor-widget-heading\" data-id=\"6284880\" data-element_type=\"widget\" data-widget_type=\"heading.default\">\n\t\t\t\t<div class=\"elementor-widget-container\">\n\t\t\t<h4 class=\"elementor-heading-title elementor-size-default\">PREMIO VLC-Photonics<\/h4>\t\t<\/div>\n\t\t\t\t<\/div>\n\t\t\t\t<div class=\"elementor-element elementor-element-e2032b0 elementor-widget__width-initial elementor-widget elementor-widget-text-editor\" data-id=\"e2032b0\" data-element_type=\"widget\" data-widget_type=\"text-editor.default\">\n\t\t\t\t<div class=\"elementor-widget-container\">\n\t\t\t\t\t\t\t<em>Categor\u00eda: Fot\u00f3nica Integrada (PIC)\n<\/em>\t\t\t\t\t\t<\/div>\n\t\t\t\t<\/div>\n\t\t\t\t\t<\/div>\n\t\t\t\t<\/div>\n\t\t<div class=\"elementor-element elementor-element-b17ccaf e-flex e-con-boxed e-con e-parent\" data-id=\"b17ccaf\" data-element_type=\"container\">\n\t\t\t\t\t<div class=\"e-con-inner\">\n\t\t\t\t<div class=\"elementor-element elementor-element-d3552ed elementor-widget__width-initial elementor-widget elementor-widget-image\" data-id=\"d3552ed\" data-element_type=\"widget\" data-widget_type=\"image.default\">\n\t\t\t\t<div class=\"elementor-widget-container\">\n\t\t\t\t\t\t\t\t\t\t\t\t\t\t<a href=\"https:\/\/www.vlcphotonics.com\/\">\n\t\t\t\t\t\t\t<img loading=\"lazy\" decoding=\"async\" width=\"350\" height=\"185\" src=\"https:\/\/optoel.es\/2025\/wp-content\/uploads\/2025\/05\/vlc-photonic-1.png\" class=\"attachment-large size-large wp-image-8384\" alt=\"\" srcset=\"https:\/\/optoel.es\/2025\/wp-content\/uploads\/2025\/05\/vlc-photonic-1.png 350w, https:\/\/optoel.es\/2025\/wp-content\/uploads\/2025\/05\/vlc-photonic-1-300x159.png 300w\" sizes=\"(max-width: 350px) 100vw, 350px\" \/>\t\t\t\t\t\t\t\t<\/a>\n\t\t\t\t\t\t\t\t\t\t\t\t\t<\/div>\n\t\t\t\t<\/div>\n\t\t\t\t<div class=\"elementor-element elementor-element-326844a elementor-widget__width-initial elementor-widget elementor-widget-text-editor\" data-id=\"326844a\" data-element_type=\"widget\" data-widget_type=\"text-editor.default\">\n\t\t\t\t<div class=\"elementor-widget-container\">\n\t\t\t\t\t\t\t<p>Patrocinado por <b>VLC-Photonics<\/b><\/p>\t\t\t\t\t\t<\/div>\n\t\t\t\t<\/div>\n\t\t\t\t\t<\/div>\n\t\t\t\t<\/div>\n\t\t\t\t\t<\/div>\n\t\t<\/div>\n\t\t\t\t\t<\/div>\n\t\t<\/section>\n\t\t\t\t<section class=\"elementor-section elementor-top-section elementor-element elementor-element-074634c elementor-section-stretched elementor-section-full_width elementor-section-height-default elementor-section-height-default elementor-section-column-vertical-align-stretch elementor-invisible\" data-id=\"074634c\" data-element_type=\"section\" data-settings=\"{&quot;stretch_section&quot;:&quot;section-stretched&quot;,&quot;background_background&quot;:&quot;classic&quot;,&quot;animation&quot;:&quot;fadeIn&quot;}\">\n\t\t\t\t\t\t<div class=\"elementor-container elementor-column-gap-no\">\n\t\t\t\t\t<div class=\"elementor-column elementor-col-100 elementor-top-column elementor-element elementor-element-c32ba52\" data-id=\"c32ba52\" data-element_type=\"column\" data-settings=\"{&quot;background_background&quot;:&quot;classic&quot;}\">\n\t\t\t<div class=\"elementor-widget-wrap elementor-element-populated\">\n\t\t\t\t\t<div class=\"elementor-background-overlay\"><\/div>\n\t\t\t\t<div class=\"elementor-element elementor-element-97c4c2a e-flex e-con-boxed e-con e-parent\" data-id=\"97c4c2a\" data-element_type=\"container\">\n\t\t\t\t\t<div class=\"e-con-inner\">\n\t\t<div class=\"elementor-element elementor-element-cb20633 e-con-full e-flex e-con e-child\" data-id=\"cb20633\" data-element_type=\"container\">\n\t\t\t\t<div class=\"elementor-element elementor-element-5b1c6a0 elementor-widget__width-initial elementor-widget elementor-widget-text-editor\" data-id=\"5b1c6a0\" data-element_type=\"widget\" data-widget_type=\"text-editor.default\">\n\t\t\t\t<div class=\"elementor-widget-container\">\n\t\t\t\t\t\t\t<p>Para conceder estos premios, el Comit\u00e9 Cient\u00edfico de OPTOEL 2025 valorar\u00e1 todas las contribuciones cuyo autor principal sea un estudiante. Los premios consistir\u00e1n en una aportaci\u00f3n econ\u00f3mica bruta de <strong>750 \u20ac<\/strong> y un<br \/>diploma acreditativo. Los requisitos para poder participar en los anteriores premios son los siguientes:<\/p>\t\t\t\t\t\t<\/div>\n\t\t\t\t<\/div>\n\t\t\t\t<\/div>\n\t\t<div class=\"elementor-element elementor-element-24f7096 e-con-full e-flex e-con e-child\" data-id=\"24f7096\" data-element_type=\"container\">\n\t\t\t\t<div class=\"elementor-element elementor-element-831e1b4 elementor-icon-list--layout-traditional elementor-list-item-link-full_width elementor-widget elementor-widget-icon-list\" data-id=\"831e1b4\" data-element_type=\"widget\" data-widget_type=\"icon-list.default\">\n\t\t\t\t<div class=\"elementor-widget-container\">\n\t\t\t<link rel=\"stylesheet\" href=\"https:\/\/optoel.es\/2025\/wp-content\/plugins\/elementor\/assets\/css\/widget-icon-list.min.css\">\t\t<ul class=\"elementor-icon-list-items\">\n\t\t\t\t\t\t\t<li class=\"elementor-icon-list-item\">\n\t\t\t\t\t\t\t\t\t\t\t<span class=\"elementor-icon-list-icon\">\n\t\t\t\t\t\t\t<svg aria-hidden=\"true\" class=\"e-font-icon-svg e-fas-check\" viewBox=\"0 0 512 512\" xmlns=\"http:\/\/www.w3.org\/2000\/svg\"><path d=\"M173.898 439.404l-166.4-166.4c-9.997-9.997-9.997-26.206 0-36.204l36.203-36.204c9.997-9.998 26.207-9.998 36.204 0L192 312.69 432.095 72.596c9.997-9.997 26.207-9.997 36.204 0l36.203 36.204c9.997 9.997 9.997 26.206 0 36.204l-294.4 294.401c-9.998 9.997-26.207 9.997-36.204-.001z\"><\/path><\/svg>\t\t\t\t\t\t<\/span>\n\t\t\t\t\t\t\t\t\t\t<span class=\"elementor-icon-list-text\">Estar <b>inscrito en el OPTOEL 2025<\/b>, ser <b>estudiante<\/b> de grado, m\u00e1ster o doctorado o haber le\u00eddo la tesis durante el curso 2024-2025 y haber aportado un documento que acredite dicha condici\u00f3n. <\/span>\n\t\t\t\t\t\t\t\t\t<\/li>\n\t\t\t\t\t\t\t\t<li class=\"elementor-icon-list-item\">\n\t\t\t\t\t\t\t\t\t\t\t<span class=\"elementor-icon-list-icon\">\n\t\t\t\t\t\t\t<svg aria-hidden=\"true\" class=\"e-font-icon-svg e-fas-check\" viewBox=\"0 0 512 512\" xmlns=\"http:\/\/www.w3.org\/2000\/svg\"><path d=\"M173.898 439.404l-166.4-166.4c-9.997-9.997-9.997-26.206 0-36.204l36.203-36.204c9.997-9.998 26.207-9.998 36.204 0L192 312.69 432.095 72.596c9.997-9.997 26.207-9.997 36.204 0l36.203 36.204c9.997 9.997 9.997 26.206 0 36.204l-294.4 294.401c-9.998 9.997-26.207 9.997-36.204-.001z\"><\/path><\/svg>\t\t\t\t\t\t<\/span>\n\t\t\t\t\t\t\t\t\t\t<span class=\"elementor-icon-list-text\">Ser <b>autor principal <\/b>de la comunicaci\u00f3n aceptada a OPTOEL 2025.<\/span>\n\t\t\t\t\t\t\t\t\t<\/li>\n\t\t\t\t\t\t<\/ul>\n\t\t\t\t<\/div>\n\t\t\t\t<\/div>\n\t\t\t\t<\/div>\n\t\t\t\t\t<\/div>\n\t\t\t\t<\/div>\n\t\t\t\t\t<\/div>\n\t\t<\/div>\n\t\t\t\t\t<\/div>\n\t\t<\/section>\n\t\t<div class=\"elementor-element elementor-element-21749d4 e-flex e-con-boxed elementor-invisible e-con e-parent\" data-id=\"21749d4\" data-element_type=\"container\" data-settings=\"{&quot;animation&quot;:&quot;billyFadeInUp&quot;}\">\n\t\t\t\t\t<div class=\"e-con-inner\">\n\t\t<div class=\"elementor-element elementor-element-8ba9bd4 e-con-full e-flex e-con e-child\" data-id=\"8ba9bd4\" data-element_type=\"container\">\n\t\t<div class=\"elementor-element elementor-element-d49d635 e-con-full e-flex e-con e-child\" data-id=\"d49d635\" data-element_type=\"container\">\n\t\t\t\t<div class=\"elementor-element elementor-element-eb9ea25 elementor-widget elementor-widget-image\" data-id=\"eb9ea25\" data-element_type=\"widget\" data-widget_type=\"image.default\">\n\t\t\t\t<div class=\"elementor-widget-container\">\n\t\t\t\t\t\t\t\t\t\t\t\t\t\t<a href=\"https:\/\/www.linkedin.com\/in\/aude-martin-640ba269\/\" target=\"_blank\">\n\t\t\t\t\t\t\t<img loading=\"lazy\" decoding=\"async\" width=\"294\" height=\"359\" src=\"https:\/\/optoel.es\/2025\/wp-content\/uploads\/2025\/05\/CARLOS-GOMEZ-REINO.jpg\" class=\"attachment-large size-large wp-image-8432\" alt=\"\" srcset=\"https:\/\/optoel.es\/2025\/wp-content\/uploads\/2025\/05\/CARLOS-GOMEZ-REINO.jpg 294w, https:\/\/optoel.es\/2025\/wp-content\/uploads\/2025\/05\/CARLOS-GOMEZ-REINO-246x300.jpg 246w\" sizes=\"(max-width: 294px) 100vw, 294px\" \/>\t\t\t\t\t\t\t\t<\/a>\n\t\t\t\t\t\t\t\t\t\t\t\t\t<\/div>\n\t\t\t\t<\/div>\n\t\t\t\t<div class=\"elementor-element elementor-element-a8e4665 elementor-widget elementor-widget-heading\" data-id=\"a8e4665\" data-element_type=\"widget\" data-widget_type=\"heading.default\">\n\t\t\t\t<div class=\"elementor-widget-container\">\n\t\t\t<h3 class=\"elementor-heading-title elementor-size-default\">Carlos G\u00f3mez-Reino<\/h3>\t\t<\/div>\n\t\t\t\t<\/div>\n\t\t\t\t<\/div>\n\t\t<div class=\"elementor-element elementor-element-c5c0e93 e-con-full e-flex e-con e-child\" data-id=\"c5c0e93\" data-element_type=\"container\">\n\t\t<div class=\"elementor-element elementor-element-4c4999a e-con-full e-flex e-con e-child\" data-id=\"4c4999a\" data-element_type=\"container\">\n\t\t\t\t<div class=\"elementor-element elementor-element-51be7c1 elementor-widget elementor-widget-heading\" data-id=\"51be7c1\" data-element_type=\"widget\" data-widget_type=\"heading.default\">\n\t\t\t\t<div class=\"elementor-widget-container\">\n\t\t\t<h4 class=\"elementor-heading-title elementor-size-default\">Premio Carlos G\u00f3mez - Reino<\/h4>\t\t<\/div>\n\t\t\t\t<\/div>\n\t\t\t\t<div class=\"elementor-element elementor-element-5072189 elementor-widget__width-initial elementor-widget elementor-widget-text-editor\" data-id=\"5072189\" data-element_type=\"widget\" data-widget_type=\"text-editor.default\">\n\t\t\t\t<div class=\"elementor-widget-container\">\n\t\t\t\t\t\t\t<p><em>Categor\u00eda: Tecnolog\u00eda L\u00e1ser<\/em><\/p>\t\t\t\t\t\t<\/div>\n\t\t\t\t<\/div>\n\t\t\t\t<\/div>\n\t\t<div class=\"elementor-element elementor-element-c8f91a1 e-con-full e-flex e-con e-child\" data-id=\"c8f91a1\" data-element_type=\"container\">\n\t\t\t\t<div class=\"elementor-element elementor-element-bc2ad79 elementor-widget__width-initial elementor-widget elementor-widget-image\" data-id=\"bc2ad79\" data-element_type=\"widget\" data-widget_type=\"image.default\">\n\t\t\t\t<div class=\"elementor-widget-container\">\n\t\t\t\t\t\t\t\t\t\t\t\t\t\t<a href=\"https:\/\/radiantis.com\/\">\n\t\t\t\t\t\t\t<img fetchpriority=\"high\" decoding=\"async\" width=\"640\" height=\"151\" src=\"https:\/\/optoel.es\/2025\/wp-content\/uploads\/2025\/05\/Radiantis-new-logo-letters-black-PRINCIPAL-tamano-grande-sin-fondo-1024x241.png\" class=\"attachment-large size-large wp-image-8382\" alt=\"\" srcset=\"https:\/\/optoel.es\/2025\/wp-content\/uploads\/2025\/05\/Radiantis-new-logo-letters-black-PRINCIPAL-tamano-grande-sin-fondo-1024x241.png 1024w, https:\/\/optoel.es\/2025\/wp-content\/uploads\/2025\/05\/Radiantis-new-logo-letters-black-PRINCIPAL-tamano-grande-sin-fondo-300x71.png 300w, https:\/\/optoel.es\/2025\/wp-content\/uploads\/2025\/05\/Radiantis-new-logo-letters-black-PRINCIPAL-tamano-grande-sin-fondo-768x181.png 768w, https:\/\/optoel.es\/2025\/wp-content\/uploads\/2025\/05\/Radiantis-new-logo-letters-black-PRINCIPAL-tamano-grande-sin-fondo-1536x362.png 1536w, https:\/\/optoel.es\/2025\/wp-content\/uploads\/2025\/05\/Radiantis-new-logo-letters-black-PRINCIPAL-tamano-grande-sin-fondo-2048x483.png 2048w\" sizes=\"(max-width: 640px) 100vw, 640px\" \/>\t\t\t\t\t\t\t\t<\/a>\n\t\t\t\t\t\t\t\t\t\t\t\t\t<\/div>\n\t\t\t\t<\/div>\n\t\t\t\t<div class=\"elementor-element elementor-element-a0d943a elementor-widget__width-initial elementor-widget elementor-widget-text-editor\" data-id=\"a0d943a\" data-element_type=\"widget\" data-widget_type=\"text-editor.default\">\n\t\t\t\t<div class=\"elementor-widget-container\">\n\t\t\t\t\t\t\t<p>Patrocinado por <b>Radiantis<\/b><\/p>\t\t\t\t\t\t<\/div>\n\t\t\t\t<\/div>\n\t\t\t\t<\/div>\n\t\t\t\t<div class=\"elementor-element elementor-element-60ca993 elementor-widget__width-initial elementor-widget elementor-widget-text-editor\" data-id=\"60ca993\" data-element_type=\"widget\" data-widget_type=\"text-editor.default\">\n\t\t\t\t<div class=\"elementor-widget-container\">\n\t\t\t\t\t\t\t<p>Carlos G\u00f3mez-Reino fue Catedr\u00e1tico de \u00d3ptica en la Universidad de Santiago de Compostela (USC), donde cre\u00f3 el primer laboratorio de \u00f3ptica para estudiantes y cofund\u00f3, junto a Mar\u00eda Victoria P\u00e9rez Mart\u00edn, el grupo de investigaci\u00f3n GRIN Optics (Gradient-Index Optics). Inici\u00f3 su carrera docente en la Universidad Complutense de Madrid, donde tambi\u00e9n obtuvo el Doctorado en F\u00edsica con premio extraordinario. Fue pionero en \u00f3ptica GRIN, holograf\u00eda e interferometr\u00eda, y autor del libro <i>Gradient Index Optics: Fundamentals and Applications<\/i> (Springer, 2002). Con m\u00e1s de 150 publicaciones y seis sexenios de investigaci\u00f3n, recibi\u00f3 el Premio de Investigaci\u00f3n de la Xunta de Galicia (1992) y fue nombrado OSA Fellow en 1998. Miembro activo de la Real Sociedad Espa\u00f1ola de F\u00edsica (RSEF) y de la Sociedad Espa\u00f1ola de \u00d3ptica (SEDOPTICA), ejerc\u00eda como vicepresidente del Comit\u00e9 de Optoelectr\u00f3nica en el momento de su fallecimiento.<\/p>\t\t\t\t\t\t<\/div>\n\t\t\t\t<\/div>\n\t\t\t\t<\/div>\n\t\t\t\t<\/div>\n\t\t\t\t\t<\/div>\n\t\t\t\t<\/div>\n\t\t\t\t<section class=\"elementor-section elementor-top-section elementor-element elementor-element-8590a91 elementor-section-boxed elementor-section-gap-beside-yes elementor-section-height-default elementor-section-height-default elementor-section-column-vertical-align-stretch elementor-invisible\" data-id=\"8590a91\" data-element_type=\"section\" data-settings=\"{&quot;animation&quot;:&quot;billyFadeInUp&quot;}\">\n\t\t\t\t\t\t<div class=\"elementor-container elementor-column-gap-extended\">\n\t\t\t\t\t<div class=\"elementor-column elementor-col-100 elementor-top-column elementor-element elementor-element-af815de\" data-id=\"af815de\" data-element_type=\"column\">\n\t\t\t<div class=\"elementor-widget-wrap elementor-element-populated\">\n\t\t\t\t\t\t<div class=\"elementor-element elementor-element-2738041 elementor-widget-divider--view-line elementor-widget elementor-widget-divider\" data-id=\"2738041\" data-element_type=\"widget\" data-widget_type=\"divider.default\">\n\t\t\t\t<div class=\"elementor-widget-container\">\n\t\t\t<style>\/*! elementor - v3.22.0 - 26-06-2024 *\/\n.elementor-widget-divider{--divider-border-style:none;--divider-border-width:1px;--divider-color:#0c0d0e;--divider-icon-size:20px;--divider-element-spacing:10px;--divider-pattern-height:24px;--divider-pattern-size:20px;--divider-pattern-url:none;--divider-pattern-repeat:repeat-x}.elementor-widget-divider .elementor-divider{display:flex}.elementor-widget-divider .elementor-divider__text{font-size:15px;line-height:1;max-width:95%}.elementor-widget-divider .elementor-divider__element{margin:0 var(--divider-element-spacing);flex-shrink:0}.elementor-widget-divider .elementor-icon{font-size:var(--divider-icon-size)}.elementor-widget-divider .elementor-divider-separator{display:flex;margin:0;direction:ltr}.elementor-widget-divider--view-line_icon .elementor-divider-separator,.elementor-widget-divider--view-line_text .elementor-divider-separator{align-items:center}.elementor-widget-divider--view-line_icon .elementor-divider-separator:after,.elementor-widget-divider--view-line_icon .elementor-divider-separator:before,.elementor-widget-divider--view-line_text .elementor-divider-separator:after,.elementor-widget-divider--view-line_text .elementor-divider-separator:before{display:block;content:\"\";border-block-end:0;flex-grow:1;border-block-start:var(--divider-border-width) var(--divider-border-style) var(--divider-color)}.elementor-widget-divider--element-align-left .elementor-divider .elementor-divider-separator>.elementor-divider__svg:first-of-type{flex-grow:0;flex-shrink:100}.elementor-widget-divider--element-align-left .elementor-divider-separator:before{content:none}.elementor-widget-divider--element-align-left .elementor-divider__element{margin-left:0}.elementor-widget-divider--element-align-right .elementor-divider .elementor-divider-separator>.elementor-divider__svg:last-of-type{flex-grow:0;flex-shrink:100}.elementor-widget-divider--element-align-right .elementor-divider-separator:after{content:none}.elementor-widget-divider--element-align-right .elementor-divider__element{margin-right:0}.elementor-widget-divider--element-align-start .elementor-divider .elementor-divider-separator>.elementor-divider__svg:first-of-type{flex-grow:0;flex-shrink:100}.elementor-widget-divider--element-align-start .elementor-divider-separator:before{content:none}.elementor-widget-divider--element-align-start .elementor-divider__element{margin-inline-start:0}.elementor-widget-divider--element-align-end .elementor-divider .elementor-divider-separator>.elementor-divider__svg:last-of-type{flex-grow:0;flex-shrink:100}.elementor-widget-divider--element-align-end .elementor-divider-separator:after{content:none}.elementor-widget-divider--element-align-end .elementor-divider__element{margin-inline-end:0}.elementor-widget-divider:not(.elementor-widget-divider--view-line_text):not(.elementor-widget-divider--view-line_icon) .elementor-divider-separator{border-block-start:var(--divider-border-width) var(--divider-border-style) var(--divider-color)}.elementor-widget-divider--separator-type-pattern{--divider-border-style:none}.elementor-widget-divider--separator-type-pattern.elementor-widget-divider--view-line .elementor-divider-separator,.elementor-widget-divider--separator-type-pattern:not(.elementor-widget-divider--view-line) .elementor-divider-separator:after,.elementor-widget-divider--separator-type-pattern:not(.elementor-widget-divider--view-line) .elementor-divider-separator:before,.elementor-widget-divider--separator-type-pattern:not([class*=elementor-widget-divider--view]) .elementor-divider-separator{width:100%;min-height:var(--divider-pattern-height);-webkit-mask-size:var(--divider-pattern-size) 100%;mask-size:var(--divider-pattern-size) 100%;-webkit-mask-repeat:var(--divider-pattern-repeat);mask-repeat:var(--divider-pattern-repeat);background-color:var(--divider-color);-webkit-mask-image:var(--divider-pattern-url);mask-image:var(--divider-pattern-url)}.elementor-widget-divider--no-spacing{--divider-pattern-size:auto}.elementor-widget-divider--bg-round{--divider-pattern-repeat:round}.rtl .elementor-widget-divider .elementor-divider__text{direction:rtl}.e-con-inner>.elementor-widget-divider,.e-con>.elementor-widget-divider{width:var(--container-widget-width,100%);--flex-grow:var(--container-widget-flex-grow)}<\/style>\t\t<div class=\"elementor-divider\">\n\t\t\t<span class=\"elementor-divider-separator\">\n\t\t\t\t\t\t<\/span>\n\t\t<\/div>\n\t\t\t\t<\/div>\n\t\t\t\t<\/div>\n\t\t\t\t\t<\/div>\n\t\t<\/div>\n\t\t\t\t\t<\/div>\n\t\t<\/section>\n\t\t<div class=\"elementor-element elementor-element-08aee89 e-flex e-con-boxed elementor-invisible e-con e-parent\" data-id=\"08aee89\" data-element_type=\"container\" data-settings=\"{&quot;animation&quot;:&quot;billyFadeInUp&quot;}\">\n\t\t\t\t\t<div class=\"e-con-inner\">\n\t\t<div class=\"elementor-element elementor-element-af6ed2a e-con-full e-flex e-con e-child\" data-id=\"af6ed2a\" data-element_type=\"container\">\n\t\t<div class=\"elementor-element elementor-element-b85b803 e-con-full e-flex e-con e-child\" data-id=\"b85b803\" data-element_type=\"container\">\n\t\t\t\t<div class=\"elementor-element elementor-element-bc00515 elementor-widget elementor-widget-image\" data-id=\"bc00515\" data-element_type=\"widget\" data-widget_type=\"image.default\">\n\t\t\t\t<div class=\"elementor-widget-container\">\n\t\t\t\t\t\t\t\t\t\t\t\t\t\t<a href=\"https:\/\/www.linkedin.com\/in\/malgorzata-szczerska-9905a5228\/\" target=\"_blank\">\n\t\t\t\t\t\t\t<img loading=\"lazy\" decoding=\"async\" width=\"294\" height=\"359\" src=\"https:\/\/optoel.es\/2025\/wp-content\/uploads\/2025\/05\/MARIA-VICTORIA-PEREZ-MARTIN-.jpg\" class=\"attachment-large size-large wp-image-8453\" alt=\"\" srcset=\"https:\/\/optoel.es\/2025\/wp-content\/uploads\/2025\/05\/MARIA-VICTORIA-PEREZ-MARTIN-.jpg 294w, https:\/\/optoel.es\/2025\/wp-content\/uploads\/2025\/05\/MARIA-VICTORIA-PEREZ-MARTIN--246x300.jpg 246w\" sizes=\"(max-width: 294px) 100vw, 294px\" \/>\t\t\t\t\t\t\t\t<\/a>\n\t\t\t\t\t\t\t\t\t\t\t\t\t<\/div>\n\t\t\t\t<\/div>\n\t\t\t\t<div class=\"elementor-element elementor-element-abb4163 elementor-widget elementor-widget-heading\" data-id=\"abb4163\" data-element_type=\"widget\" data-widget_type=\"heading.default\">\n\t\t\t\t<div class=\"elementor-widget-container\">\n\t\t\t<h3 class=\"elementor-heading-title elementor-size-default\">Mar\u00eda Victoria (Mariv\u00ed) P\u00e9rez Mart\u00edn<\/h3>\t\t<\/div>\n\t\t\t\t<\/div>\n\t\t\t\t<\/div>\n\t\t<div class=\"elementor-element elementor-element-be9f20f e-con-full e-flex e-con e-child\" data-id=\"be9f20f\" data-element_type=\"container\">\n\t\t<div class=\"elementor-element elementor-element-59ea2a2 e-con-full e-flex e-con e-child\" data-id=\"59ea2a2\" data-element_type=\"container\">\n\t\t\t\t<div class=\"elementor-element elementor-element-475732d elementor-widget elementor-widget-heading\" data-id=\"475732d\" data-element_type=\"widget\" data-widget_type=\"heading.default\">\n\t\t\t\t<div class=\"elementor-widget-container\">\n\t\t\t<h4 class=\"elementor-heading-title elementor-size-default\">PREMIO MAR\u00cdA VICTORIA (MARIV\u00cd) P\u00c9REZ MART\u00cdN<\/h4>\t\t<\/div>\n\t\t\t\t<\/div>\n\t\t\t\t<div class=\"elementor-element elementor-element-e5dccdf elementor-widget__width-initial elementor-widget elementor-widget-text-editor\" data-id=\"e5dccdf\" data-element_type=\"widget\" data-widget_type=\"text-editor.default\">\n\t\t\t\t<div class=\"elementor-widget-container\">\n\t\t\t\t\t\t\t<em>Categor\u00eda: Abierta a todas las tem\u00e1ticas<\/em>\t\t\t\t\t\t<\/div>\n\t\t\t\t<\/div>\n\t\t\t\t<\/div>\n\t\t<div class=\"elementor-element elementor-element-1355b50 e-con-full e-flex e-con e-child\" data-id=\"1355b50\" data-element_type=\"container\">\n\t\t\t\t<div class=\"elementor-element elementor-element-b4e657a elementor-widget__width-initial elementor-widget elementor-widget-image\" data-id=\"b4e657a\" data-element_type=\"widget\" data-widget_type=\"image.default\">\n\t\t\t\t<div class=\"elementor-widget-container\">\n\t\t\t\t\t\t\t\t\t\t\t\t\t\t<a href=\"https:\/\/www.optica.org\/\">\n\t\t\t\t\t\t\t<img decoding=\"async\" width=\"640\" height=\"248\" src=\"https:\/\/optoel.es\/2025\/wp-content\/uploads\/2025\/05\/logo_optica_knockout_rgb_300dpi.png\" class=\"attachment-large size-large wp-image-8388\" alt=\"\" srcset=\"https:\/\/optoel.es\/2025\/wp-content\/uploads\/2025\/05\/logo_optica_knockout_rgb_300dpi.png 1024w, https:\/\/optoel.es\/2025\/wp-content\/uploads\/2025\/05\/logo_optica_knockout_rgb_300dpi-300x116.png 300w, https:\/\/optoel.es\/2025\/wp-content\/uploads\/2025\/05\/logo_optica_knockout_rgb_300dpi-768x297.png 768w\" sizes=\"(max-width: 640px) 100vw, 640px\" \/>\t\t\t\t\t\t\t\t<\/a>\n\t\t\t\t\t\t\t\t\t\t\t\t\t<\/div>\n\t\t\t\t<\/div>\n\t\t\t\t<div class=\"elementor-element elementor-element-23d68f0 elementor-widget__width-initial elementor-widget elementor-widget-text-editor\" data-id=\"23d68f0\" data-element_type=\"widget\" data-widget_type=\"text-editor.default\">\n\t\t\t\t<div class=\"elementor-widget-container\">\n\t\t\t\t\t\t\t<p>Patrocinado por <b>OPTICA<\/b><\/p>\t\t\t\t\t\t<\/div>\n\t\t\t\t<\/div>\n\t\t\t\t<\/div>\n\t\t\t\t<div class=\"elementor-element elementor-element-a0728b7 elementor-widget__width-initial elementor-widget elementor-widget-text-editor\" data-id=\"a0728b7\" data-element_type=\"widget\" data-widget_type=\"text-editor.default\">\n\t\t\t\t<div class=\"elementor-widget-container\">\n\t\t\t\t\t\t\t<p>Mar\u00eda Victoria P\u00e9rez Mart\u00edn fue profesora titular en la Universidad de Santiago de Compostela (USC) y una destacada f\u00edsica experimental, pionera en \u00f3ptica f\u00edsica, interferometr\u00eda y metrolog\u00eda \u00f3ptica desde sus inicios en la Universidad Complutense de Madrid (UCM). En 1979 se traslad\u00f3 a Santiago, donde cofund\u00f3 con Carlos G\u00f3mez-Reino el grupo GRIN Optics y lider\u00f3 la creaci\u00f3n del primer laboratorio de \u00f3ptica para estudiantes. Sus principales l\u00edneas de investigaci\u00f3n incluyen la \u00f3ptica GRIN, \u00f3ptica fisiol\u00f3gica y \u00f3ptica espacial y temporal. Con seis sexenios de investigaci\u00f3n, fue autora de m\u00e1s de 90 publicaciones, varios cap\u00edtulos de libro y del volumen <i>Gradient-Index Optics: Fundamentals and Applications<\/i> (Springer, 2002).<\/p>\t\t\t\t\t\t<\/div>\n\t\t\t\t<\/div>\n\t\t\t\t<\/div>\n\t\t\t\t<\/div>\n\t\t\t\t\t<\/div>\n\t\t\t\t<\/div>\n\t\t\t\t<section class=\"elementor-section elementor-top-section elementor-element elementor-element-a345e94 elementor-section-boxed elementor-section-gap-beside-yes elementor-section-height-default elementor-section-height-default elementor-section-column-vertical-align-stretch elementor-invisible\" data-id=\"a345e94\" data-element_type=\"section\" data-settings=\"{&quot;animation&quot;:&quot;billyFadeInUp&quot;}\">\n\t\t\t\t\t\t<div class=\"elementor-container elementor-column-gap-extended\">\n\t\t\t\t\t<div class=\"elementor-column elementor-col-100 elementor-top-column elementor-element elementor-element-fa1838f\" data-id=\"fa1838f\" data-element_type=\"column\">\n\t\t\t<div class=\"elementor-widget-wrap elementor-element-populated\">\n\t\t\t\t\t\t<div class=\"elementor-element elementor-element-0c8655e elementor-widget-divider--view-line elementor-widget elementor-widget-divider\" data-id=\"0c8655e\" data-element_type=\"widget\" data-widget_type=\"divider.default\">\n\t\t\t\t<div class=\"elementor-widget-container\">\n\t\t\t\t\t<div class=\"elementor-divider\">\n\t\t\t<span class=\"elementor-divider-separator\">\n\t\t\t\t\t\t<\/span>\n\t\t<\/div>\n\t\t\t\t<\/div>\n\t\t\t\t<\/div>\n\t\t\t\t\t<\/div>\n\t\t<\/div>\n\t\t\t\t\t<\/div>\n\t\t<\/section>\n\t\t<div class=\"elementor-element elementor-element-da10511 e-flex e-con-boxed elementor-invisible e-con e-parent\" data-id=\"da10511\" data-element_type=\"container\" data-settings=\"{&quot;animation&quot;:&quot;billyFadeInUp&quot;}\">\n\t\t\t\t\t<div class=\"e-con-inner\">\n\t\t<div class=\"elementor-element elementor-element-45d097e e-con-full e-flex e-con e-child\" data-id=\"45d097e\" data-element_type=\"container\">\n\t\t<div class=\"elementor-element elementor-element-4e94cfa e-con-full e-flex e-con e-child\" data-id=\"4e94cfa\" data-element_type=\"container\">\n\t\t\t\t<div class=\"elementor-element elementor-element-eea32bc elementor-widget elementor-widget-image\" data-id=\"eea32bc\" data-element_type=\"widget\" data-widget_type=\"image.default\">\n\t\t\t\t<div class=\"elementor-widget-container\">\n\t\t\t\t\t\t\t\t\t\t\t\t\t\t<a href=\"https:\/\/www.linkedin.com\/in\/christophe-caucheteur-273438a4\/?originalSubdomain=be\" target=\"_blank\">\n\t\t\t\t\t\t\t<img loading=\"lazy\" decoding=\"async\" width=\"294\" height=\"359\" src=\"https:\/\/optoel.es\/2025\/wp-content\/uploads\/2025\/05\/MARIA-JOSEFA-YZUEL-.jpg\" class=\"attachment-large size-large wp-image-8454\" alt=\"\" srcset=\"https:\/\/optoel.es\/2025\/wp-content\/uploads\/2025\/05\/MARIA-JOSEFA-YZUEL-.jpg 294w, https:\/\/optoel.es\/2025\/wp-content\/uploads\/2025\/05\/MARIA-JOSEFA-YZUEL--246x300.jpg 246w\" sizes=\"(max-width: 294px) 100vw, 294px\" \/>\t\t\t\t\t\t\t\t<\/a>\n\t\t\t\t\t\t\t\t\t\t\t\t\t<\/div>\n\t\t\t\t<\/div>\n\t\t\t\t<div class=\"elementor-element elementor-element-5b4259c elementor-widget elementor-widget-heading\" data-id=\"5b4259c\" data-element_type=\"widget\" data-widget_type=\"heading.default\">\n\t\t\t\t<div class=\"elementor-widget-container\">\n\t\t\t<h3 class=\"elementor-heading-title elementor-size-default\">Mar\u00eda Josefa (Marif\u00ed) Yzuel<\/h3>\t\t<\/div>\n\t\t\t\t<\/div>\n\t\t\t\t<\/div>\n\t\t<div class=\"elementor-element elementor-element-b7dbb5d e-con-full e-flex e-con e-child\" data-id=\"b7dbb5d\" data-element_type=\"container\">\n\t\t<div class=\"elementor-element elementor-element-20610b9 e-con-full e-flex e-con e-child\" data-id=\"20610b9\" data-element_type=\"container\">\n\t\t\t\t<div class=\"elementor-element elementor-element-665daf9 elementor-widget elementor-widget-heading\" data-id=\"665daf9\" data-element_type=\"widget\" data-widget_type=\"heading.default\">\n\t\t\t\t<div class=\"elementor-widget-container\">\n\t\t\t<h4 class=\"elementor-heading-title elementor-size-default\">PREMIO MAR\u00cdA JOSEFA (MARIF\u00cd) YZUEL<\/h4>\t\t<\/div>\n\t\t\t\t<\/div>\n\t\t\t\t<\/div>\n\t\t\t\t<div class=\"elementor-element elementor-element-17a350a elementor-widget__width-initial elementor-widget elementor-widget-text-editor\" data-id=\"17a350a\" data-element_type=\"widget\" data-widget_type=\"text-editor.default\">\n\t\t\t\t<div class=\"elementor-widget-container\">\n\t\t\t\t\t\t\t<em>Categor\u00eda: Abierta a todas las tem\u00e1ticas<\/em>\t\t\t\t\t\t<\/div>\n\t\t\t\t<\/div>\n\t\t<div class=\"elementor-element elementor-element-3d4ea1b e-con-full e-flex e-con e-child\" data-id=\"3d4ea1b\" data-element_type=\"container\">\n\t\t\t\t<div class=\"elementor-element elementor-element-32315c6 elementor-widget__width-initial elementor-widget elementor-widget-image\" data-id=\"32315c6\" data-element_type=\"widget\" data-widget_type=\"image.default\">\n\t\t\t\t<div class=\"elementor-widget-container\">\n\t\t\t\t\t\t\t\t\t\t\t\t\t<img decoding=\"async\" width=\"220\" height=\"95\" src=\"https:\/\/optoel.es\/2025\/wp-content\/uploads\/2025\/05\/spie-sedoptica.jpg\" class=\"attachment-large size-large wp-image-8433\" alt=\"\" \/>\t\t\t\t\t\t\t\t\t\t\t\t\t<\/div>\n\t\t\t\t<\/div>\n\t\t\t\t<div class=\"elementor-element elementor-element-a3edc15 elementor-widget__width-initial elementor-widget elementor-widget-text-editor\" data-id=\"a3edc15\" data-element_type=\"widget\" data-widget_type=\"text-editor.default\">\n\t\t\t\t<div class=\"elementor-widget-container\">\n\t\t\t\t\t\t\t<p>Patrocinado por <b>SPIE-SEDOPTICA<\/b><\/p>\t\t\t\t\t\t<\/div>\n\t\t\t\t<\/div>\n\t\t\t\t<\/div>\n\t\t\t\t<div class=\"elementor-element elementor-element-fc6a953 elementor-widget__width-initial elementor-widget elementor-widget-text-editor\" data-id=\"fc6a953\" data-element_type=\"widget\" data-widget_type=\"text-editor.default\">\n\t\t\t\t<div class=\"elementor-widget-container\">\n\t\t\t\t\t\t\tMar\u00eda Josefa Yzuel es Catedr\u00e1tica Em\u00e9rita y Profesora Honoraria de la Universitat Aut\u00f2noma de Barcelona (UAB), con una destacada trayectoria en imagen difractiva y moduladores espaciales de luz. Ha impartido docencia en \u00f3ptica en las universidades de Zaragoza, Granada y la UAB. Fue presidenta de la Sociedad Espa\u00f1ola de \u00d3ptica (SEDOPTICA) entre 1993 y 1996, y de la International Society for Optics and Photonics (SPIE) en 2009. Ha recibido distinciones como el Doctorado Honoris Causa por las universidades de Elche y Granada, la Medalla de F\u00edsica de la RSEF y la Encomienda de Alfonso X el Sabio.\n\t\t\t\t\t\t<\/div>\n\t\t\t\t<\/div>\n\t\t\t\t<\/div>\n\t\t\t\t<\/div>\n\t\t\t\t\t<\/div>\n\t\t\t\t<\/div>\n\t\t\t\t<section class=\"elementor-section elementor-top-section elementor-element elementor-element-22a09ff elementor-section-boxed elementor-section-gap-beside-yes elementor-section-height-default elementor-section-height-default elementor-section-column-vertical-align-stretch elementor-invisible\" data-id=\"22a09ff\" data-element_type=\"section\" data-settings=\"{&quot;animation&quot;:&quot;billyFadeInUp&quot;}\">\n\t\t\t\t\t\t<div class=\"elementor-container elementor-column-gap-extended\">\n\t\t\t\t\t<div class=\"elementor-column elementor-col-100 elementor-top-column elementor-element elementor-element-43bb835\" data-id=\"43bb835\" data-element_type=\"column\">\n\t\t\t<div class=\"elementor-widget-wrap elementor-element-populated\">\n\t\t\t\t\t\t<div class=\"elementor-element elementor-element-3fa736b elementor-widget-divider--view-line elementor-widget elementor-widget-divider\" data-id=\"3fa736b\" data-element_type=\"widget\" data-widget_type=\"divider.default\">\n\t\t\t\t<div class=\"elementor-widget-container\">\n\t\t\t\t\t<div class=\"elementor-divider\">\n\t\t\t<span class=\"elementor-divider-separator\">\n\t\t\t\t\t\t<\/span>\n\t\t<\/div>\n\t\t\t\t<\/div>\n\t\t\t\t<\/div>\n\t\t\t\t\t<\/div>\n\t\t<\/div>\n\t\t\t\t\t<\/div>\n\t\t<\/section>\n\t\t<div class=\"elementor-element elementor-element-8d0a1c3 e-flex e-con-boxed elementor-invisible e-con e-parent\" data-id=\"8d0a1c3\" data-element_type=\"container\" data-settings=\"{&quot;animation&quot;:&quot;billyFadeInUp&quot;}\">\n\t\t\t\t\t<div class=\"e-con-inner\">\n\t\t<div class=\"elementor-element elementor-element-f23e019 e-con-full e-flex e-con e-child\" data-id=\"f23e019\" data-element_type=\"container\">\n\t\t<div class=\"elementor-element elementor-element-0cbb92e e-con-full e-flex e-con e-child\" data-id=\"0cbb92e\" data-element_type=\"container\">\n\t\t\t\t<div class=\"elementor-element elementor-element-5c8cc87 elementor-widget elementor-widget-image\" data-id=\"5c8cc87\" data-element_type=\"widget\" data-widget_type=\"image.default\">\n\t\t\t\t<div class=\"elementor-widget-container\">\n\t\t\t\t\t\t\t\t\t\t\t\t\t\t<a href=\"https:\/\/www.linkedin.com\/in\/jessica-ramella-roman-3a03182\" target=\"_blank\">\n\t\t\t\t\t\t\t<img loading=\"lazy\" decoding=\"async\" width=\"456\" height=\"343\" src=\"https:\/\/optoel.es\/2025\/wp-content\/uploads\/2025\/05\/javier-pelayo-francisco-villuendas.jpg\" class=\"attachment-large size-large wp-image-8434\" alt=\"\" srcset=\"https:\/\/optoel.es\/2025\/wp-content\/uploads\/2025\/05\/javier-pelayo-francisco-villuendas.jpg 456w, https:\/\/optoel.es\/2025\/wp-content\/uploads\/2025\/05\/javier-pelayo-francisco-villuendas-300x226.jpg 300w\" sizes=\"(max-width: 456px) 100vw, 456px\" \/>\t\t\t\t\t\t\t\t<\/a>\n\t\t\t\t\t\t\t\t\t\t\t\t\t<\/div>\n\t\t\t\t<\/div>\n\t\t\t\t<div class=\"elementor-element elementor-element-21082cf elementor-widget elementor-widget-heading\" data-id=\"21082cf\" data-element_type=\"widget\" data-widget_type=\"heading.default\">\n\t\t\t\t<div class=\"elementor-widget-container\">\n\t\t\t<h3 class=\"elementor-heading-title elementor-size-default\">Javier Pelayo y Francisco Villuendas<\/h3>\t\t<\/div>\n\t\t\t\t<\/div>\n\t\t\t\t<\/div>\n\t\t<div class=\"elementor-element elementor-element-0bf54cf e-con-full e-flex e-con e-child\" data-id=\"0bf54cf\" data-element_type=\"container\">\n\t\t<div class=\"elementor-element elementor-element-f47d71d e-con-full e-flex e-con e-child\" data-id=\"f47d71d\" data-element_type=\"container\">\n\t\t\t\t<div class=\"elementor-element elementor-element-08e802d elementor-widget elementor-widget-heading\" data-id=\"08e802d\" data-element_type=\"widget\" data-widget_type=\"heading.default\">\n\t\t\t\t<div class=\"elementor-widget-container\">\n\t\t\t<h4 class=\"elementor-heading-title elementor-size-default\">PREMIO JAVIER PELAYO<\/h4>\t\t<\/div>\n\t\t\t\t<\/div>\n\t\t\t\t<div class=\"elementor-element elementor-element-08cf7be elementor-widget__width-initial elementor-widget elementor-widget-text-editor\" data-id=\"08cf7be\" data-element_type=\"widget\" data-widget_type=\"text-editor.default\">\n\t\t\t\t<div class=\"elementor-widget-container\">\n\t\t\t\t\t\t\t<em>Categor\u00eda: Fibra \u00d3ptica \u2013 Fundamentos y Teor\u00eda<\/em>\t\t\t\t\t\t<\/div>\n\t\t\t\t<\/div>\n\t\t\t\t<\/div>\n\t\t<div class=\"elementor-element elementor-element-d8bcd4a e-con-full e-flex e-con e-child\" data-id=\"d8bcd4a\" data-element_type=\"container\">\n\t\t\t\t<div class=\"elementor-element elementor-element-d5e5471 elementor-widget__width-initial elementor-widget elementor-widget-image\" data-id=\"d5e5471\" data-element_type=\"widget\" data-widget_type=\"image.default\">\n\t\t\t\t<div class=\"elementor-widget-container\">\n\t\t\t\t\t\t\t\t\t\t\t\t\t\t<a href=\"https:\/\/aragonphotonics.com\/es\/\">\n\t\t\t\t\t\t\t<img loading=\"lazy\" decoding=\"async\" width=\"640\" height=\"179\" src=\"https:\/\/optoel.es\/2025\/wp-content\/uploads\/2025\/05\/logo-aragonphotonics-1024x286.png\" class=\"attachment-large size-large wp-image-8385\" alt=\"\" srcset=\"https:\/\/optoel.es\/2025\/wp-content\/uploads\/2025\/05\/logo-aragonphotonics-1024x286.png 1024w, https:\/\/optoel.es\/2025\/wp-content\/uploads\/2025\/05\/logo-aragonphotonics-300x84.png 300w, https:\/\/optoel.es\/2025\/wp-content\/uploads\/2025\/05\/logo-aragonphotonics-768x215.png 768w, https:\/\/optoel.es\/2025\/wp-content\/uploads\/2025\/05\/logo-aragonphotonics-1536x429.png 1536w, https:\/\/optoel.es\/2025\/wp-content\/uploads\/2025\/05\/logo-aragonphotonics-2048x573.png 2048w\" sizes=\"(max-width: 640px) 100vw, 640px\" \/>\t\t\t\t\t\t\t\t<\/a>\n\t\t\t\t\t\t\t\t\t\t\t\t\t<\/div>\n\t\t\t\t<\/div>\n\t\t\t\t<div class=\"elementor-element elementor-element-fdeb21e elementor-widget__width-initial elementor-widget elementor-widget-text-editor\" data-id=\"fdeb21e\" data-element_type=\"widget\" data-widget_type=\"text-editor.default\">\n\t\t\t\t<div class=\"elementor-widget-container\">\n\t\t\t\t\t\t\t<p>Patrocinado por <b>Arag\u00f3n Photonics Labs<\/b><\/p>\t\t\t\t\t\t<\/div>\n\t\t\t\t<\/div>\n\t\t\t\t<\/div>\n\t\t\t\t<div class=\"elementor-element elementor-element-5b6a846 elementor-widget__width-initial elementor-widget elementor-widget-text-editor\" data-id=\"5b6a846\" data-element_type=\"widget\" data-widget_type=\"text-editor.default\">\n\t\t\t\t<div class=\"elementor-widget-container\">\n\t\t\t\t\t\t\tJavier Pelayo fue profesor e investigador en la Universidad de Zaragoza y figura clave en la creaci\u00f3n del Grupo de Tecnolog\u00edas Fot\u00f3nicas (GTF). Pionero en la caracterizaci\u00f3n de dispersi\u00f3n crom\u00e1tica (CD) y por polarizaci\u00f3n (PMD) en fibras \u00f3pticas, particip\u00f3 en campa\u00f1as europeas como COST 217 y 241. Su trayectoria abarc\u00f3 desde el modelado te\u00f3rico hasta el dise\u00f1o experimental de dispositivos, destacando el desarrollo del BOSA (Brillouin Optical Spectrum Analyzer), un instrumento de resoluci\u00f3n subpicom\u00e9trica comercializado por Arag\u00f3n Photonics Labs y adoptado internacionalmente. En su \u00faltima etapa investig\u00f3 la caracterizaci\u00f3n espectral del estado de polarizaci\u00f3n y par\u00e1metros como OSNR (Optical Signal to Noise Ratio) y DGD (Differential Group Delay) en sistemas de telecomunicaciones. Su legado trasciende las aportaciones t\u00e9cnicas: dej\u00f3 una forma de hacer ciencia y una actitud ante la universidad que siguen siendo referente.\n\t\t\t\t\t\t<\/div>\n\t\t\t\t<\/div>\n\t\t<div class=\"elementor-element elementor-element-6674e0f e-con-full e-flex e-con e-child\" data-id=\"6674e0f\" data-element_type=\"container\">\n\t\t\t\t<div class=\"elementor-element elementor-element-054c6bd elementor-widget elementor-widget-heading\" data-id=\"054c6bd\" data-element_type=\"widget\" data-widget_type=\"heading.default\">\n\t\t\t\t<div class=\"elementor-widget-container\">\n\t\t\t<h4 class=\"elementor-heading-title elementor-size-default\">PREMIO FRANCISCO VILLUENDAS<\/h4>\t\t<\/div>\n\t\t\t\t<\/div>\n\t\t\t\t<div class=\"elementor-element elementor-element-f929af3 elementor-widget__width-initial elementor-widget elementor-widget-text-editor\" data-id=\"f929af3\" data-element_type=\"widget\" data-widget_type=\"text-editor.default\">\n\t\t\t\t<div class=\"elementor-widget-container\">\n\t\t\t\t\t\t\t<em>Categor\u00eda: Fibra \u00d3ptica \u2013 Experimental y Aplicada\n<\/em>\t\t\t\t\t\t<\/div>\n\t\t\t\t<\/div>\n\t\t\t\t<\/div>\n\t\t<div class=\"elementor-element elementor-element-b21b4c1 e-con-full e-flex e-con e-child\" data-id=\"b21b4c1\" data-element_type=\"container\">\n\t\t\t\t<div class=\"elementor-element elementor-element-5c4cbc8 elementor-widget__width-initial elementor-widget elementor-widget-image\" data-id=\"5c4cbc8\" data-element_type=\"widget\" data-widget_type=\"image.default\">\n\t\t\t\t<div class=\"elementor-widget-container\">\n\t\t\t\t\t\t\t\t\t\t\t\t\t\t<a href=\"https:\/\/www.fibercom.es\/\">\n\t\t\t\t\t\t\t<img loading=\"lazy\" decoding=\"async\" width=\"557\" height=\"228\" src=\"https:\/\/optoel.es\/2025\/wp-content\/uploads\/2025\/05\/logo-fibercomweb.jpg\" class=\"attachment-large size-large wp-image-8383\" alt=\"\" srcset=\"https:\/\/optoel.es\/2025\/wp-content\/uploads\/2025\/05\/logo-fibercomweb.jpg 557w, https:\/\/optoel.es\/2025\/wp-content\/uploads\/2025\/05\/logo-fibercomweb-300x123.jpg 300w\" sizes=\"(max-width: 557px) 100vw, 557px\" \/>\t\t\t\t\t\t\t\t<\/a>\n\t\t\t\t\t\t\t\t\t\t\t\t\t<\/div>\n\t\t\t\t<\/div>\n\t\t\t\t<div class=\"elementor-element elementor-element-fddfae2 elementor-widget__width-initial elementor-widget elementor-widget-text-editor\" data-id=\"fddfae2\" data-element_type=\"widget\" data-widget_type=\"text-editor.default\">\n\t\t\t\t<div class=\"elementor-widget-container\">\n\t\t\t\t\t\t\t<p>Patrocinado por <strong>Fibercom<\/strong><\/p>\t\t\t\t\t\t<\/div>\n\t\t\t\t<\/div>\n\t\t\t\t<\/div>\n\t\t\t\t<div class=\"elementor-element elementor-element-e10cb46 elementor-widget__width-initial elementor-widget elementor-widget-text-editor\" data-id=\"e10cb46\" data-element_type=\"widget\" data-widget_type=\"text-editor.default\">\n\t\t\t\t<div class=\"elementor-widget-container\">\n\t\t\t\t\t\t\tFrancisco Villuendas fue Catedr\u00e1tico de F\u00edsica Aplicada en la Universidad de Zaragoza y figura clave en la creaci\u00f3n del Grupo de Tecnolog\u00edas Fot\u00f3nicas (GTF), del que han surgido importantes contribuciones cient\u00edficas y profesionales destacados. Comprometido con el impacto social de la ciencia, impuls\u00f3 en 1991 la fundaci\u00f3n de Fibercom, una de las primeras spin-offs surgidas del entorno universitario en Espa\u00f1a, centrada en redes \u00f3pticas de telecomunicaci\u00f3n. Su visi\u00f3n emprendedora y su preocupaci\u00f3n por la transferencia de conocimiento dieron lugar al actual Grupo Fibercom, en cuyo seno se encuentran empresas como Arag\u00f3n Photonics Labs, nacida en 2004 como divisi\u00f3n industrial y de I+D de la empresa original. Quienes le conocieron destacan su trato directo, su carisma y su firme convicci\u00f3n de que la investigaci\u00f3n deb\u00eda estar al servicio de la sociedad.\n\t\t\t\t\t\t<\/div>\n\t\t\t\t<\/div>\n\t\t\t\t<\/div>\n\t\t\t\t<\/div>\n\t\t\t\t\t<\/div>\n\t\t\t\t<\/div>\n\t\t\t\t<section class=\"elementor-section elementor-top-section elementor-element elementor-element-95aae8c elementor-section-boxed elementor-section-gap-beside-yes elementor-section-height-default elementor-section-height-default elementor-section-column-vertical-align-stretch elementor-invisible\" data-id=\"95aae8c\" data-element_type=\"section\" data-settings=\"{&quot;animation&quot;:&quot;billyFadeInUp&quot;}\">\n\t\t\t\t\t\t<div class=\"elementor-container elementor-column-gap-extended\">\n\t\t\t\t\t<div class=\"elementor-column elementor-col-100 elementor-top-column elementor-element elementor-element-18a6f61\" data-id=\"18a6f61\" data-element_type=\"column\">\n\t\t\t<div class=\"elementor-widget-wrap elementor-element-populated\">\n\t\t\t\t\t\t<div class=\"elementor-element elementor-element-a280025 elementor-widget-divider--view-line elementor-widget elementor-widget-divider\" data-id=\"a280025\" data-element_type=\"widget\" data-widget_type=\"divider.default\">\n\t\t\t\t<div class=\"elementor-widget-container\">\n\t\t\t\t\t<div class=\"elementor-divider\">\n\t\t\t<span class=\"elementor-divider-separator\">\n\t\t\t\t\t\t<\/span>\n\t\t<\/div>\n\t\t\t\t<\/div>\n\t\t\t\t<\/div>\n\t\t\t\t\t<\/div>\n\t\t<\/div>\n\t\t\t\t\t<\/div>\n\t\t<\/section>\n\t\t<div class=\"elementor-element elementor-element-a66f6c7 e-flex e-con-boxed elementor-invisible e-con e-parent\" data-id=\"a66f6c7\" data-element_type=\"container\" data-settings=\"{&quot;animation&quot;:&quot;billyFadeInUp&quot;}\">\n\t\t\t\t\t<div class=\"e-con-inner\">\n\t\t<div class=\"elementor-element elementor-element-6e91c9e e-con-full e-flex e-con e-child\" data-id=\"6e91c9e\" data-element_type=\"container\">\n\t\t<div class=\"elementor-element elementor-element-c642ce1 e-con-full elementor-hidden-mobile e-flex e-con e-child\" data-id=\"c642ce1\" data-element_type=\"container\">\n\t\t\t\t<\/div>\n\t\t<div class=\"elementor-element elementor-element-ade4cad e-con-full e-flex e-con e-child\" data-id=\"ade4cad\" data-element_type=\"container\">\n\t\t<div class=\"elementor-element elementor-element-0d45fbd e-con-full e-flex e-con e-child\" data-id=\"0d45fbd\" data-element_type=\"container\">\n\t\t\t\t<div class=\"elementor-element elementor-element-fe6e0b7 elementor-widget elementor-widget-heading\" data-id=\"fe6e0b7\" data-element_type=\"widget\" data-widget_type=\"heading.default\">\n\t\t\t\t<div class=\"elementor-widget-container\">\n\t\t\t<h4 class=\"elementor-heading-title elementor-size-default\">PREMIO VLC-Photonics<\/h4>\t\t<\/div>\n\t\t\t\t<\/div>\n\t\t\t\t<div class=\"elementor-element elementor-element-4e76477 elementor-widget__width-initial elementor-widget elementor-widget-text-editor\" data-id=\"4e76477\" data-element_type=\"widget\" data-widget_type=\"text-editor.default\">\n\t\t\t\t<div class=\"elementor-widget-container\">\n\t\t\t\t\t\t\t<em>Categor\u00eda: Fot\u00f3nica Integrada (PIC)\n<\/em>\t\t\t\t\t\t<\/div>\n\t\t\t\t<\/div>\n\t\t\t\t<\/div>\n\t\t<div class=\"elementor-element elementor-element-543e472 e-con-full e-flex e-con e-child\" data-id=\"543e472\" data-element_type=\"container\">\n\t\t\t\t<div class=\"elementor-element elementor-element-d232f81 elementor-widget__width-initial elementor-widget elementor-widget-image\" data-id=\"d232f81\" data-element_type=\"widget\" data-widget_type=\"image.default\">\n\t\t\t\t<div class=\"elementor-widget-container\">\n\t\t\t\t\t\t\t\t\t\t\t\t\t\t<a href=\"https:\/\/www.vlcphotonics.com\/\">\n\t\t\t\t\t\t\t<img loading=\"lazy\" decoding=\"async\" width=\"350\" height=\"185\" src=\"https:\/\/optoel.es\/2025\/wp-content\/uploads\/2025\/05\/vlc-photonic-1.png\" class=\"attachment-large size-large wp-image-8384\" alt=\"\" srcset=\"https:\/\/optoel.es\/2025\/wp-content\/uploads\/2025\/05\/vlc-photonic-1.png 350w, https:\/\/optoel.es\/2025\/wp-content\/uploads\/2025\/05\/vlc-photonic-1-300x159.png 300w\" sizes=\"(max-width: 350px) 100vw, 350px\" \/>\t\t\t\t\t\t\t\t<\/a>\n\t\t\t\t\t\t\t\t\t\t\t\t\t<\/div>\n\t\t\t\t<\/div>\n\t\t\t\t<div class=\"elementor-element elementor-element-722453e elementor-widget__width-initial elementor-widget elementor-widget-text-editor\" data-id=\"722453e\" data-element_type=\"widget\" data-widget_type=\"text-editor.default\">\n\t\t\t\t<div class=\"elementor-widget-container\">\n\t\t\t\t\t\t\t<p>Patrocinado por <b>VLC-Photonics<\/b><\/p>\t\t\t\t\t\t<\/div>\n\t\t\t\t<\/div>\n\t\t\t\t<\/div>\n\t\t<div class=\"elementor-element elementor-element-39a97e5 e-con-full e-flex e-con e-child\" data-id=\"39a97e5\" data-element_type=\"container\">\n\t\t\t\t<div class=\"elementor-element elementor-element-1c69bcd elementor-widget elementor-widget-text-editor\" data-id=\"1c69bcd\" data-element_type=\"widget\" data-widget_type=\"text-editor.default\">\n\t\t\t\t<div class=\"elementor-widget-container\">\n\t\t\t\t\t\t\t<p>VLC Photonics es una empresa que ofrece servicios de ingenier\u00eda para clientes interesados en desarrollar productos con fot\u00f3nica integrada. Se especializa en dise\u00f1o, test y caracterizaci\u00f3n de circuitos fot\u00f3nicos integrados (PIC) y fue fundada en julio de 2011 como spin-off de la Universidad Polit\u00e9cnica de Valencia. Desde sus inicios, VLC Photonics mantiene un firme compromiso con la innovaci\u00f3n y excelencia t\u00e9cnica. En un sector din\u00e1mico como la fot\u00f3nica integrada, la formaci\u00f3n continua es esencial para mantenerse a la vanguardia. Por ello, valoramos profundamente la educaci\u00f3n y el desarrollo de nuevos talentos que contribuyan al avance de esta tecnolog\u00eda clave. Esta iniciativa busca reconocer y fomentar el talento emergente, asegurando profesionales capacitados para enfrentar retos de un mercado en constante evoluci\u00f3n.<br \/>En VLC Photonics, creemos que invertir en formaci\u00f3n y apoyar a futuros expertos es fundamental para liderar el desarrollo de soluciones fot\u00f3nicas avanzadas que impactan positivamente en diversas industrias y en la sociedad en general.<\/p>\t\t\t\t\t\t<\/div>\n\t\t\t\t<\/div>\n\t\t\t\t<\/div>\n\t\t\t\t<\/div>\n\t\t\t\t<\/div>\n\t\t\t\t\t<\/div>\n\t\t\t\t<\/div>\n\t\t\t\t<\/div>\n\t\t","protected":false},"excerpt":{"rendered":"<p>PROGRAMA Premios Premios a Estudiantes Optoel 2025 Con el objetivo de promover la investigaci\u00f3n de calidad entre los m\u00e1s j\u00f3venes y reconocerla a trav\u00e9s de sus resultados, el Comit\u00e9 de Optoelectr\u00f3nica ofrece seis premios a los mejores trabajos: Premio Carlos G\u00f3mez &#8211; Reino Categor\u00eda: Tecnolog\u00eda L\u00e1ser Patrocinado por Radiantis PREMIO MAR\u00cdA VICTORIA (MARIV\u00cd) P\u00c9REZ MART\u00cdN Categor\u00eda: Abierta a todas las tem\u00e1ticas Patrocinado por OPTICA PREMIO MAR\u00cdA JOSEFA (MARIF\u00cd) YZUEL Categor\u00eda: Abierta a todas las tem\u00e1ticas Patrocinado por SPIE-SEDOPTICA PREMIO JAVIER PELAYO Categor\u00eda: Fibra \u00d3ptica \u2013 Fundamentos y Teor\u00eda Patrocinado por Arag\u00f3n Photonics Labs PREMIO FRANCISCO VILLUENDAS Categor\u00eda: Fibra \u00d3ptica \u2013 Experimental y Aplicada Patrocinado por Fibercom PREMIO VLC-Photonics Categor\u00eda: Fot\u00f3nica Integrada (PIC) Patrocinado por VLC-Photonics Para conceder estos premios, el Comit\u00e9 Cient\u00edfico de OPTOEL 2025 valorar\u00e1 todas las contribuciones cuyo autor principal sea un estudiante. Los premios consistir\u00e1n en una aportaci\u00f3n econ\u00f3mica bruta de 750 \u20ac y undiploma acreditativo. Los requisitos para poder participar en los anteriores premios son los siguientes: Estar inscrito en el OPTOEL 2025, ser estudiante de grado, m\u00e1ster o doctorado o haber le\u00eddo la tesis durante el curso 2024-2025 y haber aportado un documento que acredite dicha condici\u00f3n. Ser autor principal de la comunicaci\u00f3n aceptada a OPTOEL 2025. Carlos G\u00f3mez-Reino Premio Carlos G\u00f3mez &#8211; Reino Categor\u00eda: Tecnolog\u00eda L\u00e1ser Patrocinado por Radiantis Carlos G\u00f3mez-Reino fue Catedr\u00e1tico de \u00d3ptica en la Universidad de Santiago de Compostela (USC), donde cre\u00f3 el primer laboratorio de \u00f3ptica para estudiantes y cofund\u00f3, junto a Mar\u00eda Victoria P\u00e9rez Mart\u00edn, el grupo de investigaci\u00f3n GRIN Optics (Gradient-Index Optics). Inici\u00f3 su carrera docente en la Universidad Complutense de Madrid, donde tambi\u00e9n obtuvo el Doctorado en F\u00edsica con premio extraordinario. Fue pionero en \u00f3ptica GRIN, holograf\u00eda e interferometr\u00eda, y autor del libro Gradient Index Optics: Fundamentals and Applications (Springer, 2002). Con m\u00e1s de 150 publicaciones y seis sexenios de investigaci\u00f3n, recibi\u00f3 el Premio de Investigaci\u00f3n de la Xunta de Galicia (1992) y fue nombrado OSA Fellow en 1998. Miembro activo de la Real Sociedad Espa\u00f1ola de F\u00edsica (RSEF) y de la Sociedad Espa\u00f1ola de \u00d3ptica (SEDOPTICA), ejerc\u00eda como vicepresidente del Comit\u00e9 de Optoelectr\u00f3nica en el momento de su fallecimiento. Mar\u00eda Victoria (Mariv\u00ed) P\u00e9rez Mart\u00edn PREMIO MAR\u00cdA VICTORIA (MARIV\u00cd) P\u00c9REZ MART\u00cdN Categor\u00eda: Abierta a todas las tem\u00e1ticas Patrocinado por OPTICA Mar\u00eda Victoria P\u00e9rez Mart\u00edn fue profesora titular en la Universidad de Santiago de Compostela (USC) y una destacada f\u00edsica experimental, pionera en \u00f3ptica f\u00edsica, interferometr\u00eda y metrolog\u00eda \u00f3ptica desde sus inicios en la Universidad Complutense de Madrid (UCM). En 1979 se traslad\u00f3 a Santiago, donde cofund\u00f3 con Carlos G\u00f3mez-Reino el grupo GRIN Optics y lider\u00f3 la creaci\u00f3n del primer laboratorio de \u00f3ptica para estudiantes. Sus principales l\u00edneas de investigaci\u00f3n incluyen la \u00f3ptica GRIN, \u00f3ptica fisiol\u00f3gica y \u00f3ptica espacial y temporal. Con seis sexenios de investigaci\u00f3n, fue autora de m\u00e1s de 90 publicaciones, varios cap\u00edtulos de libro y del volumen Gradient-Index Optics: Fundamentals and Applications (Springer, 2002). Mar\u00eda Josefa (Marif\u00ed) Yzuel PREMIO MAR\u00cdA JOSEFA (MARIF\u00cd) YZUEL Categor\u00eda: Abierta a todas las tem\u00e1ticas Patrocinado por SPIE-SEDOPTICA Mar\u00eda Josefa Yzuel es Catedr\u00e1tica Em\u00e9rita y Profesora Honoraria de la Universitat Aut\u00f2noma de Barcelona (UAB), con una destacada trayectoria en imagen difractiva y moduladores espaciales de luz. Ha impartido docencia en \u00f3ptica en las universidades de Zaragoza, Granada y la UAB. Fue presidenta de la Sociedad Espa\u00f1ola de \u00d3ptica (SEDOPTICA) entre 1993 y 1996, y de la International Society for Optics and Photonics (SPIE) en 2009. Ha recibido distinciones como el Doctorado Honoris Causa por las universidades de Elche y Granada, la Medalla de F\u00edsica de la RSEF y la Encomienda de Alfonso X el Sabio. Javier Pelayo y Francisco Villuendas PREMIO JAVIER PELAYO Categor\u00eda: Fibra \u00d3ptica \u2013 Fundamentos y Teor\u00eda Patrocinado por Arag\u00f3n Photonics Labs Javier Pelayo fue profesor e investigador en la Universidad de Zaragoza y figura clave en la creaci\u00f3n del Grupo de Tecnolog\u00edas Fot\u00f3nicas (GTF). Pionero en la caracterizaci\u00f3n de dispersi\u00f3n crom\u00e1tica (CD) y por polarizaci\u00f3n (PMD) en fibras \u00f3pticas, particip\u00f3 en campa\u00f1as europeas como COST 217 y 241. Su trayectoria abarc\u00f3 desde el modelado te\u00f3rico hasta el dise\u00f1o experimental de dispositivos, destacando el desarrollo del BOSA (Brillouin Optical Spectrum Analyzer), un instrumento de resoluci\u00f3n subpicom\u00e9trica comercializado por Arag\u00f3n Photonics Labs y adoptado internacionalmente. En su \u00faltima etapa investig\u00f3 la caracterizaci\u00f3n espectral del estado de polarizaci\u00f3n y par\u00e1metros como OSNR (Optical Signal to Noise Ratio) y DGD (Differential Group Delay) en sistemas de telecomunicaciones. Su legado trasciende las aportaciones t\u00e9cnicas: dej\u00f3 una forma de hacer ciencia y una actitud ante la universidad que siguen siendo referente. PREMIO FRANCISCO VILLUENDAS Categor\u00eda: Fibra \u00d3ptica \u2013 Experimental y Aplicada Patrocinado por Fibercom Francisco Villuendas fue Catedr\u00e1tico de F\u00edsica Aplicada en la Universidad de Zaragoza y figura clave en la creaci\u00f3n del Grupo de Tecnolog\u00edas Fot\u00f3nicas (GTF), del que han surgido importantes contribuciones cient\u00edficas y profesionales destacados. Comprometido con el impacto social de la ciencia, impuls\u00f3 en 1991 la fundaci\u00f3n de Fibercom, una de las primeras spin-offs surgidas del entorno universitario en Espa\u00f1a, centrada en redes \u00f3pticas de telecomunicaci\u00f3n. Su visi\u00f3n emprendedora y su preocupaci\u00f3n por la transferencia de conocimiento dieron lugar al actual Grupo Fibercom, en cuyo seno se encuentran empresas como Arag\u00f3n Photonics Labs, nacida en 2004 como divisi\u00f3n industrial y de I+D de la empresa original. Quienes le conocieron destacan su trato directo, su carisma y su firme convicci\u00f3n de que la investigaci\u00f3n deb\u00eda estar al servicio de la sociedad. PREMIO VLC-Photonics Categor\u00eda: Fot\u00f3nica Integrada (PIC) Patrocinado por VLC-Photonics VLC Photonics es una empresa que ofrece servicios de ingenier\u00eda para clientes interesados en desarrollar productos con fot\u00f3nica integrada. Se especializa en dise\u00f1o, test y caracterizaci\u00f3n de circuitos fot\u00f3nicos integrados (PIC) y fue fundada en julio de 2011 como spin-off de la Universidad Polit\u00e9cnica de Valencia. Desde sus inicios, VLC Photonics mantiene un firme compromiso con la innovaci\u00f3n y excelencia t\u00e9cnica. En un sector din\u00e1mico como la fot\u00f3nica integrada, la formaci\u00f3n continua es esencial para mantenerse a la vanguardia. Por ello, valoramos profundamente la educaci\u00f3n y el desarrollo de nuevos talentos que contribuyan al avance de esta tecnolog\u00eda clave. [&hellip;]<\/p>\n","protected":false},"author":1,"featured_media":0,"parent":0,"menu_order":0,"comment_status":"closed","ping_status":"closed","template":"","meta":{"footnotes":""},"class_list":["post-8430","page","type-page","status-publish","hentry","post-no-thumbnail"],"_links":{"self":[{"href":"https:\/\/optoel.es\/2025\/wp-json\/wp\/v2\/pages\/8430"}],"collection":[{"href":"https:\/\/optoel.es\/2025\/wp-json\/wp\/v2\/pages"}],"about":[{"href":"https:\/\/optoel.es\/2025\/wp-json\/wp\/v2\/types\/page"}],"author":[{"embeddable":true,"href":"https:\/\/optoel.es\/2025\/wp-json\/wp\/v2\/users\/1"}],"replies":[{"embeddable":true,"href":"https:\/\/optoel.es\/2025\/wp-json\/wp\/v2\/comments?post=8430"}],"version-history":[{"count":49,"href":"https:\/\/optoel.es\/2025\/wp-json\/wp\/v2\/pages\/8430\/revisions"}],"predecessor-version":[{"id":8546,"href":"https:\/\/optoel.es\/2025\/wp-json\/wp\/v2\/pages\/8430\/revisions\/8546"}],"wp:attachment":[{"href":"https:\/\/optoel.es\/2025\/wp-json\/wp\/v2\/media?parent=8430"}],"curies":[{"name":"wp","href":"https:\/\/api.w.org\/{rel}","templated":true}]}}