{"id":8196,"date":"2025-03-21T12:30:53","date_gmt":"2025-03-21T11:30:53","guid":{"rendered":"https:\/\/optoel.es\/2025\/?page_id=8196"},"modified":"2025-03-21T13:19:26","modified_gmt":"2025-03-21T12:19:26","slug":"sede-optoel-2025","status":"publish","type":"page","link":"https:\/\/optoel.es\/2025\/sede-optoel-2025\/","title":{"rendered":"Sede"},"content":{"rendered":"\t\t<div data-elementor-type=\"wp-page\" data-elementor-id=\"8196\" class=\"elementor elementor-8196\">\n\t\t\t\t\t\t<section class=\"elementor-section elementor-top-section elementor-element elementor-element-b7603c1 elementor-section-stretched elementor-section-full_width elementor-section-height-default elementor-section-height-default elementor-section-column-vertical-align-stretch\" data-id=\"b7603c1\" data-element_type=\"section\" data-settings=\"{&quot;stretch_section&quot;:&quot;section-stretched&quot;,&quot;background_background&quot;:&quot;classic&quot;}\">\n\t\t\t\t\t\t\t<div class=\"elementor-background-overlay\"><\/div>\n\t\t\t\t\t\t\t<div class=\"elementor-container elementor-column-gap-no\">\n\t\t\t\t\t<div class=\"elementor-column elementor-col-100 elementor-top-column elementor-element elementor-element-9ed3833\" data-id=\"9ed3833\" data-element_type=\"column\" data-settings=\"{&quot;background_background&quot;:&quot;classic&quot;}\">\n\t\t\t<div class=\"elementor-widget-wrap elementor-element-populated\">\n\t\t\t\t\t<div class=\"elementor-background-overlay\"><\/div>\n\t\t\t\t<div class=\"elementor-element elementor-element-4431e0d e-flex e-con-boxed e-con e-parent\" data-id=\"4431e0d\" data-element_type=\"container\">\n\t\t\t\t\t<div class=\"e-con-inner\">\n\t\t\t\t<div class=\"elementor-element elementor-element-06e74fb elementor-widget__width-inherit elementor-invisible elementor-widget elementor-widget-tm-heading\" data-id=\"06e74fb\" data-element_type=\"widget\" data-settings=\"{&quot;_animation&quot;:&quot;fadeIn&quot;}\" data-widget_type=\"tm-heading.default\">\n\t\t\t\t<div class=\"elementor-widget-container\">\n\t\t\t\t\t<div class=\"tm-modern-heading\">\n\t\t\t\t\t<div class=\"heading-secondary-wrap\">\n\t\t\t<h3 class=\"heading-secondary elementor-heading-title\">OPTOEL<\/h3>\t\t<\/div>\n\t\t\n\t\t\t\t\t<div class=\"heading-primary-wrap\">\n\t\t\t<h2 class=\"heading-primary elementor-heading-title\">Sede<\/h2>\t\t<\/div>\n\t\t\n\t\t\t\n\t\t\t\t\t<\/div>\n\t\t\t\t<\/div>\n\t\t\t\t<\/div>\n\t\t\t\t\t<\/div>\n\t\t\t\t<\/div>\n\t\t\t\t\t<\/div>\n\t\t<\/div>\n\t\t\t\t\t<\/div>\n\t\t<\/section>\n\t\t\t\t<section class=\"elementor-section elementor-top-section elementor-element elementor-element-c5ff234 elementor-section-boxed elementor-section-gap-beside-yes elementor-section-height-default elementor-section-height-default elementor-section-column-vertical-align-stretch elementor-invisible\" data-id=\"c5ff234\" data-element_type=\"section\" data-settings=\"{&quot;animation&quot;:&quot;fadeIn&quot;}\">\n\t\t\t\t\t\t<div class=\"elementor-container elementor-column-gap-extended\">\n\t\t\t\t\t<div class=\"elementor-column elementor-col-33 elementor-top-column elementor-element elementor-element-c606738\" data-id=\"c606738\" data-element_type=\"column\">\n\t\t\t<div class=\"elementor-widget-wrap elementor-element-populated\">\n\t\t\t\t\t\t<div class=\"elementor-element elementor-element-87630a7 elementor-widget elementor-widget-tm-heading\" data-id=\"87630a7\" data-element_type=\"widget\" data-widget_type=\"tm-heading.default\">\n\t\t\t\t<div class=\"elementor-widget-container\">\n\t\t\t\t\t<div class=\"tm-modern-heading\">\n\t\t\t\n\t\t\t\t\t<div class=\"heading-primary-wrap\">\n\t\t\t<h2 class=\"heading-primary elementor-heading-title\"><span style=\"color:##0061A8\">Sede del<\/span> <b>Optoel 2025<\/b><\/h2>\t\t<\/div>\n\t\t\n\t\t\t\n\t\t\t\t\t<\/div>\n\t\t\t\t<\/div>\n\t\t\t\t<\/div>\n\t\t\t\t\t<\/div>\n\t\t<\/div>\n\t\t\t\t<div class=\"elementor-column elementor-col-66 elementor-top-column elementor-element elementor-element-7ecc1cf\" data-id=\"7ecc1cf\" data-element_type=\"column\">\n\t\t\t<div class=\"elementor-widget-wrap elementor-element-populated\">\n\t\t\t\t\t\t<div class=\"elementor-element elementor-element-3bb2ed3 elementor-widget__width-initial elementor-widget elementor-widget-text-editor\" data-id=\"3bb2ed3\" data-element_type=\"widget\" data-widget_type=\"text-editor.default\">\n\t\t\t\t<div class=\"elementor-widget-container\">\n\t\t\t<style>\/*! elementor - v3.22.0 - 26-06-2024 *\/\n.elementor-widget-text-editor.elementor-drop-cap-view-stacked .elementor-drop-cap{background-color:#69727d;color:#fff}.elementor-widget-text-editor.elementor-drop-cap-view-framed .elementor-drop-cap{color:#69727d;border:3px solid;background-color:transparent}.elementor-widget-text-editor:not(.elementor-drop-cap-view-default) .elementor-drop-cap{margin-top:8px}.elementor-widget-text-editor:not(.elementor-drop-cap-view-default) .elementor-drop-cap-letter{width:1em;height:1em}.elementor-widget-text-editor .elementor-drop-cap{float:left;text-align:center;line-height:1;font-size:50px}.elementor-widget-text-editor .elementor-drop-cap-letter{display:inline-block}<\/style>\t\t\t\t<p>Del 1 al 4 de julio de 2025, <a href=\"https:\/\/optoel.es\/2025\/el-congreso\/\">Terrassa<\/a> ser\u00e1 el punto de encuentro de la comunidad cient\u00edfica y tecnol\u00f3gica con la celebraci\u00f3n de la XIV Reuni\u00f3n de Optoelectr\u00f3nica \/ I Optoel Joven.<\/p>\t\t\t\t\t\t<\/div>\n\t\t\t\t<\/div>\n\t\t\t\t<div class=\"elementor-element elementor-element-2ccafe6 elementor-widget__width-initial elementor-widget elementor-widget-text-editor\" data-id=\"2ccafe6\" data-element_type=\"widget\" data-widget_type=\"text-editor.default\">\n\t\t\t\t<div class=\"elementor-widget-container\">\n\t\t\t\t\t\t\tAuditorio Municipal de Terrassa\t\t\t\t\t\t<\/div>\n\t\t\t\t<\/div>\n\t\t\t\t<div class=\"elementor-element elementor-element-a80a5f6 elementor-widget__width-initial elementor-widget elementor-widget-text-editor\" data-id=\"a80a5f6\" data-element_type=\"widget\" data-widget_type=\"text-editor.default\">\n\t\t\t\t<div class=\"elementor-widget-container\">\n\t\t\t\t\t\t\t<p>Un espacio emblem\u00e1tico de referencia cultural y musical que acoger\u00e1 las charlas y conferencias del congreso.<\/p><p>Su ubicaci\u00f3n privilegiada, junto al Parc de Vallparad\u00eds, permite un acceso c\u00f3modo en transporte p\u00fablico. La estaci\u00f3n Vallparad\u00eds Universitat de los Ferrocarriles de la Generalitat de Catalunya (FGC) se encuentra a tan solo 200 metros.<\/p>\t\t\t\t\t\t<\/div>\n\t\t\t\t<\/div>\n\t\t\t\t\t<\/div>\n\t\t<\/div>\n\t\t\t\t\t<\/div>\n\t\t<\/section>\n\t\t\t\t<section class=\"elementor-section elementor-top-section elementor-element elementor-element-f26631e elementor-section-full_width elementor-section-stretched elementor-section-column-vertical-align-top elementor-section-gap-beside-yes elementor-section-height-default elementor-section-height-default elementor-invisible\" data-id=\"f26631e\" data-element_type=\"section\" data-settings=\"{&quot;background_background&quot;:&quot;classic&quot;,&quot;stretch_section&quot;:&quot;section-stretched&quot;,&quot;animation&quot;:&quot;fadeIn&quot;}\">\n\t\t\t\t\t\t\t<div class=\"elementor-background-overlay\"><\/div>\n\t\t\t\t\t\t\t<div class=\"elementor-container elementor-column-gap-extended\">\n\t\t\t\t\t<div class=\"elementor-column elementor-col-33 elementor-top-column elementor-element elementor-element-0578453\" data-id=\"0578453\" data-element_type=\"column\">\n\t\t\t<div class=\"elementor-widget-wrap elementor-element-populated\">\n\t\t\t\t\t\t<div class=\"elementor-element elementor-element-f1d65cf elementor-widget elementor-widget-image\" data-id=\"f1d65cf\" data-element_type=\"widget\" data-widget_type=\"image.default\">\n\t\t\t\t<div class=\"elementor-widget-container\">\n\t\t\t<style>\/*! elementor - v3.22.0 - 26-06-2024 *\/\n.elementor-widget-image{text-align:center}.elementor-widget-image a{display:inline-block}.elementor-widget-image a img[src$=\".svg\"]{width:48px}.elementor-widget-image img{vertical-align:middle;display:inline-block}<\/style>\t\t\t\t\t\t\t\t\t\t<img decoding=\"async\" src=\"https:\/\/optoel.es\/2025\/wp-content\/uploads\/elementor\/thumbs\/auditorio-municipal-r36nb8so9o2o3iw51l5x2agq6at0qtph8k9v64cta8.png\" title=\"\" alt=\"\" loading=\"lazy\" \/>\t\t\t\t\t\t\t\t\t\t\t\t\t<\/div>\n\t\t\t\t<\/div>\n\t\t\t\t<div class=\"elementor-element elementor-element-66bcfa6 elementor-widget__width-initial elementor-widget elementor-widget-heading\" data-id=\"66bcfa6\" data-element_type=\"widget\" data-widget_type=\"heading.default\">\n\t\t\t\t<div class=\"elementor-widget-container\">\n\t\t\t<style>\/*! elementor - v3.22.0 - 26-06-2024 *\/\n.elementor-heading-title{padding:0;margin:0;line-height:1}.elementor-widget-heading .elementor-heading-title[class*=elementor-size-]>a{color:inherit;font-size:inherit;line-height:inherit}.elementor-widget-heading .elementor-heading-title.elementor-size-small{font-size:15px}.elementor-widget-heading .elementor-heading-title.elementor-size-medium{font-size:19px}.elementor-widget-heading .elementor-heading-title.elementor-size-large{font-size:29px}.elementor-widget-heading .elementor-heading-title.elementor-size-xl{font-size:39px}.elementor-widget-heading .elementor-heading-title.elementor-size-xxl{font-size:59px}<\/style><p class=\"elementor-heading-title elementor-size-default\">Auditorio municipal de Terrassa<\/p>\t\t<\/div>\n\t\t\t\t<\/div>\n\t\t\t\t\t<\/div>\n\t\t<\/div>\n\t\t\t\t<div class=\"elementor-column elementor-col-33 elementor-top-column elementor-element elementor-element-7b3667d\" data-id=\"7b3667d\" data-element_type=\"column\">\n\t\t\t<div class=\"elementor-widget-wrap elementor-element-populated\">\n\t\t\t\t\t\t<div class=\"elementor-element elementor-element-96c7758 elementor-widget elementor-widget-image\" data-id=\"96c7758\" data-element_type=\"widget\" data-widget_type=\"image.default\">\n\t\t\t\t<div class=\"elementor-widget-container\">\n\t\t\t\t\t\t\t\t\t\t\t\t\t<img decoding=\"async\" src=\"https:\/\/optoel.es\/2025\/wp-content\/uploads\/elementor\/thumbs\/salon-de-actos-r36nb35n4nuy5v4byiq5nbvylzktgn337scyagl6bk.png\" title=\"\" alt=\"\" loading=\"lazy\" \/>\t\t\t\t\t\t\t\t\t\t\t\t\t<\/div>\n\t\t\t\t<\/div>\n\t\t\t\t<div class=\"elementor-element elementor-element-e2d6445 elementor-widget__width-initial elementor-widget-mobile__width-initial elementor-widget elementor-widget-heading\" data-id=\"e2d6445\" data-element_type=\"widget\" data-widget_type=\"heading.default\">\n\t\t\t\t<div class=\"elementor-widget-container\">\n\t\t\t<p class=\"elementor-heading-title elementor-size-default\">Sal\u00f3n de actos - Conferencias Plenarias\n<\/p>\t\t<\/div>\n\t\t\t\t<\/div>\n\t\t\t\t\t<\/div>\n\t\t<\/div>\n\t\t\t\t<div class=\"elementor-column elementor-col-33 elementor-top-column elementor-element elementor-element-bafa57f\" data-id=\"bafa57f\" data-element_type=\"column\">\n\t\t\t<div class=\"elementor-widget-wrap elementor-element-populated\">\n\t\t\t\t\t\t<div class=\"elementor-element elementor-element-1179157 elementor-widget elementor-widget-image\" data-id=\"1179157\" data-element_type=\"widget\" data-widget_type=\"image.default\">\n\t\t\t\t<div class=\"elementor-widget-container\">\n\t\t\t\t\t\t\t\t\t\t\t\t\t<img decoding=\"async\" src=\"https:\/\/optoel.es\/2025\/wp-content\/uploads\/elementor\/thumbs\/hall-central-zona-expo-r36nbbm6u66j2cs1l4dsrrr3ygf4dx0o8y8bly8mrk.png\" title=\"\" alt=\"\" loading=\"lazy\" \/>\t\t\t\t\t\t\t\t\t\t\t\t\t<\/div>\n\t\t\t\t<\/div>\n\t\t\t\t<div class=\"elementor-element elementor-element-d77287e elementor-widget__width-initial elementor-widget-mobile__width-initial elementor-widget elementor-widget-heading\" data-id=\"d77287e\" data-element_type=\"widget\" data-widget_type=\"heading.default\">\n\t\t\t\t<div class=\"elementor-widget-container\">\n\t\t\t<p class=\"elementor-heading-title elementor-size-default\">Hall central - Zona de exposici\u00f3n de empresas y catering\n<\/p>\t\t<\/div>\n\t\t\t\t<\/div>\n\t\t\t\t\t<\/div>\n\t\t<\/div>\n\t\t\t\t\t<\/div>\n\t\t<\/section>\n\t\t\t\t<section class=\"elementor-section elementor-top-section elementor-element elementor-element-441c62f elementor-section-boxed elementor-section-gap-beside-yes elementor-section-height-default elementor-section-height-default elementor-section-column-vertical-align-stretch elementor-invisible\" data-id=\"441c62f\" data-element_type=\"section\" data-settings=\"{&quot;animation&quot;:&quot;fadeIn&quot;}\">\n\t\t\t\t\t\t<div class=\"elementor-container elementor-column-gap-extended\">\n\t\t\t\t\t<div class=\"elementor-column elementor-col-33 elementor-top-column elementor-element elementor-element-661920b elementor-invisible\" data-id=\"661920b\" data-element_type=\"column\" data-settings=\"{&quot;animation&quot;:&quot;billyFadeInUp&quot;}\">\n\t\t\t<div class=\"elementor-widget-wrap elementor-element-populated\">\n\t\t\t\t\t\t<div class=\"elementor-element elementor-element-191b2c4 elementor-widget elementor-widget-tm-heading\" data-id=\"191b2c4\" data-element_type=\"widget\" data-widget_type=\"tm-heading.default\">\n\t\t\t\t<div class=\"elementor-widget-container\">\n\t\t\t\t\t<div class=\"tm-modern-heading\">\n\t\t\t\n\t\t\t\t\t<div class=\"heading-primary-wrap\">\n\t\t\t<h2 class=\"heading-primary elementor-heading-title\">C\u00f3mo llegar desde <b>Barcelona<\/b><\/h2>\t\t<\/div>\n\t\t\n\t\t\t\n\t\t\t\t\t<\/div>\n\t\t\t\t<\/div>\n\t\t\t\t<\/div>\n\t\t\t\t\t<\/div>\n\t\t<\/div>\n\t\t\t\t<div class=\"elementor-column elementor-col-66 elementor-top-column elementor-element elementor-element-dc1e443\" data-id=\"dc1e443\" data-element_type=\"column\">\n\t\t\t<div class=\"elementor-widget-wrap elementor-element-populated\">\n\t\t\t\t<div class=\"elementor-element elementor-element-0a0794d e-flex e-con-boxed e-con e-parent\" data-id=\"0a0794d\" data-element_type=\"container\">\n\t\t\t\t\t<div class=\"e-con-inner\">\n\t\t<div class=\"elementor-element elementor-element-27e540f e-con-full e-flex e-con e-child\" data-id=\"27e540f\" data-element_type=\"container\">\n\t\t\t\t<div class=\"elementor-element elementor-element-6c15768 elementor-position-left elementor-vertical-align-middle billey-view-default elementor-invisible elementor-widget elementor-widget-tm-icon-box\" data-id=\"6c15768\" data-element_type=\"widget\" data-settings=\"{&quot;_animation&quot;:&quot;billyFadeInUp&quot;}\" data-widget_type=\"tm-icon-box.default\">\n\t\t\t\t<div class=\"elementor-widget-container\">\n\t\t\t\t\t<div class=\"tm-icon-box\">\n\t\t<div class=\"icon-box-wrapper\">\n\t\t\t\t\t<div class=\"billey-icon-wrap\">\n\t\t\t<div class=\"billey-icon-view first\">\n\t\t\t\t<div class=\"billey-icon-view-inner\">\n\t\t\t\t\t\n\t\t\t\t\t<div class=\"billey-icon icon billey-solid-icon\">\n\t\t\t\t\t\t<i aria-hidden=\"true\" class=\"fa-regular fa-train-subway\"><\/i>\t\t\t\t\t<\/div>\n\t\t\t\t<\/div>\n\t\t\t<\/div>\n\n\t\t\t\t\t<\/div>\n\t\t\n\t\t\t<div class=\"icon-box-content\">\n\t\t\t\t\t\t<div class=\"heading-wrap\">\n\t\t\t<h3 class=\"heading\">En tren<\/h3>\n\t\t\t\t\t<\/div>\n\t\t\n\t\t\t\t\n\t\t\t\t\t\t\t<\/div>\n\t\t<\/div>\n\n\t\t<\/div>\t\t\t\t<\/div>\n\t\t\t\t<\/div>\n\t\t\t\t<div class=\"elementor-element elementor-element-267989c elementor-widget elementor-widget-text-editor\" data-id=\"267989c\" data-element_type=\"widget\" data-widget_type=\"text-editor.default\">\n\t\t\t\t<div class=\"elementor-widget-container\">\n\t\t\t\t\t\t\t<ul><li><strong>Ferrocarriles de la Generalitat de Catalunya (FGC):<\/strong> L\u00ednea S1 \u2013 Direcci\u00f3n Terrassa Nacions Unides.<\/li><li><strong>Rodalies RENFE:<\/strong> L\u00ednea R4 \u2013 Direcci\u00f3n Terrassa Estaci\u00f3 del Nord.<\/li><\/ul>\t\t\t\t\t\t<\/div>\n\t\t\t\t<\/div>\n\t\t\t\t<\/div>\n\t\t<div class=\"elementor-element elementor-element-4202f57 e-con-full e-flex e-con e-child\" data-id=\"4202f57\" data-element_type=\"container\">\n\t\t\t\t<div class=\"elementor-element elementor-element-8ce43c2 elementor-position-left elementor-vertical-align-middle billey-view-default elementor-invisible elementor-widget elementor-widget-tm-icon-box\" data-id=\"8ce43c2\" data-element_type=\"widget\" data-settings=\"{&quot;_animation&quot;:&quot;billyFadeInUp&quot;}\" data-widget_type=\"tm-icon-box.default\">\n\t\t\t\t<div class=\"elementor-widget-container\">\n\t\t\t\t\t<div class=\"tm-icon-box\">\n\t\t<div class=\"icon-box-wrapper\">\n\t\t\t\t\t<div class=\"billey-icon-wrap\">\n\t\t\t<div class=\"billey-icon-view first\">\n\t\t\t\t<div class=\"billey-icon-view-inner\">\n\t\t\t\t\t\n\t\t\t\t\t<div class=\"billey-icon icon billey-solid-icon\">\n\t\t\t\t\t\t<i aria-hidden=\"true\" class=\"fa-regular fa-bus-simple\"><\/i>\t\t\t\t\t<\/div>\n\t\t\t\t<\/div>\n\t\t\t<\/div>\n\n\t\t\t\t\t<\/div>\n\t\t\n\t\t\t<div class=\"icon-box-content\">\n\t\t\t\t\t\t<div class=\"heading-wrap\">\n\t\t\t<h3 class=\"heading\">En autob\u00fas<\/h3>\n\t\t\t\t\t<\/div>\n\t\t\n\t\t\t\t\n\t\t\t\t\t\t\t<\/div>\n\t\t<\/div>\n\n\t\t<\/div>\t\t\t\t<\/div>\n\t\t\t\t<\/div>\n\t\t\t\t<div class=\"elementor-element elementor-element-5f636f2 elementor-widget elementor-widget-text-editor\" data-id=\"5f636f2\" data-element_type=\"widget\" data-widget_type=\"text-editor.default\">\n\t\t\t\t<div class=\"elementor-widget-container\">\n\t\t\t\t\t\t\t<ul><li><strong>L\u00ednea E2.1:<\/strong> Terrassa \u2013 Barcelona (Sagrera).<\/li><li><strong>L\u00ednea E2.2:<\/strong> Terrassa \u2013 Barcelona (Zona Universit\u00e0ria).<\/li><li><strong>L\u00edneas urbanas:<\/strong> Varias l\u00edneas de TMESA conectan la estaci\u00f3n de tren con el Auditorio.<\/li><\/ul>\t\t\t\t\t\t<\/div>\n\t\t\t\t<\/div>\n\t\t\t\t<\/div>\n\t\t<div class=\"elementor-element elementor-element-e1d8017 e-con-full e-flex e-con e-child\" data-id=\"e1d8017\" data-element_type=\"container\">\n\t\t\t\t<div class=\"elementor-element elementor-element-d8812e7 elementor-position-left elementor-vertical-align-middle billey-view-default elementor-invisible elementor-widget elementor-widget-tm-icon-box\" data-id=\"d8812e7\" data-element_type=\"widget\" data-settings=\"{&quot;_animation&quot;:&quot;billyFadeInUp&quot;}\" data-widget_type=\"tm-icon-box.default\">\n\t\t\t\t<div class=\"elementor-widget-container\">\n\t\t\t\t\t<div class=\"tm-icon-box\">\n\t\t<div class=\"icon-box-wrapper\">\n\t\t\t\t\t<div class=\"billey-icon-wrap\">\n\t\t\t<div class=\"billey-icon-view first\">\n\t\t\t\t<div class=\"billey-icon-view-inner\">\n\t\t\t\t\t\n\t\t\t\t\t<div class=\"billey-icon icon billey-solid-icon\">\n\t\t\t\t\t\t<i aria-hidden=\"true\" class=\"fa-regular fa-car-mirrors\"><\/i>\t\t\t\t\t<\/div>\n\t\t\t\t<\/div>\n\t\t\t<\/div>\n\n\t\t\t\t\t<\/div>\n\t\t\n\t\t\t<div class=\"icon-box-content\">\n\t\t\t\t\t\t<div class=\"heading-wrap\">\n\t\t\t<h3 class=\"heading\">En coche<\/h3>\n\t\t\t\t\t<\/div>\n\t\t\n\t\t\t\t\n\t\t\t\t\t\t\t<\/div>\n\t\t<\/div>\n\n\t\t<\/div>\t\t\t\t<\/div>\n\t\t\t\t<\/div>\n\t\t\t\t<div class=\"elementor-element elementor-element-aed92f2 elementor-widget elementor-widget-text-editor\" data-id=\"aed92f2\" data-element_type=\"widget\" data-widget_type=\"text-editor.default\">\n\t\t\t\t<div class=\"elementor-widget-container\">\n\t\t\t\t\t\t\t<p>Accesos por la <strong>C-58<\/strong> y la <strong>C-16<\/strong>.<\/p>\t\t\t\t\t\t<\/div>\n\t\t\t\t<\/div>\n\t\t\t\t<div class=\"elementor-element elementor-element-e53c394 elementor-widget elementor-widget-image\" data-id=\"e53c394\" data-element_type=\"widget\" data-widget_type=\"image.default\">\n\t\t\t\t<div class=\"elementor-widget-container\">\n\t\t\t\t\t\t\t\t\t\t\t\t\t\t<a href=\"https:\/\/maps.app.goo.gl\/P8suxhoeUoZXmzRYA\" target=\"_blank\">\n\t\t\t\t\t\t\t<img fetchpriority=\"high\" decoding=\"async\" width=\"1172\" height=\"742\" src=\"https:\/\/optoel.es\/2025\/wp-content\/uploads\/2025\/03\/mapa-sedes-optoel.jpg\" class=\"attachment-full size-full wp-image-8207\" alt=\"\" srcset=\"https:\/\/optoel.es\/2025\/wp-content\/uploads\/2025\/03\/mapa-sedes-optoel.jpg 1172w, https:\/\/optoel.es\/2025\/wp-content\/uploads\/2025\/03\/mapa-sedes-optoel-300x190.jpg 300w, https:\/\/optoel.es\/2025\/wp-content\/uploads\/2025\/03\/mapa-sedes-optoel-1024x648.jpg 1024w, https:\/\/optoel.es\/2025\/wp-content\/uploads\/2025\/03\/mapa-sedes-optoel-768x486.jpg 768w\" sizes=\"(max-width: 1172px) 100vw, 1172px\" \/>\t\t\t\t\t\t\t\t<\/a>\n\t\t\t\t\t\t\t\t\t\t\t\t\t<\/div>\n\t\t\t\t<\/div>\n\t\t\t\t<\/div>\n\t\t\t\t\t<\/div>\n\t\t\t\t<\/div>\n\t\t\t\t\t<\/div>\n\t\t<\/div>\n\t\t\t\t\t<\/div>\n\t\t<\/section>\n\t\t\t\t<section class=\"elementor-section elementor-top-section elementor-element elementor-element-7daeaeb elementor-section-content-middle elementor-section-boxed elementor-section-gap-beside-yes elementor-section-height-default elementor-section-height-default elementor-section-column-vertical-align-stretch elementor-invisible\" data-id=\"7daeaeb\" data-element_type=\"section\" data-settings=\"{&quot;animation&quot;:&quot;fadeIn&quot;}\">\n\t\t\t\t\t\t<div class=\"elementor-container elementor-column-gap-extended\">\n\t\t\t\t\t<div class=\"elementor-column elementor-col-50 elementor-top-column elementor-element elementor-element-b2395c0\" data-id=\"b2395c0\" data-element_type=\"column\">\n\t\t\t<div class=\"elementor-widget-wrap elementor-element-populated\">\n\t\t\t\t\t\t<div class=\"elementor-element elementor-element-0003b8e elementor-widget elementor-widget-tm-heading\" data-id=\"0003b8e\" data-element_type=\"widget\" data-settings=\"{&quot;_animation_mobile&quot;:&quot;billeyFadeInUp&quot;}\" data-widget_type=\"tm-heading.default\">\n\t\t\t\t<div class=\"elementor-widget-container\">\n\t\t\t\t\t<div class=\"tm-modern-heading\">\n\t\t\t\n\t\t\t\t\t<div class=\"heading-primary-wrap\">\n\t\t\t<h2 class=\"heading-primary elementor-heading-title\"><b>Cenas <\/b>del Congreso<b>\n<\/b><\/h2>\t\t<\/div>\n\t\t\n\t\t\t\n\t\t\t\t\t<\/div>\n\t\t\t\t<\/div>\n\t\t\t\t<\/div>\n\t\t\t\t<div class=\"elementor-element elementor-element-e30e960 elementor-widget__width-initial elementor-widget elementor-widget-text-editor\" data-id=\"e30e960\" data-element_type=\"widget\" data-settings=\"{&quot;_animation_mobile&quot;:&quot;billeyFadeInUp&quot;}\" data-widget_type=\"text-editor.default\">\n\t\t\t\t<div class=\"elementor-widget-container\">\n\t\t\t\t\t\t\t<p>Mi\u00e9rcoles 2 de julio de 2025<\/p>\t\t\t\t\t\t<\/div>\n\t\t\t\t<\/div>\n\t\t\t\t<div class=\"elementor-element elementor-element-aac00ad elementor-widget__width-initial elementor-widget elementor-widget-text-editor\" data-id=\"aac00ad\" data-element_type=\"widget\" data-settings=\"{&quot;_animation_mobile&quot;:&quot;billeyFadeInUp&quot;}\" data-widget_type=\"text-editor.default\">\n\t\t\t\t<div class=\"elementor-widget-container\">\n\t\t\t\t\t\t\t<p>Recepci\u00f3n de Bienvenida<\/p>\t\t\t\t\t\t<\/div>\n\t\t\t\t<\/div>\n\t\t\t\t<div class=\"elementor-element elementor-element-6516ae3 elementor-widget__width-initial elementor-widget elementor-widget-text-editor\" data-id=\"6516ae3\" data-element_type=\"widget\" data-settings=\"{&quot;_animation_mobile&quot;:&quot;billeyFadeInUp&quot;}\" data-widget_type=\"text-editor.default\">\n\t\t\t\t<div class=\"elementor-widget-container\">\n\t\t\t\t\t\t\t<p><a href=\"https:\/\/www.terrassa.cat\/es\/casa-alegre-sagrera\" target=\"_blank\" rel=\"noopener\">Casa Alegre de Sagrera<\/a><\/p>\t\t\t\t\t\t<\/div>\n\t\t\t\t<\/div>\n\t\t\t\t<div class=\"elementor-element elementor-element-5fa36ae elementor-widget__width-initial elementor-widget elementor-widget-text-editor\" data-id=\"5fa36ae\" data-element_type=\"widget\" data-widget_type=\"text-editor.default\">\n\t\t\t\t<div class=\"elementor-widget-container\">\n\t\t\t\t\t\t\t\nUn elegante palacete modernista del siglo XIX convertido en museo, que conserva su decoraci\u00f3n original y ofrece un entorno \u00fanico para dar la bienvenida a los asistentes al congreso.\n\t\t\t\t\t\t<\/div>\n\t\t\t\t<\/div>\n\t\t\t\t\t<\/div>\n\t\t<\/div>\n\t\t\t\t<div class=\"elementor-column elementor-col-50 elementor-top-column elementor-element elementor-element-8259af8\" data-id=\"8259af8\" data-element_type=\"column\">\n\t\t\t<div class=\"elementor-widget-wrap elementor-element-populated\">\n\t\t\t\t\t\t<div class=\"elementor-element elementor-element-9c92a30 elementor-invisible elementor-widget elementor-widget-image\" data-id=\"9c92a30\" data-element_type=\"widget\" data-settings=\"{&quot;_animation&quot;:&quot;billyFadeInUp&quot;}\" data-widget_type=\"image.default\">\n\t\t\t\t<div class=\"elementor-widget-container\">\n\t\t\t\t\t\t\t\t\t\t\t\t\t\t<a href=\"https:\/\/www.terrassa.cat\/es\/casa-alegre-sagrera\" target=\"_blank\">\n\t\t\t\t\t\t\t<img decoding=\"async\" width=\"1000\" height=\"908\" src=\"https:\/\/optoel.es\/2025\/wp-content\/uploads\/2025\/03\/casa-alegre-sagrera-.png\" class=\"attachment-full size-full wp-image-8219\" alt=\"\" srcset=\"https:\/\/optoel.es\/2025\/wp-content\/uploads\/2025\/03\/casa-alegre-sagrera-.png 1000w, https:\/\/optoel.es\/2025\/wp-content\/uploads\/2025\/03\/casa-alegre-sagrera--300x272.png 300w, https:\/\/optoel.es\/2025\/wp-content\/uploads\/2025\/03\/casa-alegre-sagrera--768x697.png 768w\" sizes=\"(max-width: 1000px) 100vw, 1000px\" \/>\t\t\t\t\t\t\t\t<\/a>\n\t\t\t\t\t\t\t\t\t\t\t\t\t<\/div>\n\t\t\t\t<\/div>\n\t\t\t\t\t<\/div>\n\t\t<\/div>\n\t\t\t\t\t<\/div>\n\t\t<\/section>\n\t\t\t\t<section class=\"elementor-section elementor-top-section elementor-element elementor-element-26169fb elementor-section-content-middle elementor-reverse-tablet elementor-reverse-mobile elementor-section-boxed elementor-section-gap-beside-yes elementor-section-height-default elementor-section-height-default elementor-section-column-vertical-align-stretch elementor-invisible\" data-id=\"26169fb\" data-element_type=\"section\" data-settings=\"{&quot;animation&quot;:&quot;fadeIn&quot;}\">\n\t\t\t\t\t\t<div class=\"elementor-container elementor-column-gap-extended\">\n\t\t\t\t\t<div class=\"elementor-column elementor-col-50 elementor-top-column elementor-element elementor-element-fe7c12d\" data-id=\"fe7c12d\" data-element_type=\"column\">\n\t\t\t<div class=\"elementor-widget-wrap elementor-element-populated\">\n\t\t\t\t\t\t<div class=\"elementor-element elementor-element-3816b54 elementor-invisible elementor-widget elementor-widget-image\" data-id=\"3816b54\" data-element_type=\"widget\" data-settings=\"{&quot;_animation&quot;:&quot;billyFadeInUp&quot;}\" data-widget_type=\"image.default\">\n\t\t\t\t<div class=\"elementor-widget-container\">\n\t\t\t\t\t\t\t\t\t\t\t\t\t\t<a href=\"https:\/\/elvapordeprodis.cat\/coneix-el-vapor\/\" target=\"_blank\">\n\t\t\t\t\t\t\t<img decoding=\"async\" width=\"1000\" height=\"908\" src=\"https:\/\/optoel.es\/2025\/wp-content\/uploads\/2025\/03\/vapor-prodis-.png\" class=\"attachment-full size-full wp-image-8218\" alt=\"\" srcset=\"https:\/\/optoel.es\/2025\/wp-content\/uploads\/2025\/03\/vapor-prodis-.png 1000w, https:\/\/optoel.es\/2025\/wp-content\/uploads\/2025\/03\/vapor-prodis--300x272.png 300w, https:\/\/optoel.es\/2025\/wp-content\/uploads\/2025\/03\/vapor-prodis--768x697.png 768w\" sizes=\"(max-width: 1000px) 100vw, 1000px\" \/>\t\t\t\t\t\t\t\t<\/a>\n\t\t\t\t\t\t\t\t\t\t\t\t\t<\/div>\n\t\t\t\t<\/div>\n\t\t\t\t\t<\/div>\n\t\t<\/div>\n\t\t\t\t<div class=\"elementor-column elementor-col-50 elementor-top-column elementor-element elementor-element-48e7047\" data-id=\"48e7047\" data-element_type=\"column\">\n\t\t\t<div class=\"elementor-widget-wrap elementor-element-populated\">\n\t\t\t\t\t\t<div class=\"elementor-element elementor-element-b0fde47 elementor-widget__width-initial elementor-widget elementor-widget-text-editor\" data-id=\"b0fde47\" data-element_type=\"widget\" data-settings=\"{&quot;_animation_mobile&quot;:&quot;billeyFadeInUp&quot;}\" data-widget_type=\"text-editor.default\">\n\t\t\t\t<div class=\"elementor-widget-container\">\n\t\t\t\t\t\t\tJueves 3 de julio de 2025 \t\t\t\t\t\t<\/div>\n\t\t\t\t<\/div>\n\t\t\t\t<div class=\"elementor-element elementor-element-db2fb75 elementor-widget__width-initial elementor-widget elementor-widget-text-editor\" data-id=\"db2fb75\" data-element_type=\"widget\" data-settings=\"{&quot;_animation_mobile&quot;:&quot;billeyFadeInUp&quot;}\" data-widget_type=\"text-editor.default\">\n\t\t\t\t<div class=\"elementor-widget-container\">\n\t\t\t\t\t\t\t<p>Cena de Networking<\/p>\t\t\t\t\t\t<\/div>\n\t\t\t\t<\/div>\n\t\t\t\t<div class=\"elementor-element elementor-element-f272213 elementor-widget__width-initial elementor-widget elementor-widget-text-editor\" data-id=\"f272213\" data-element_type=\"widget\" data-settings=\"{&quot;_animation_mobile&quot;:&quot;billeyFadeInUp&quot;}\" data-widget_type=\"text-editor.default\">\n\t\t\t\t<div class=\"elementor-widget-container\">\n\t\t\t\t\t\t\t<a href=\"https:\/\/elvapordeprodis.cat\/coneix-el-vapor\/\" target=\"_blank\" rel=\"noopener\">El Vapor Prodis<\/a>\t\t\t\t\t\t<\/div>\n\t\t\t\t<\/div>\n\t\t\t\t<div class=\"elementor-element elementor-element-67c5389 elementor-widget__width-initial elementor-widget elementor-widget-text-editor\" data-id=\"67c5389\" data-element_type=\"widget\" data-widget_type=\"text-editor.default\">\n\t\t\t\t<div class=\"elementor-widget-container\">\n\t\t\t\t\t\t\t\nUbicado en un antiguo edificio de la industria textil, este restaurante combina historia, compromiso social y un ambiente acogedor para el networking. Disfrutaremos de una experiencia gastron\u00f3mica de alta calidad en un espacio inclusivo que brinda oportunidades laborales a personas con discapacidad intelectual y trastornos de salud mental. \n\t\t\t\t\t\t<\/div>\n\t\t\t\t<\/div>\n\t\t\t\t\t<\/div>\n\t\t<\/div>\n\t\t\t\t\t<\/div>\n\t\t<\/section>\n\t\t\t\t<\/div>\n\t\t","protected":false},"excerpt":{"rendered":"<p>OPTOEL Sede Sede del Optoel 2025 Del 1 al 4 de julio de 2025, Terrassa ser\u00e1 el punto de encuentro de la comunidad cient\u00edfica y tecnol\u00f3gica con la celebraci\u00f3n de la XIV Reuni\u00f3n de Optoelectr\u00f3nica \/ I Optoel Joven. Auditorio Municipal de Terrassa Un espacio emblem\u00e1tico de referencia cultural y musical que acoger\u00e1 las charlas y conferencias del congreso. Su ubicaci\u00f3n privilegiada, junto al Parc de Vallparad\u00eds, permite un acceso c\u00f3modo en transporte p\u00fablico. La estaci\u00f3n Vallparad\u00eds Universitat de los Ferrocarriles de la Generalitat de Catalunya (FGC) se encuentra a tan solo 200 metros. Auditorio municipal de Terrassa Sal\u00f3n de actos &#8211; Conferencias Plenarias Hall central &#8211; Zona de exposici\u00f3n de empresas y catering C\u00f3mo llegar desde Barcelona En tren Ferrocarriles de la Generalitat de Catalunya (FGC): L\u00ednea S1 \u2013 Direcci\u00f3n Terrassa Nacions Unides. Rodalies RENFE: L\u00ednea R4 \u2013 Direcci\u00f3n Terrassa Estaci\u00f3 del Nord. En autob\u00fas L\u00ednea E2.1: Terrassa \u2013 Barcelona (Sagrera). L\u00ednea E2.2: Terrassa \u2013 Barcelona (Zona Universit\u00e0ria). L\u00edneas urbanas: Varias l\u00edneas de TMESA conectan la estaci\u00f3n de tren con el Auditorio. En coche Accesos por la C-58 y la C-16. Cenas del Congreso Mi\u00e9rcoles 2 de julio de 2025 Recepci\u00f3n de Bienvenida Casa Alegre de Sagrera Un elegante palacete modernista del siglo XIX convertido en museo, que conserva su decoraci\u00f3n original y ofrece un entorno \u00fanico para dar la bienvenida a los asistentes al congreso. Jueves 3 de julio de 2025 Cena de Networking El Vapor Prodis Ubicado en un antiguo edificio de la industria textil, este restaurante combina historia, compromiso social y un ambiente acogedor para el networking. Disfrutaremos de una experiencia gastron\u00f3mica de alta calidad en un espacio inclusivo que brinda oportunidades laborales a personas con discapacidad intelectual y trastornos de salud mental.<\/p>\n","protected":false},"author":1,"featured_media":0,"parent":0,"menu_order":0,"comment_status":"closed","ping_status":"closed","template":"","meta":{"footnotes":""},"class_list":["post-8196","page","type-page","status-publish","hentry","post-no-thumbnail"],"_links":{"self":[{"href":"https:\/\/optoel.es\/2025\/wp-json\/wp\/v2\/pages\/8196"}],"collection":[{"href":"https:\/\/optoel.es\/2025\/wp-json\/wp\/v2\/pages"}],"about":[{"href":"https:\/\/optoel.es\/2025\/wp-json\/wp\/v2\/types\/page"}],"author":[{"embeddable":true,"href":"https:\/\/optoel.es\/2025\/wp-json\/wp\/v2\/users\/1"}],"replies":[{"embeddable":true,"href":"https:\/\/optoel.es\/2025\/wp-json\/wp\/v2\/comments?post=8196"}],"version-history":[{"count":26,"href":"https:\/\/optoel.es\/2025\/wp-json\/wp\/v2\/pages\/8196\/revisions"}],"predecessor-version":[{"id":8233,"href":"https:\/\/optoel.es\/2025\/wp-json\/wp\/v2\/pages\/8196\/revisions\/8233"}],"wp:attachment":[{"href":"https:\/\/optoel.es\/2025\/wp-json\/wp\/v2\/media?parent=8196"}],"curies":[{"name":"wp","href":"https:\/\/api.w.org\/{rel}","templated":true}]}}