{"id":7883,"date":"2024-11-21T11:10:18","date_gmt":"2024-11-21T10:10:18","guid":{"rendered":"https:\/\/optoel.es\/2025\/?page_id=7883"},"modified":"2025-06-19T15:31:17","modified_gmt":"2025-06-19T13:31:17","slug":"programa-optoel2025","status":"publish","type":"page","link":"https:\/\/optoel.es\/2025\/programa-optoel2025\/","title":{"rendered":"Programa"},"content":{"rendered":"\t\t<div data-elementor-type=\"wp-page\" data-elementor-id=\"7883\" class=\"elementor elementor-7883\">\n\t\t\t\t\t\t<section class=\"elementor-section elementor-top-section elementor-element elementor-element-b3eb4de elementor-section-stretched elementor-section-full_width elementor-section-height-default elementor-section-height-default elementor-section-column-vertical-align-stretch\" data-id=\"b3eb4de\" data-element_type=\"section\" data-settings=\"{&quot;stretch_section&quot;:&quot;section-stretched&quot;,&quot;background_background&quot;:&quot;classic&quot;}\">\n\t\t\t\t\t\t\t<div class=\"elementor-background-overlay\"><\/div>\n\t\t\t\t\t\t\t<div class=\"elementor-container elementor-column-gap-no\">\n\t\t\t\t\t<div class=\"elementor-column elementor-col-100 elementor-top-column elementor-element elementor-element-26783bd\" data-id=\"26783bd\" data-element_type=\"column\" data-settings=\"{&quot;background_background&quot;:&quot;classic&quot;}\">\n\t\t\t<div class=\"elementor-widget-wrap elementor-element-populated\">\n\t\t\t\t\t<div class=\"elementor-background-overlay\"><\/div>\n\t\t\t\t<div class=\"elementor-element elementor-element-3132114 e-flex e-con-boxed e-con e-parent\" data-id=\"3132114\" data-element_type=\"container\">\n\t\t\t\t\t<div class=\"e-con-inner\">\n\t\t\t\t<div class=\"elementor-element elementor-element-5592968 elementor-widget__width-inherit elementor-invisible elementor-widget elementor-widget-tm-heading\" data-id=\"5592968\" data-element_type=\"widget\" data-settings=\"{&quot;_animation&quot;:&quot;fadeIn&quot;}\" data-widget_type=\"tm-heading.default\">\n\t\t\t\t<div class=\"elementor-widget-container\">\n\t\t\t\t\t<div class=\"tm-modern-heading\">\n\t\t\t\t\t<div class=\"heading-secondary-wrap\">\n\t\t\t<h3 class=\"heading-secondary elementor-heading-title\">PROGRAMA<\/h3>\t\t<\/div>\n\t\t\n\t\t\t\t\t<div class=\"heading-primary-wrap\">\n\t\t\t<h2 class=\"heading-primary elementor-heading-title\">Agenda del Congreso<\/h2>\t\t<\/div>\n\t\t\n\t\t\t\n\t\t\t\t\t<\/div>\n\t\t\t\t<\/div>\n\t\t\t\t<\/div>\n\t\t\t\t\t<\/div>\n\t\t\t\t<\/div>\n\t\t\t\t\t<\/div>\n\t\t<\/div>\n\t\t\t\t\t<\/div>\n\t\t<\/section>\n\t\t<div class=\"elementor-element elementor-element-7ad133d e-grid e-con-boxed elementor-invisible e-con e-parent\" data-id=\"7ad133d\" data-element_type=\"container\" data-settings=\"{&quot;animation&quot;:&quot;billeyFadeInUp&quot;}\">\n\t\t\t\t\t<div class=\"e-con-inner\">\n\t\t\t\t<div class=\"elementor-element elementor-element-27428cf elementor-widget elementor-widget-heading\" data-id=\"27428cf\" data-element_type=\"widget\" data-widget_type=\"heading.default\">\n\t\t\t\t<div class=\"elementor-widget-container\">\n\t\t\t<style>\/*! elementor - v3.22.0 - 26-06-2024 *\/\n.elementor-heading-title{padding:0;margin:0;line-height:1}.elementor-widget-heading .elementor-heading-title[class*=elementor-size-]>a{color:inherit;font-size:inherit;line-height:inherit}.elementor-widget-heading .elementor-heading-title.elementor-size-small{font-size:15px}.elementor-widget-heading .elementor-heading-title.elementor-size-medium{font-size:19px}.elementor-widget-heading .elementor-heading-title.elementor-size-large{font-size:29px}.elementor-widget-heading .elementor-heading-title.elementor-size-xl{font-size:39px}.elementor-widget-heading .elementor-heading-title.elementor-size-xxl{font-size:59px}<\/style><h2 class=\"elementor-heading-title elementor-size-default\">Descubre el Programa de OPTOEL2025<\/h2>\t\t<\/div>\n\t\t\t\t<\/div>\n\t\t\t\t\t<\/div>\n\t\t\t\t<\/div>\n\t\t<div class=\"elementor-element elementor-element-2124581 e-con-full e-flex elementor-invisible e-con e-parent\" data-id=\"2124581\" data-element_type=\"container\" data-settings=\"{&quot;animation&quot;:&quot;fadeIn&quot;}\">\n\t\t\t\t<div class=\"elementor-element elementor-element-ffcbf22 elementor-hidden-desktop elementor-hidden-tablet elementor-widget elementor-widget-html\" data-id=\"ffcbf22\" data-element_type=\"widget\" data-widget_type=\"html.default\">\n\t\t\t\t<div class=\"elementor-widget-container\">\n\t\t\t<table style=\"width: 340px; border-collapse: collapse; border: 3px solid #ffffff; margin-left: auto; margin-right: auto;\">\r\n<tbody>\r\n<tr style=\"height: 36px; background-color: #005ca5; color: #ffffff;\">\r\n<td style=\"border: 3px solid #ffffff; width: 392px; height: 36px; text-align: center; padding: 5px; font-size: 14px;\" colspan=\"2\"><strong>Martes 01 JULIO<\/strong><\/td>\r\n<\/tr>\r\n<tr>\r\n<td style=\"background-color: #005ca5; color: #ffffff; border: 3px solid #ffffff; height: 31px; width: 124.312px; padding: 5px; font-size: 14px;\">15:30-23:00<\/td>\r\n<td style=\"border: 3px solid #ffffff; background-color: #f7caac; height: 31px; width: 262.688px; padding: 5px; font-size: 14px; text-align: left;\">I OPTOEL Joven<\/td>\r\n<\/tr>\r\n<\/tbody>\r\n<\/table>\t\t<\/div>\n\t\t\t\t<\/div>\n\t\t\t\t<div class=\"elementor-element elementor-element-cf85528 elementor-hidden-desktop elementor-hidden-tablet elementor-widget elementor-widget-html\" data-id=\"cf85528\" data-element_type=\"widget\" data-widget_type=\"html.default\">\n\t\t\t\t<div class=\"elementor-widget-container\">\n\t\t\t<table style=\"width: 340px; border-collapse: collapse; border: 3px solid #ffffff; margin-left: auto; margin-right: auto;\">\r\n<tbody>\r\n<tr style=\"height: 40px; background-color: #005ca5; color: #ffffff;\">\r\n<td style=\"border: 3px solid #ffffff; width: 634px; text-align: center; padding: 5px; font-size: 14px;\" colspan=\"2\"><strong>Mi&eacute;rcoles 02 JULIO<\/strong><\/td>\r\n<\/tr>\r\n<tr style=\"height: 40px;\">\r\n<td style=\"background-color: #005ca5; color: #ffffff; border: 3px solid #ffffff; width: 97.1562px; padding: 5px; font-size: 14px;\">08:30-09:00<\/td>\r\n<td style=\"border: 3px solid #ffffff; background-color: #e7e6e6; width: 523.844px; padding: 5px; font-size: 14px; text-align: left;\">Acreditaciones<\/td>\r\n<\/tr>\r\n<tr style=\"height: 40px;\">\r\n<td style=\"background-color: #005ca5; color: #ffffff; border: 3px solid #ffffff; width: 97.1562px; padding: 5px; font-size: 14px;\">09:00-09:30<\/td>\r\n<td style=\"border: 3px solid #ffffff; background-color: #e7e6e6; width: 523.844px; padding: 5px; font-size: 14px; text-align: left;\">Sesi&oacute;n Apertura<\/td>\r\n<\/tr>\r\n<tr style=\"height: 40px;\">\r\n<td style=\"background-color: #005ca5; color: #ffffff; border: 3px solid #ffffff; width: 97.1562px; padding: 5px; font-size: 14px;\">09:30-10:00<\/td>\r\n<td style=\"border: 3px solid #ffffff; background-color: #d5ecff; height: 36px; width: 125px; text-align: left; font-size: 14px;\" rowspan=\"2\">Conferencia Invitada:<br \/><span style=\"color: #3366ff;\">Aude Martin<br \/><\/span><span style=\"font-size: 12px;\"><em>Thales Group (Francia)<\/em><\/span><\/td>\r\n<\/tr>\r\n<tr style=\"height: 40px;\">\r\n<td style=\"background-color: #005ca5; color: #ffffff; border: 3px solid #ffffff; width: 97.1562px; padding: 5px; font-size: 14px;\">10:00-10:30<\/td>\r\n<\/tr>\r\n<tr style=\"height: 40px;\">\r\n<td style=\"background-color: #005ca5; color: #ffffff; border: 3px solid #ffffff; width: 97.1562px; padding: 5px; font-size: 14px;\">10:30-11:00<\/td>\r\n<td style=\"border: 3px solid #ffffff; background-color: #c4e0b2; width: 523.844px; padding: 5px; font-size: 12px; text-align: left;\">Charla T&eacute;cnica<br \/><em>(Fibercom-EXFO)<\/em><\/td>\r\n<\/tr>\r\n<tr style=\"height: 40px;\">\r\n<td style=\"background-color: #005ca5; color: #ffffff; border: 3px solid #ffffff; width: 97.1562px; padding: 5px; font-size: 14px;\">11:00-11:30<\/td>\r\n<td style=\"border: 3px solid #ffffff; width: 523.844px; padding: 5px; font-size: 14px; text-align: left;\"><span style=\"color: #c13f98;\">Pausa Caf&eacute;<\/span><\/td>\r\n<\/tr>\r\n<tr style=\"height: 40px;\">\r\n<td style=\"background-color: #005ca5; color: #ffffff; border: 3px solid #ffffff; width: 97.1562px; padding: 5px; font-size: 14px;\">11:30-12:00<\/td>\r\n<td style=\"border: 3px solid #ffffff; background-color: #fee599; width: 523.844px; padding: 5px; font-size: 14px; text-align: left;\" rowspan=\"3\">Sesi&oacute;n P&oacute;steres 1<\/td>\r\n<\/tr>\r\n<tr style=\"height: 40px;\">\r\n<td style=\"background-color: #005ca5; color: #ffffff; border: 3px solid #ffffff; width: 97.1562px; padding: 5px; font-size: 14px;\">12:00-12:30<\/td>\r\n<\/tr>\r\n<tr style=\"height: 40px;\">\r\n<td style=\"background-color: #005ca5; color: #ffffff; border: 3px solid #ffffff; width: 97.1562px; padding: 5px; font-size: 14px;\">12:30-13:00<\/td>\r\n<\/tr>\r\n<tr style=\"height: 40px;\">\r\n<td style=\"background-color: #005ca5; color: #ffffff; border: 3px solid #ffffff; width: 97.1562px; padding: 5px; font-size: 14px;\">13:00-13:30<\/td>\r\n<td style=\"border: 3px solid #ffffff; background-color: #d5ecff; height: 36px; width: 125px; text-align: left; font-size: 14px;\" rowspan=\"2\">Conferencia Invitado:<br \/><span style=\"color: #3366ff;\">Joan Manel Ram&iacute;rez<br \/><\/span><span style=\"font-size: 12px;\"><em>III-VLab (Francia)<\/em><\/span><\/td>\r\n<\/tr>\r\n<tr style=\"height: 40px;\">\r\n<td style=\"background-color: #005ca5; color: #ffffff; border: 3px solid #ffffff; width: 97.1562px; padding: 5px; font-size: 14px;\">13:30-14:00<\/td>\r\n<\/tr>\r\n<tr style=\"height: 40px;\">\r\n<td style=\"background-color: #005ca5; color: #ffffff; border: 3px solid #ffffff; width: 97.1562px; padding: 5px; font-size: 14px;\">14:00-14:30<\/td>\r\n<td style=\"border: 3px solid #ffffff; width: 523.844px; padding: 5px; font-size: 14px; text-align: left;\" rowspan=\"2\"><span style=\"color: #c13f98;\">Pausa Comida<\/span><\/td>\r\n<\/tr>\r\n<tr style=\"height: 40px;\">\r\n<td style=\"background-color: #005ca5; color: #ffffff; border: 3px solid #ffffff; width: 97.1562px; padding: 5px; font-size: 14px;\">14:40-15:00<\/td>\r\n<\/tr>\r\n<tr style=\"height: 40px;\">\r\n<td style=\"background-color: #005ca5; color: #ffffff; border: 3px solid #ffffff; width: 97.1562px; padding: 5px; font-size: 14px;\">15:00-15:30<\/td>\r\n<td style=\"border: 3px solid #ffffff; background-color: #dacefa; height: 85px; width: 125px; font-size: 14px; text-align: left;\" rowspan=\"2\">&Aacute;rea de Mujer, &Oacute;ptica y Fot&oacute;nica (MOF)<br \/><span style=\"font-size: 12px;\"><em>Conciliaci&oacute;n laboral y familiar<\/em><\/span><\/td>\r\n<\/tr>\r\n<tr style=\"height: 40px;\">\r\n<td style=\"background-color: #005ca5; color: #ffffff; border: 3px solid #ffffff; width: 97.1562px; padding: 5px; font-size: 14px;\">15:30-16:00<\/td>\r\n<\/tr>\r\n<tr style=\"height: 40px;\">\r\n<td style=\"background-color: #005ca5; color: #ffffff; border: 3px solid #ffffff; width: 97.1562px; padding: 5px; font-size: 14px;\">16:00-16:30<\/td>\r\n<td style=\"border: 3px solid #ffffff; background-color: #fee599; width: 523.844px; padding: 5px; font-size: 14px; text-align: left;\" rowspan=\"3\">Sesi&oacute;n P&oacute;steres 2<\/td>\r\n<\/tr>\r\n<tr style=\"height: 40px;\">\r\n<td style=\"background-color: #005ca5; color: #ffffff; border: 3px solid #ffffff; width: 97.1562px; padding: 5px; font-size: 14px;\">16:30-17:00<\/td>\r\n<\/tr>\r\n<tr style=\"height: 40px;\">\r\n<td style=\"background-color: #005ca5; color: #ffffff; border: 3px solid #ffffff; width: 97.1562px; padding: 5px; font-size: 14px;\">17:00-17:30<\/td>\r\n<\/tr>\r\n<tr style=\"height: 40px;\">\r\n<td style=\"background-color: #005ca5; color: #ffffff; border: 3px solid #ffffff; width: 97.1562px; padding: 5px; font-size: 14px;\">17:30-18:00<\/td>\r\n<td style=\"border: 3px solid #ffffff; background-color: #ffffff; width: 523.844px; padding: 5px; font-size: 14px; text-align: left;\">&nbsp;<\/td>\r\n<\/tr>\r\n  <tr style=\"height: 40px;\">\r\n<td style=\"background-color: #005ca5; color: #ffffff; border: 3px solid #ffffff; width: 97.1562px; padding: 5px; font-size: 14px;\">18:00-19:00<\/td>\r\n<td style=\"border: 3px solid #ffffff; background-color: #ffffff; width: 523.844px; padding: 5px; font-size: 14px; text-align: left;\">&nbsp;<\/td>\r\n<\/tr>\r\n<tr style=\"height: 40px;\">\r\n<td style=\"background-color: #005ca5; color: #ffffff; border: 3px solid #ffffff; width: 97.1562px; padding: 5px; font-size: 14px;\">19:00-20:30<\/td>\r\n<td style=\"border: 3px solid #ffffff; background-color: #f7caac; width: 523.844px; padding: 5px; font-size: 14px; text-align: left;\">Ruta Cultural<\/td>\r\n<\/tr>\r\n<tr style=\"height: 40px;\">\r\n<td style=\"background-color: #005ca5; color: #ffffff; border: 3px solid #ffffff; width: 97.1562px; padding: 5px; font-size: 14px;\">20:30-23:00<\/td>\r\n<td style=\"border: 3px solid #ffffff; background-color: #f7caac; width: 523.844px; padding: 5px; font-size: 14px; text-align: left;\">Recepci&oacute;n de Bienvenida<\/td>\r\n<\/tr>\r\n<\/tbody>\r\n<\/table>\t\t<\/div>\n\t\t\t\t<\/div>\n\t\t\t\t<div class=\"elementor-element elementor-element-91c1952 elementor-hidden-desktop elementor-hidden-tablet elementor-widget elementor-widget-html\" data-id=\"91c1952\" data-element_type=\"widget\" data-widget_type=\"html.default\">\n\t\t\t\t<div class=\"elementor-widget-container\">\n\t\t\t<table style=\"width: 340px; border-collapse: collapse; border: 3px solid #ffffff; margin-left: auto; margin-right: auto;\">\r\n<tbody>\r\n<tr style=\"height: 27px; background-color: #005ca5; color: #ffffff;\">\r\n<td style=\"border: 3px solid #ffffff; width: 634px; text-align: center; padding: 5px; font-size: 14px; height: 27px;\" colspan=\"2\"><strong>Jueves 03 JULIO<\/strong><\/td>\r\n<\/tr>\r\n<tr style=\"height: 36px;\">\r\n<td style=\"background-color: #005ca5; color: #ffffff; border: 3px solid #ffffff; width: 97.1562px; padding: 5px; font-size: 14px; height: 36px;\">09:00-09:30<\/td>\r\n<td style=\"border: 3px solid #ffffff; background-color: #d5ecff; width: 523.844px; padding: 5px; font-size: 14px; text-align: left; height: 72px;\" rowspan=\"2\">Conferencia Invitada:<br \/><span style=\"color: #3366ff;\"><span style=\"font-weight: 400;\">Ma\u0142gorzata Szczerska<\/span><br \/><\/span><span style=\"font-size: 12px;\"><em>Gda\u0144sk University of Technology (Polonia)<\/em><\/span><\/td>\r\n<\/tr>\r\n<tr style=\"height: 36px;\">\r\n<td style=\"background-color: #005ca5; color: #ffffff; border: 3px solid #ffffff; width: 97.1562px; padding: 5px; font-size: 14px; height: 36px;\">09:30-10:00<\/td>\r\n<\/tr>\r\n<tr style=\"height: 1.25px;\">\r\n<td style=\"background-color: #005ca5; color: #ffffff; border: 3px solid #ffffff; width: 97.1562px; padding: 5px; font-size: 14px; height: 28.25px;\" rowspan=\"2\">10:00-10:30<\/td>\r\n<\/tr>\r\n<tr style=\"height: 27px;\">\r\n<td style=\"border: 3px solid #ffffff; background-color: #c4e0b2; width: 523.844px; padding: 5px; font-size: 14px; text-align: left; height: 27px;\">Charla T&eacute;cnica<br \/><span style=\"font-size: 12px;\"><em>(Hamamatsu, Iberoptics, Monocrom)\r\n<\/em><\/span><\/td>\r\n<\/tr>\r\n<tr style=\"height: 36px;\">\r\n<td style=\"background-color: #005ca5; color: #ffffff; border: 3px solid #ffffff; width: 97.1562px; padding: 5px; font-size: 14px; height: 36px;\">10:30-11:00<\/td>\r\n<td style=\"border: 3px solid #ffffff; width: 523.844px; padding: 5px; font-size: 14px; text-align: left; height: 36px;\"><span style=\"color: #c13f98;\">Pausa Caf&eacute;<\/span><\/td>\r\n<\/tr>\r\n<tr style=\"height: 36px;\">\r\n<td style=\"background-color: #005ca5; color: #ffffff; border: 3px solid #ffffff; width: 97.1562px; padding: 5px; font-size: 14px; height: 36px;\">11:00-11:30<\/td>\r\n<td style=\"border: 3px solid #ffffff; background-color: #fee599; width: 523.844px; padding: 5px; font-size: 14px; text-align: left; height: 108px;\" rowspan=\"3\">Sesi&oacute;n P&oacute;steres 3&nbsp;&nbsp;<\/td>\r\n<\/tr>\r\n<tr style=\"height: 36px;\">\r\n<td style=\"background-color: #005ca5; color: #ffffff; border: 3px solid #ffffff; width: 97.1562px; padding: 5px; font-size: 14px; height: 36px;\">11:30-12:00<\/td>\r\n<\/tr>\r\n<tr style=\"height: 36px;\">\r\n<td style=\"background-color: #005ca5; color: #ffffff; border: 3px solid #ffffff; width: 97.1562px; padding: 5px; font-size: 14px; height: 36px;\">12:00-12:30<\/td>\r\n<\/tr>\r\n<tr style=\"height: 36px;\">\r\n<td style=\"background-color: #005ca5; color: #ffffff; border: 3px solid #ffffff; width: 97.1562px; padding: 5px; font-size: 14px; height: 36px;\">12:30-13:00<\/td>\r\n<td style=\"background-color: #c4e0b2; border: 3px solid #ffffff; width: 97.1562px; padding: 5px; font-size: 14px; text-align: left; height: 36px;\">Charla T&eacute;cnica<br \/><span style=\"font-size: 12px;\"><em>(ZEPREN Solutions, UPVfab, ProCareLight)\r\n<\/em><\/span><\/td>\r\n<\/tr>\r\n<tr style=\"height: 36px;\">\r\n<td style=\"background-color: #005ca5; color: #ffffff; border: 3px solid #ffffff; width: 97.1562px; padding: 5px; font-size: 14px; height: 36px;\">13:00-13:30<\/td>\r\n<td style=\"border: 3px solid #ffffff; background-color: #d5ecff; height: 72px; width: 125px; text-align: left; font-size: 14px;\" rowspan=\"2\">Conferencia Invitada:<br \/><span style=\"color: #3366ff;\">Jessica Ramella-Roman<br \/><\/span><span style=\"font-size: 12px;\"><em>Florida International University (USA) <\/em><\/span><\/td>\r\n<\/tr>\r\n<tr style=\"height: 36px;\">\r\n<td style=\"background-color: #005ca5; color: #ffffff; border: 3px solid #ffffff; width: 97.1562px; padding: 5px; font-size: 14px; height: 36px;\">13:30-14:00<\/td>\r\n<\/tr>\r\n<tr style=\"height: 36px;\">\r\n<td style=\"background-color: #005ca5; color: #ffffff; border: 3px solid #ffffff; width: 97.1562px; padding: 5px; font-size: 14px; height: 36px;\">14:00-14:30<\/td>\r\n<td style=\"border: 3px solid #ffffff; width: 523.844px; padding: 5px; font-size: 14px; text-align: left; height: 72px;\" rowspan=\"2\"><span style=\"color: #c13f98;\">Pausa Comida<\/span><\/td>\r\n<\/tr>\r\n<tr style=\"height: 36px;\">\r\n<td style=\"background-color: #005ca5; color: #ffffff; border: 3px solid #ffffff; width: 97.1562px; padding: 5px; font-size: 14px; height: 36px;\">14:40-15:00<\/td>\r\n<\/tr>\r\n<tr style=\"height: 36px;\">\r\n<td style=\"background-color: #005ca5; color: #ffffff; border: 3px solid #ffffff; width: 97.1562px; padding: 5px; font-size: 14px; height: 36px;\">15:00-15:30<\/td>\r\n<td style=\"border: 3px solid #ffffff; background-color: #e7e7e7; height: 72px; width: 125px; font-size: 14px; text-align: left;\" rowspan=\"2\">Asamblea Comit&eacute; Optoelectr&oacute;nica<\/td>\r\n<\/tr>\r\n<tr style=\"height: 36px;\">\r\n<td style=\"background-color: #005ca5; color: #ffffff; border: 3px solid #ffffff; width: 97.1562px; padding: 5px; font-size: 14px; height: 36px;\">15:30-16:00<\/td>\r\n<\/tr>\r\n<tr style=\"height: 36px;\">\r\n<td style=\"background-color: #005ca5; color: #ffffff; border: 3px solid #ffffff; width: 97.1562px; padding: 5px; font-size: 14px; height: 36px;\">16:00-16:30<\/td>\r\n<td style=\"border: 3px solid #ffffff; background-color: #c4e0b2; width: 523.844px; padding: 5px; font-size: 14px; text-align: left; height: 144px;\" rowspan=\"4\">Foro de Talento<br \/>Foro de Innovaci&oacute;n<\/td>\r\n<\/tr>\r\n<tr style=\"height: 36px;\">\r\n<td style=\"background-color: #005ca5; color: #ffffff; border: 3px solid #ffffff; width: 97.1562px; padding: 5px; font-size: 14px; height: 36px;\">16:30-17:00<\/td>\r\n<\/tr>\r\n<tr style=\"height: 36px;\">\r\n<td style=\"background-color: #005ca5; color: #ffffff; border: 3px solid #ffffff; width: 97.1562px; padding: 5px; font-size: 14px; height: 36px;\">17:00-17:30<\/td>\r\n<\/tr>\r\n<tr style=\"height: 36px;\">\r\n<td style=\"background-color: #005ca5; color: #ffffff; border: 3px solid #ffffff; width: 97.1562px; padding: 5px; font-size: 14px; height: 36px;\">17:30-18:00<\/td>\r\n<\/tr>\r\n<tr style=\"height: 36px;\">\r\n<td style=\"background-color: #005ca5; color: #ffffff; border: 3px solid #ffffff; width: 97.1562px; padding: 5px; font-size: 14px; height: 36px;\">18:00-19:00<\/td>\r\n<\/tr>\r\n<tr style=\"height: 36px;\">\r\n<td style=\"background-color: #005ca5; color: #ffffff; border: 3px solid #ffffff; width: 97.1562px; padding: 5px; font-size: 14px; height: 36px;\">19:00-20:30<\/td>\r\n<td style=\"border: 3px solid #ffffff; background-color: #f7caac; width: 523.844px; padding: 5px; font-size: 14px; text-align: left; height: 36px;\">Ruta Cultural<\/td>\r\n<\/tr>\r\n<tr style=\"height: 36px;\">\r\n<td style=\"background-color: #005ca5; color: #ffffff; border: 3px solid #ffffff; width: 97.1562px; padding: 5px; font-size: 14px; height: 36px;\">20:30-23:00<\/td>\r\n<td style=\"border: 3px solid #ffffff; background-color: #f7caac; width: 523.844px; padding: 5px; font-size: 14px; text-align: left; height: 36px;\">Cena de Networking<\/td>\r\n<\/tr>\r\n<\/tbody>\r\n<\/table>\t\t<\/div>\n\t\t\t\t<\/div>\n\t\t\t\t<div class=\"elementor-element elementor-element-d47cfb4 elementor-hidden-desktop elementor-hidden-tablet elementor-widget elementor-widget-html\" data-id=\"d47cfb4\" data-element_type=\"widget\" data-widget_type=\"html.default\">\n\t\t\t\t<div class=\"elementor-widget-container\">\n\t\t\t<table style=\"width: 340px; border-collapse: collapse; border: 3px solid #ffffff; margin-left: auto; margin-right: auto; height: 536px;\">\r\n<tbody>\r\n<tr style=\"height: 40px; background-color: #005ca5; color: #ffffff;\">\r\n<td style=\"border: 3px solid #ffffff; width: 634px; height: 40px; text-align: center; padding: 5px; font-size: 14px;\" colspan=\"2\"><strong>Viernes 04 JULIO<\/strong><\/td>\r\n<\/tr>\r\n<tr style=\"height: 40px;\">\r\n<td style=\"background-color: #005ca5; color: #ffffff; border: 3px solid #ffffff; width: 95.1562px; text-align: center; padding: 5px; font-size: 14px;\">09:00-09:30<\/td>\r\n<td style=\"border: 3px solid #ffffff; width: 523.844px; padding: 5px; font-size: 14px; background-color: #fee599; text-align: left;\" rowspan=\"3\">Sesi&oacute;n P&oacute;steres 4<\/td>\r\n<\/tr>\r\n<tr style=\"height: 40px;\">\r\n<td style=\"background-color: #005ca5; color: #ffffff; border: 3px solid #ffffff; width: 95.1562px; text-align: center; padding: 5px; font-size: 14px;\">09:30-10:00<\/td>\r\n<\/tr>\r\n<tr style=\"height: 40px;\">\r\n<td style=\"background-color: #005ca5; color: #ffffff; border: 3px solid #ffffff; width: 95.1562px; text-align: center; padding: 5px; font-size: 14px;\">10:00-10:30<\/td>\r\n<\/tr>\r\n<tr style=\"height: 40px;\">\r\n<td style=\"background-color: #005ca5; color: #ffffff; border: 3px solid #ffffff; width: 95.1562px; text-align: center; padding: 5px; font-size: 14px;\">10:30-11:00<\/td>\r\n<td style=\"border: 3px solid #ffffff; background-color: #c4e0b2; width: 525.844px; padding: 5px; font-size: 14px; text-align: left;\">Charla T&eacute;cnica<br \/><span style=\"font-size: 12px;\"><em>(MTB, AMS Technologies, Pro-Lite)\r\n<\/em><\/span><\/td>\r\n<\/tr>\r\n<tr style=\"height: 40px;\">\r\n<td style=\"background-color: #005ca5; color: #ffffff; border: 3px solid #ffffff; width: 95.1562px; text-align: center; padding: 5px; font-size: 14px;\">11:00-11:30<\/td>\r\n<td style=\"border: 3px solid #ffffff; width: 523.844px; padding: 5px; font-size: 14px; text-align: left;\"><span style=\"color: #c13f98;\">Pausa Caf&eacute;<\/span><\/td>\r\n<\/tr>\r\n<tr style=\"height: 40px;\">\r\n<td style=\"background-color: #005ca5; color: #ffffff; border: 3px solid #ffffff; width: 95.1562px; text-align: center; padding: 5px; font-size: 14px;\">11:30-12:00<\/td>\r\n<td style=\"border: 3px solid #ffffff; background-color: #d5ecff; height: 36px; width: 125px; font-size: 14px; text-align: left;\" rowspan=\"2\">Conferencia Invitado:<br \/><span style=\"color: #3366ff;\">Christophe Caucheteur&nbsp;<br \/><\/span><span style=\"font-size: 12px;\"><em>University of Mons (B&eacute;lgica)<\/em><\/span><\/td>\r\n<\/tr>\r\n<tr style=\"height: 40px;\">\r\n<td style=\"background-color: #005ca5; color: #ffffff; border: 3px solid #ffffff; width: 95.1562px; text-align: center; padding: 5px; font-size: 14px;\">12:00-12:30<\/td>\r\n<\/tr>\r\n<tr style=\"height: 40px;\">\r\n<td style=\"background-color: #005ca5; color: #ffffff; border: 3px solid #ffffff; width: 95.1562px; text-align: center; padding: 5px; font-size: 14px;\">12:30-13:00<\/td>\r\n<td style=\"border: 3px solid #ffffff; background-color: #c4e0b2; width: 525.844px; padding: 5px; font-size: 14px; text-align: left;\">Charla T&eacute;cnica<br \/><span style=\"font-size: 12px;\"><em>(LASING, PIC-UPV Chip Chair, SECPHO)\r\n<\/em><\/span><\/td>\r\n<\/tr>\r\n<tr style=\"height: 40px;\">\r\n<td style=\"background-color: #005ca5; color: #ffffff; border: 3px solid #ffffff; width: 95.1562px; text-align: center; padding: 5px; font-size: 14px;\">13:00-13:30<\/td>\r\n<td style=\"border: 3px solid #ffffff; background-color: #e7e6e6; width: 525.844px; padding: 5px; font-size: 14px; text-align: left;\" rowspan=\"2\">Entrega de Premios<br \/>Clausura<\/td>\r\n<\/tr>\r\n<tr style=\"height: 40px;\">\r\n<td style=\"background-color: #005ca5; color: #ffffff; border: 3px solid #ffffff; width: 95.1562px; text-align: center; padding: 5px; font-size: 14px;\">13:30-14:00<\/td>\r\n<\/tr>\r\n<tr style=\"height: 40px;\">\r\n<td style=\"background-color: #005ca5; color: #ffffff; border: 3px solid #ffffff; width: 95.1562px; text-align: center; padding: 5px; font-size: 14px;\">14:00-14:30<\/td>\r\n<td style=\"border: 3px solid #ffffff; width: 525.844px; padding: 5px; font-size: 14px; text-align: left;\" rowspan=\"2\"><span style=\"color: #c13f98;\">Cocktail Despedida<\/span><\/td>\r\n<\/tr>\r\n<tr style=\"height: 40px;\">\r\n<td style=\"background-color: #005ca5; color: #ffffff; border: 3px solid #ffffff; width: 95.1562px; text-align: center; padding: 5px; font-size: 14px;\">14:30-15:00<\/td>\r\n<\/tr>\r\n<\/tbody>\r\n<\/table>\t\t<\/div>\n\t\t\t\t<\/div>\n\t\t\t\t<div class=\"elementor-element elementor-element-42fd74d elementor-hidden-desktop elementor-hidden-mobile elementor-widget elementor-widget-html\" data-id=\"42fd74d\" data-element_type=\"widget\" data-widget_type=\"html.default\">\n\t\t\t\t<div class=\"elementor-widget-container\">\n\t\t\t<table style=\"width: 650px; border-collapse: collapse; border: 3px solid #ffffff; margin-left: auto; margin-right: auto;\">\r\n<tbody>\r\n<tr style=\"height: 36px; background-color: #005ca5; color: #ffffff;\">\r\n<td style=\"border: 3px solid #ffffff; width: 634px; height: 36px; text-align: center; padding: 5px; font-size: 14px;\" colspan=\"2\"><strong>Martes 01 JULIO<\/strong><\/td>\r\n<\/tr>\r\n<tr>\r\n<td style=\"background-color: #005ca5; color: #ffffff; border: 3px solid #ffffff; height: 31px; width: 98.1562px; padding: 5px; font-size: 14px;\">15:30-23:00<\/td>\r\n<td style=\"border: 3px solid #ffffff; background-color: #f7caac; height: 31px; width: 522.844px; padding: 5px; font-size: 14px; text-align: left;\">I OPTOEL Joven<\/td>\r\n<\/tr>\r\n<\/tbody>\r\n<\/table>\t\t<\/div>\n\t\t\t\t<\/div>\n\t\t\t\t<div class=\"elementor-element elementor-element-c92d58c elementor-hidden-desktop elementor-hidden-mobile elementor-widget elementor-widget-html\" data-id=\"c92d58c\" data-element_type=\"widget\" data-widget_type=\"html.default\">\n\t\t\t\t<div class=\"elementor-widget-container\">\n\t\t\t<table style=\"width: 650px; border-collapse: collapse; border: 3px solid #ffffff; margin-left: auto; margin-right: auto;\">\r\n<tbody>\r\n<tr style=\"height: 40px; background-color: #005ca5; color: #ffffff;\">\r\n<td style=\"border: 3px solid #ffffff; width: 634px; text-align: center; padding: 5px; font-size: 14px;\" colspan=\"2\"><strong>Mi&eacute;rcoles 02 JULIO<\/strong><\/td>\r\n<\/tr>\r\n<tr style=\"height: 40px;\">\r\n<td style=\"background-color: #005ca5; color: #ffffff; border: 3px solid #ffffff; width: 97.1562px; padding: 5px; font-size: 14px;\">08:30-09:00<\/td>\r\n<td style=\"border: 3px solid #ffffff; background-color: #e7e6e6; width: 523.844px; padding: 5px; font-size: 14px; text-align: left;\">Acreditaciones<\/td>\r\n<\/tr>\r\n<tr style=\"height: 40px;\">\r\n<td style=\"background-color: #005ca5; color: #ffffff; border: 3px solid #ffffff; width: 97.1562px; padding: 5px; font-size: 14px;\">09:00-09:30<\/td>\r\n<td style=\"border: 3px solid #ffffff; background-color: #e7e6e6; width: 523.844px; padding: 5px; font-size: 14px; text-align: left;\">Sesi&oacute;n Apertura<\/td>\r\n<\/tr>\r\n<tr style=\"height: 40px;\">\r\n<td style=\"background-color: #005ca5; color: #ffffff; border: 3px solid #ffffff; width: 97.1562px; padding: 5px; font-size: 14px;\">09:30-10:00<\/td>\r\n<td style=\"border: 3px solid #ffffff; background-color: #d5ecff; height: 36px; width: 125px; text-align: left; font-size: 14px;\" rowspan=\"2\">Conferencia Invitada:<br \/><span style=\"color: #3366ff;\">Aude Martin<br \/><\/span><span style=\"font-size: 12px;\"><em>Thales Group (Francia)<\/em><\/span><\/td>\r\n<\/tr>\r\n<tr style=\"height: 40px;\">\r\n<td style=\"background-color: #005ca5; color: #ffffff; border: 3px solid #ffffff; width: 97.1562px; padding: 5px; font-size: 14px;\">10:00-10:30<\/td>\r\n<\/tr>\r\n<tr style=\"height: 40px;\">\r\n<td style=\"background-color: #005ca5; color: #ffffff; border: 3px solid #ffffff; width: 97.1562px; padding: 5px; font-size: 14px;\">10:30-11:00<\/td>\r\n<td style=\"border: 3px solid #ffffff; background-color: #c4e0b2; width: 523.844px; padding: 5px; font-size: 14px; text-align: left;\">Charla T&eacute;cnica&nbsp;<br \/><em><span style=\"font-size: 12px;\"><em>(Fibercom-EXFO) <\/em><\/span><\/td>\r\n<\/tr>\r\n<tr style=\"height: 40px;\">\r\n<td style=\"background-color: #005ca5; color: #ffffff; border: 3px solid #ffffff; width: 97.1562px; padding: 5px; font-size: 14px;\">11:00-11:30<\/td>\r\n<td style=\"border: 3px solid #ffffff; width: 523.844px; padding: 5px; font-size: 14px; text-align: left;\"><span style=\"color: #c13f98;\">Pausa Caf&eacute;<\/span><\/td>\r\n<\/tr>\r\n<tr style=\"height: 40px;\">\r\n<td style=\"background-color: #005ca5; color: #ffffff; border: 3px solid #ffffff; width: 97.1562px; padding: 5px; font-size: 14px;\">11:30-12:00<\/td>\r\n<td style=\"border: 3px solid #ffffff; background-color: #fee599; width: 523.844px; padding: 5px; font-size: 14px; text-align: left;\" rowspan=\"3\">Sesi&oacute;n P&oacute;steres 1<\/td>\r\n<\/tr>\r\n<tr style=\"height: 40px;\">\r\n<td style=\"background-color: #005ca5; color: #ffffff; border: 3px solid #ffffff; width: 97.1562px; padding: 5px; font-size: 14px;\">12:00-12:30<\/td>\r\n<\/tr>\r\n<tr style=\"height: 40px;\">\r\n<td style=\"background-color: #005ca5; color: #ffffff; border: 3px solid #ffffff; width: 97.1562px; padding: 5px; font-size: 14px;\">12:30-13:00<\/td>\r\n<\/tr>\r\n<tr style=\"height: 40px;\">\r\n<td style=\"background-color: #005ca5; color: #ffffff; border: 3px solid #ffffff; width: 97.1562px; padding: 5px; font-size: 14px;\">13:00-13:30<\/td>\r\n<td style=\"border: 3px solid #ffffff; background-color: #d5ecff; height: 36px; width: 125px; text-align: left; font-size: 14px;\" rowspan=\"2\">Conferencia Invitado:<br \/><span style=\"color: #3366ff;\">Joan Manel Ram&iacute;rez<br \/><\/span><span style=\"font-size: 12px;\"><em>III-VLab (Francia)<\/em><\/span><\/td>\r\n<\/tr>\r\n<tr style=\"height: 40px;\">\r\n<td style=\"background-color: #005ca5; color: #ffffff; border: 3px solid #ffffff; width: 97.1562px; padding: 5px; font-size: 14px;\">13:30-14:00<\/td>\r\n<\/tr>\r\n<tr style=\"height: 40px;\">\r\n<td style=\"background-color: #005ca5; color: #ffffff; border: 3px solid #ffffff; width: 97.1562px; padding: 5px; font-size: 14px;\">14:00-14:30<\/td>\r\n<td style=\"border: 3px solid #ffffff; width: 523.844px; padding: 5px; font-size: 14px; text-align: left;\" rowspan=\"2\"><span style=\"color: #c13f98;\">Pausa Comida<\/span><\/td>\r\n<\/tr>\r\n<tr style=\"height: 40px;\">\r\n<td style=\"background-color: #005ca5; color: #ffffff; border: 3px solid #ffffff; width: 97.1562px; padding: 5px; font-size: 14px;\">14:40-15:00<\/td>\r\n<\/tr>\r\n<tr style=\"height: 40px;\">\r\n<td style=\"background-color: #005ca5; color: #ffffff; border: 3px solid #ffffff; width: 97.1562px; padding: 5px; font-size: 14px;\">15:00-15:30<\/td>\r\n<td style=\"border: 3px solid #ffffff; background-color: #dacefa; height: 85px; width: 125px; font-size: 14px; text-align: left;\" rowspan=\"2\">&Aacute;rea de Mujer, &Oacute;ptica y Fot&oacute;nica (MOF)<br \/><span style=\"font-size: 12px;\"><em>Conciliaci&oacute;n laboral y familiar<\/em><\/span><\/td>\r\n<\/tr>\r\n<tr style=\"height: 40px;\">\r\n<td style=\"background-color: #005ca5; color: #ffffff; border: 3px solid #ffffff; width: 97.1562px; padding: 5px; font-size: 14px;\">15:30-16:00<\/td>\r\n<\/tr>\r\n<tr style=\"height: 40px;\">\r\n<td style=\"background-color: #005ca5; color: #ffffff; border: 3px solid #ffffff; width: 97.1562px; padding: 5px; font-size: 14px;\">16:00-16:30<\/td>\r\n<td style=\"border: 3px solid #ffffff; background-color: #fee599; width: 523.844px; padding: 5px; font-size: 14px; text-align: left;\" rowspan=\"3\">Sesi&oacute;n P&oacute;steres 2<\/td>\r\n<\/tr>\r\n<tr style=\"height: 40px;\">\r\n<td style=\"background-color: #005ca5; color: #ffffff; border: 3px solid #ffffff; width: 97.1562px; padding: 5px; font-size: 14px;\">16:30-17:00<\/td>\r\n<\/tr>\r\n<tr style=\"height: 40px;\">\r\n<td style=\"background-color: #005ca5; color: #ffffff; border: 3px solid #ffffff; width: 97.1562px; padding: 5px; font-size: 14px;\">17:00-17:30<\/td>\r\n<\/tr>\r\n<tr style=\"height: 40px;\">\r\n<td style=\"background-color: #005ca5; color: #ffffff; border: 3px solid #ffffff; width: 97.1562px; padding: 5px; font-size: 14px;\">17:30-18:00<\/td>\r\n<td style=\"border: 3px solid #ffffff; background-color: #ffffff; width: 523.844px; padding: 5px; font-size: 14px; text-align: left;\">&nbsp;<\/td>\r\n<\/tr>\r\n<tr style=\"height: 40px;\">\r\n<td style=\"background-color: #005ca5; color: #ffffff; border: 3px solid #ffffff; width: 97.1562px; padding: 5px; font-size: 14px;\">18:00-19:00<\/td>\r\n<td style=\"border: 3px solid #ffffff; background-color: #ffffff; width: 523.844px; padding: 5px; font-size: 14px; text-align: left;\">&nbsp;<\/td>\r\n<\/tr>\r\n<tr style=\"height: 40px;\">\r\n<td style=\"background-color: #005ca5; color: #ffffff; border: 3px solid #ffffff; width: 97.1562px; padding: 5px; font-size: 14px;\">19:00-20:30<\/td>\r\n<td style=\"border: 3px solid #ffffff; background-color: #f7caac; width: 523.844px; padding: 5px; font-size: 14px; text-align: left;\">Ruta Cultural<\/td>\r\n<\/tr>\r\n<tr style=\"height: 40px;\">\r\n<td style=\"background-color: #005ca5; color: #ffffff; border: 3px solid #ffffff; width: 97.1562px; padding: 5px; font-size: 14px;\">20:30-23:00<\/td>\r\n<td style=\"border: 3px solid #ffffff; background-color: #f7caac; width: 523.844px; padding: 5px; font-size: 14px; text-align: left;\">Recepci&oacute;n de Bienvenida<\/td>\r\n<\/tr>\r\n<\/tbody>\r\n<\/table>\t\t<\/div>\n\t\t\t\t<\/div>\n\t\t\t\t<div class=\"elementor-element elementor-element-f799f85 elementor-hidden-desktop elementor-hidden-mobile elementor-widget elementor-widget-html\" data-id=\"f799f85\" data-element_type=\"widget\" data-widget_type=\"html.default\">\n\t\t\t\t<div class=\"elementor-widget-container\">\n\t\t\t<table style=\"width: 650px; border-collapse: collapse; border: 3px solid #ffffff; margin-left: auto; margin-right: auto;\">\r\n<tbody>\r\n<tr style=\"height: 27px; background-color: #005ca5; color: #ffffff;\">\r\n<td style=\"border: 3px solid #ffffff; width: 634px; text-align: center; padding: 5px; font-size: 14px; height: 27px;\" colspan=\"2\"><strong>Jueves 03 JULIO<\/strong><\/td>\r\n<\/tr>\r\n<tr style=\"height: 27px;\">\r\n<td style=\"background-color: #005ca5; color: #ffffff; border: 3px solid #ffffff; width: 97.1562px; padding: 5px; font-size: 14px; height: 27px;\">09:00-09:30<\/td>\r\n<td style=\"border: 3px solid #ffffff; background-color: #d5ecff; width: 523.844px; padding: 5px; font-size: 14px; text-align: left; height: 49.5px;\" rowspan=\"2\">Conferencia Invitada:<br \/><span style=\"color: #3366ff;\"><span style=\"font-weight: 400;\">Ma\u0142gorzata Szczerska<\/span><br \/><\/span><span style=\"font-size: 12px;\"><em>Gda\u0144sk University of Technology (Polonia)<\/em><\/span>&nbsp;&nbsp;<\/td>\r\n<\/tr>\r\n<tr style=\"height: 27px;\">\r\n<td style=\"background-color: #005ca5; color: #ffffff; border: 3px solid #ffffff; width: 97.1562px; padding: 5px; font-size: 14px; height: 27px;\">09:30-10:00<\/td>\r\n<\/tr>\r\n<tr style=\"height: 0.5px;\">\r\n<td style=\"background-color: #005ca5; color: #ffffff; border: 3px solid #ffffff; width: 97.1562px; padding: 5px; font-size: 14px; height: 22.5px;\" rowspan=\"2\">10:00-10:30<\/td>\r\n<\/tr>\r\n<tr style=\"height: 27px;\">\r\n<td style=\"border: 3px solid #ffffff; background-color: #c4e0b2; width: 523.844px; padding: 5px; font-size: 14px; text-align: left; height: 27px;\">Charla T&eacute;cnica<br \/><span style=\"font-size: 12px;\"><em>(Hamamatsu, Iberoptics, Monocrom) <\/em><\/span><\/td>\r\n<\/tr>\r\n<tr style=\"height: 27px;\">\r\n<td style=\"background-color: #005ca5; color: #ffffff; border: 3px solid #ffffff; width: 97.1562px; padding: 5px; font-size: 14px; height: 27px;\">10:30-11:00<\/td>\r\n<td style=\"border: 3px solid #ffffff; width: 523.844px; padding: 5px; font-size: 14px; text-align: left; height: 27px;\"><span style=\"color: #c13f98;\">Pausa Caf&eacute;<\/span><\/td>\r\n<\/tr>\r\n<tr style=\"height: 27px;\">\r\n<td style=\"background-color: #005ca5; color: #ffffff; border: 3px solid #ffffff; width: 97.1562px; padding: 5px; font-size: 14px; height: 27px;\">11:00-11:30<\/td>\r\n<td style=\"border: 3px solid #ffffff; background-color: #fee599; width: 523.844px; padding: 5px; font-size: 14px; text-align: left; height: 81px;\" rowspan=\"3\">Sesi&oacute;n P&oacute;steres 1&nbsp;&nbsp;<\/td>\r\n<\/tr>\r\n<tr style=\"height: 27px;\">\r\n<td style=\"background-color: #005ca5; color: #ffffff; border: 3px solid #ffffff; width: 97.1562px; padding: 5px; font-size: 14px; height: 27px;\">11:30-12:00<\/td>\r\n<\/tr>\r\n<tr style=\"height: 27px;\">\r\n<td style=\"background-color: #005ca5; color: #ffffff; border: 3px solid #ffffff; width: 97.1562px; padding: 5px; font-size: 14px; height: 27px;\">12:00-12:30<\/td>\r\n<\/tr>\r\n<tr style=\"height: 27px;\">\r\n<td style=\"background-color: #005ca5; color: #ffffff; border: 3px solid #ffffff; width: 97.1562px; padding: 5px; font-size: 14px; height: 27px;\">12:30-13:00<\/td>\r\n<td style=\"border: 3px solid #ffffff; background-color: #c4e0b2; width: 523.844px; padding: 5px; font-size: 14px; text-align: left; height: 27px;\">Charla T&eacute;cnica<br \/><span style=\"font-size: 12px;\"><em>(ZEPREN Solutions, UPVfab, ProCareLight) <\/em><\/span><\/td>\r\n<\/tr>\r\n<tr style=\"height: 27px;\">\r\n<td style=\"background-color: #005ca5; color: #ffffff; border: 3px solid #ffffff; width: 97.1562px; padding: 5px; font-size: 14px; height: 27px;\">13:00-13:30<\/td>\r\n<td style=\"border: 3px solid #ffffff; background-color: #d5ecff; height: 54px; width: 125px; text-align: left; font-size: 14px;\" rowspan=\"2\">Conferencia Invitada:<br \/><span style=\"color: #3366ff;\">Jessica Ramella-Roman<br \/><\/span><span style=\"font-size: 12px;\"><em>Florida International University (USA) <\/em><\/span><\/td>\r\n<\/tr>\r\n<tr style=\"height: 27px;\">\r\n<td style=\"background-color: #005ca5; color: #ffffff; border: 3px solid #ffffff; width: 97.1562px; padding: 5px; font-size: 14px; height: 27px;\">13:30-14:00<\/td>\r\n<\/tr>\r\n<tr style=\"height: 27px;\">\r\n<td style=\"background-color: #005ca5; color: #ffffff; border: 3px solid #ffffff; width: 97.1562px; padding: 5px; font-size: 14px; height: 27px;\">14:00-14:30<\/td>\r\n<td style=\"border: 3px solid #ffffff; width: 523.844px; padding: 5px; font-size: 14px; text-align: left; height: 54px;\" rowspan=\"2\"><span style=\"color: #c13f98;\">Pausa Comida<\/span><\/td>\r\n<\/tr>\r\n<tr style=\"height: 27px;\">\r\n<td style=\"background-color: #005ca5; color: #ffffff; border: 3px solid #ffffff; width: 97.1562px; padding: 5px; font-size: 14px; height: 27px;\">14:40-15:00<\/td>\r\n<\/tr>\r\n<tr style=\"height: 32px;\">\r\n<td style=\"background-color: #005ca5; color: #ffffff; border: 3px solid #ffffff; width: 97.1562px; padding: 5px; font-size: 14px; height: 32px;\">15:00-15:30<\/td>\r\n<td style=\"border: 3px solid #ffffff; background-color: #e7e7e7; height: 64px; width: 125px; font-size: 14px; text-align: left;\" rowspan=\"2\">Asamblea Comit&eacute; Optoelectr&oacute;nica<\/td>\r\n<\/tr>\r\n<tr style=\"height: 32px;\">\r\n<td style=\"background-color: #005ca5; color: #ffffff; border: 3px solid #ffffff; width: 97.1562px; padding: 5px; font-size: 14px; height: 32px;\">15:30-16:00<\/td>\r\n<\/tr>\r\n<tr style=\"height: 27px;\">\r\n<td style=\"background-color: #005ca5; color: #ffffff; border: 3px solid #ffffff; width: 97.1562px; padding: 5px; font-size: 14px; height: 27px;\">16:00-16:30<\/td>\r\n<td style=\"border: 3px solid #ffffff; background-color: #c4e0b2; width: 523.844px; padding: 5px; font-size: 14px; text-align: left; height: 108px;\" rowspan=\"4\">Foro de Talento<br \/>Foro de Innovaci&oacute;n<\/td>\r\n<\/tr>\r\n<tr style=\"height: 27px;\">\r\n<td style=\"background-color: #005ca5; color: #ffffff; border: 3px solid #ffffff; width: 97.1562px; padding: 5px; font-size: 14px; height: 27px;\">16:30-17:00<\/td>\r\n<\/tr>\r\n<tr style=\"height: 27px;\">\r\n<td style=\"background-color: #005ca5; color: #ffffff; border: 3px solid #ffffff; width: 97.1562px; padding: 5px; font-size: 14px; height: 27px;\">17:00-17:30<\/td>\r\n<\/tr>\r\n<tr style=\"height: 27px;\">\r\n<td style=\"background-color: #005ca5; color: #ffffff; border: 3px solid #ffffff; width: 97.1562px; padding: 5px; font-size: 14px; height: 27px;\">17:30-18:00<\/td>\r\n<\/tr>\r\n<tr style=\"height: 27px;\">\r\n<td style=\"background-color: #005ca5; color: #ffffff; border: 3px solid #ffffff; width: 97.1562px; padding: 5px; font-size: 14px; height: 27px;\">18:00-19:00<\/td>\r\n<\/tr>\r\n<tr style=\"height: 27px;\">\r\n<td style=\"background-color: #005ca5; color: #ffffff; border: 3px solid #ffffff; width: 97.1562px; padding: 5px; font-size: 14px; height: 27px;\">19:00-20:30<\/td>\r\n<td style=\"border: 3px solid #ffffff; background-color: #f7caac; width: 523.844px; padding: 5px; font-size: 14px; text-align: left; height: 27px;\">Ruta Cultural<\/td>\r\n<\/tr>\r\n<tr style=\"height: 27px;\">\r\n<td style=\"background-color: #005ca5; color: #ffffff; border: 3px solid #ffffff; width: 97.1562px; padding: 5px; font-size: 14px; height: 27px;\">20:30-23:00<\/td>\r\n<td style=\"border: 3px solid #ffffff; background-color: #f7caac; width: 523.844px; padding: 5px; font-size: 14px; text-align: left; height: 27px;\">Cena de Networking<\/td>\r\n<\/tr>\r\n<\/tbody>\r\n<\/table>\t\t<\/div>\n\t\t\t\t<\/div>\n\t\t\t\t<div class=\"elementor-element elementor-element-892fbd4 elementor-hidden-desktop elementor-hidden-mobile elementor-widget elementor-widget-html\" data-id=\"892fbd4\" data-element_type=\"widget\" data-widget_type=\"html.default\">\n\t\t\t\t<div class=\"elementor-widget-container\">\n\t\t\t<table style=\"width: 650px; border-collapse: collapse; border: 3px solid #ffffff; margin-left: auto; margin-right: auto; height: 536px;\">\r\n<tbody>\r\n<tr style=\"height: 40px; background-color: #005ca5; color: #ffffff;\">\r\n<td style=\"border: 3px solid #ffffff; width: 634px; height: 40px; text-align: center; padding: 5px; font-size: 14px;\" colspan=\"2\"><strong>Viernes 04 JULIO<\/strong><\/td>\r\n<\/tr>\r\n<tr style=\"height: 40px;\">\r\n<td style=\"background-color: #005ca5; color: #ffffff; border: 3px solid #ffffff; width: 95.1562px; text-align: center; padding: 5px; font-size: 14px;\">09:00-09:30<\/td>\r\n<td style=\"border: 3px solid #ffffff; width: 523.844px; padding: 5px; font-size: 14px; background-color: #fee599; text-align: left;\" rowspan=\"3\">Sesi&oacute;n P&oacute;steres 4<\/td>\r\n<\/tr>\r\n<tr style=\"height: 40px;\">\r\n<td style=\"background-color: #005ca5; color: #ffffff; border: 3px solid #ffffff; width: 95.1562px; text-align: center; padding: 5px; font-size: 14px;\">09:30-10:00<\/td>\r\n<\/tr>\r\n<tr style=\"height: 40px;\">\r\n<td style=\"background-color: #005ca5; color: #ffffff; border: 3px solid #ffffff; width: 95.1562px; text-align: center; padding: 5px; font-size: 14px;\">10:00-10:30<\/td>\r\n<\/tr>\r\n<tr style=\"height: 40px;\">\r\n<td style=\"background-color: #005ca5; color: #ffffff; border: 3px solid #ffffff; width: 95.1562px; text-align: center; padding: 5px; font-size: 14px;\">10:30-11:00<\/td>\r\n<td style=\"border: 3px solid #ffffff; background-color: #c4e0b2; width: 525.844px; padding: 5px; font-size: 14px; text-align: left;\">Charla T&eacute;cnica<br \/><span style=\"font-size: 12px;\"><em>(MTB, AMS Technologies, Pro-Lite)\r\n<\/em><\/span><\/td>\r\n<\/tr>\r\n<tr style=\"height: 40px;\">\r\n<td style=\"background-color: #005ca5; color: #ffffff; border: 3px solid #ffffff; width: 95.1562px; text-align: center; padding: 5px; font-size: 14px;\">11:00-11:30<\/td>\r\n<td style=\"border: 3px solid #ffffff; width: 523.844px; padding: 5px; font-size: 14px; text-align: left;\"><span style=\"color: #c13f98;\">Pausa Caf&eacute;<\/span><\/td>\r\n<\/tr>\r\n<tr style=\"height: 40px;\">\r\n<td style=\"background-color: #005ca5; color: #ffffff; border: 3px solid #ffffff; width: 95.1562px; text-align: center; padding: 5px; font-size: 14px;\">11:30-12:00<\/td>\r\n<td style=\"border: 3px solid #ffffff; background-color: #d5ecff; height: 36px; width: 125px; font-size: 14px; text-align: left;\" rowspan=\"2\">Conferencia Invitado:<br \/><span style=\"color: #3366ff;\">Christophe Caucheteur&nbsp;<br \/><\/span><span style=\"font-size: 12px;\"><em>University of Mons (B&eacute;lgica)<\/em><\/span><\/td>\r\n<\/tr>\r\n<tr style=\"height: 40px;\">\r\n<td style=\"background-color: #005ca5; color: #ffffff; border: 3px solid #ffffff; width: 95.1562px; text-align: center; padding: 5px; font-size: 14px;\">12:00-12:30<\/td>\r\n<\/tr>\r\n<tr style=\"height: 40px;\">\r\n<td style=\"background-color: #005ca5; color: #ffffff; border: 3px solid #ffffff; width: 95.1562px; text-align: center; padding: 5px; font-size: 14px;\">12:30-13:00<\/td>\r\n<td style=\"border: 3px solid #ffffff; background-color: #c4e0b2; width: 525.844px; padding: 5px; font-size: 14px; text-align: left;\">Charla T&eacute;cnica<br \/><span style=\"font-size: 12px;\"><em>(LASING, PIC-UPV Chip Chair, SECPHO)\r\n<\/em><\/span><\/td>\r\n<\/tr>\r\n<tr style=\"height: 40px;\">\r\n<td style=\"background-color: #005ca5; color: #ffffff; border: 3px solid #ffffff; width: 95.1562px; text-align: center; padding: 5px; font-size: 14px;\">13:00-13:30<\/td>\r\n<td style=\"border: 3px solid #ffffff; background-color: #e7e6e6; width: 525.844px; padding: 5px; font-size: 14px; text-align: left;\" rowspan=\"2\">Entrega de Premios<br \/>Clausura<\/td>\r\n<\/tr>\r\n<tr style=\"height: 40px;\">\r\n<td style=\"background-color: #005ca5; color: #ffffff; border: 3px solid #ffffff; width: 95.1562px; text-align: center; padding: 5px; font-size: 14px;\">13:30-14:00<\/td>\r\n<\/tr>\r\n<tr style=\"height: 40px;\">\r\n<td style=\"background-color: #005ca5; color: #ffffff; border: 3px solid #ffffff; width: 95.1562px; text-align: center; padding: 5px; font-size: 14px;\">14:00-14:30<\/td>\r\n<td style=\"border: 3px solid #ffffff; width: 525.844px; padding: 5px; font-size: 14px; text-align: left;\" rowspan=\"2\"><span style=\"color: #c13f98;\">Cocktail Despedida<\/span><\/td>\r\n<\/tr>\r\n<tr style=\"height: 40px;\">\r\n<td style=\"background-color: #005ca5; color: #ffffff; border: 3px solid #ffffff; width: 95.1562px; text-align: center; padding: 5px; font-size: 14px;\">14:30-15:00<\/td>\r\n<\/tr>\r\n<\/tbody>\r\n<\/table>\t\t<\/div>\n\t\t\t\t<\/div>\n\t\t\t\t<div class=\"elementor-element elementor-element-c9d480e elementor-hidden-tablet elementor-hidden-mobile elementor-widget elementor-widget-html\" data-id=\"c9d480e\" data-element_type=\"widget\" data-widget_type=\"html.default\">\n\t\t\t\t<div class=\"elementor-widget-container\">\n\t\t\t<table style=\"width: 100%; border-collapse: collapse; border: 3px solid #ffffff; margin-left: auto; margin-right: auto;\">\r\n<tbody>\r\n<tr style=\"height: 36px; background-color: #005ca5; color: #ffffff;\">\r\n<th style=\"border: 3px solid #ffffff; width: 14.2229%; height: 36px; color: #ffffff;\">Horario<\/th>\r\n<th style=\"border: 3px solid #ffffff; width: 14.7771%; height: 36px; color: #ffffff;\">Martes 01 JULIO<\/th>\r\n<th style=\"border: 3px solid #ffffff; width: 20%; height: 36px; color: #ffffff;\">Mi&eacute;rcoles 02 JULIO<\/th>\r\n<th style=\"border: 3px solid #ffffff; width: 21%; height: 36px; color: #ffffff;\">Jueves 03 JULIO<\/th>\r\n<th style=\"border: 3px solid #ffffff; width: 20%; height: 36px; color: #ffffff;\">Viernes 04 JULIO<\/th>\r\n<\/tr>\r\n<tr style=\"height: 57px;\"><!-- 08:30-09:00 -->\r\n<td style=\"background-color: #005ca5; color: #ffffff; border: 3px solid #ffffff; width: 14.2229%; height: 57px;\">08:30-09:00<\/td>\r\n<td style=\"border: 3px solid #ffffff; width: 14.7771%; height: 576px;\" rowspan=\"14\">&nbsp;<\/td>\r\n<!-- Martes: Spans 14 rows from 08:30 to 15:30 -->\r\n<td style=\"border: 3px solid #ffffff; background-color: #e7e6e6; text-align: center; width: 20%; height: 57px;\">Acreditaciones<\/td>\r\n<!-- Miercoles -->\r\n<td style=\"border: 3px solid #ffffff; width: 21%; height: 57px;\">&nbsp;<\/td>\r\n<!-- Jueves -->\r\n<td style=\"border: 3px solid #ffffff; width: 20%; height: 57px;\">&nbsp;<\/td>\r\n<!-- Viernes --><\/tr>\r\n<tr style=\"height: 26px;\"><!-- 09:00-09:30 -->\r\n<td style=\"background-color: #005ca5; color: #ffffff; border: 3px solid #ffffff; width: 14.2229%; height: 26px;\">09:00-09:30<\/td>\r\n<!-- Martes covered by rowspan -->\r\n<td style=\"border: 3px solid #ffffff; background-color: #e7e6e6; text-align: center; width: 20%; height: 26px;\">Sesi&oacute;n Apertura<\/td>\r\n<!-- Miercoles -->\r\n<td style=\"border: 3px solid #ffffff; background-color: #d5ecff; text-align: center; line-height: 25px; width: 21%; height: 97px;\" rowspan=\"2\">Conferencia Invitada:<br \/><span style=\"color: #3366ff;\"><span style=\"font-weight: 400;\">Ma\u0142gorzata Szczerska <\/span><br \/><\/span> <span style=\"font-size: 12px;\"><em>Gda\u0144sk University of Technology (Polonia)<\/em><\/span><\/td>\r\n<!-- Jueves 09:00-10:00 -->\r\n<td style=\"border: 3px solid #ffffff; background-color: #fee599; text-align: center; width: 20%; height: 128px;\" rowspan=\"3\">Sesi&oacute;n P&oacute;steres 4&nbsp;&nbsp;<\/td>\r\n<!-- Viernes 09:00-10:30 (note: original image shows this spanning to 10:30, so rowspan=3 is correct if next row is 10:00-10:30) --><\/tr>\r\n<tr style=\"height: 71px;\"><!-- 09:30-10:00 -->\r\n<td style=\"background-color: #005ca5; color: #ffffff; border: 3px solid #ffffff; width: 14.2229%; height: 71px;\">09:30-10:00<\/td>\r\n<!-- Martes covered by rowspan -->\r\n<td style=\"border: 3px solid #ffffff; background-color: #d5ecff; text-align: center; line-height: 25px; width: 20%; height: 102px;\" rowspan=\"2\">Conferencia Invitada:<br \/><span style=\"color: #3366ff;\">Aude Martin<br \/><\/span><span style=\"font-size: 12px;\"><em>Thales Group (Francia)<\/em><\/span><\/td>\r\n<!-- Miercoles 09:30-10:30 --> <!-- Jueves covered by rowspan --> <!-- Viernes covered by rowspan --><\/tr>\r\n<tr style=\"height: 31px;\"><!-- 10:00-10:30 -->\r\n<td style=\"background-color: #005ca5; color: #ffffff; border: 3px solid #ffffff; width: 14.2229%; height: 31px;\">10:00-10:30<\/td>\r\n<!-- Martes covered by rowspan --> <!-- Miercoles covered by rowspan -->\r\n<td style=\"background-color: #c4e0b2; border: 3px solid #ffffff; text-align: center; width: 21%; height: 31px;\">Charla T&eacute;cnica<br \/><span style=\"font-size: 12px;\"><em>(Hamamatsu, Iberoptics, Monocrom) <\/em><\/span><\/td>\r\n<!-- Jueves 10:00-10:30 --> <!-- Viernes covered by rowspan --><\/tr>\r\n<tr style=\"height: 31px;\"><!-- 10:30-11:00 -->\r\n<td style=\"background-color: #005ca5; color: #ffffff; border: 3px solid #ffffff; width: 14.2229%; height: 31px;\">10:30-11:00<\/td>\r\n<!-- Martes covered by rowspan -->\r\n<td style=\"border: 3px solid #ffffff; background-color: #c4e0b2; text-align: center; width: 20%; height: 31px;\">\r\n<p>Charla T&eacute;cnica&nbsp;<br \/><span style=\"font-size: 12px;\"><em>(Fibercom-EXFO) <\/em><\/span><\/p>\r\n<\/td>\r\n<!-- Miercoles 10:30-11:00 -->\r\n<td style=\"border: 3px solid #ffffff; background-color: #ffffff; text-align: center; color: #c13f98; width: 21%; height: 31px;\">Pausa Caf&eacute;<\/td>\r\n<!-- Jueves 10:30-11:00 -->\r\n<td style=\"border: 3px solid #ffffff; background-color: #c4e0b2; text-align: center; width: 20%; height: 31px;\">Charla T&eacute;cnica <br \/><span style=\"font-size: 12px;\"><em>(MTB, AMS Technologies, Pro-Lite) <\/em><\/span><\/td>\r\n<\/tr>\r\n<tr style=\"height: 26px;\"><!-- 11:00-11:30 -->\r\n<td style=\"background-color: #005ca5; color: #ffffff; border: 3px solid #ffffff; width: 14.2229%; height: 26px;\">11:00-11:30<\/td>\r\n<!-- Martes covered by rowspan -->\r\n<td style=\"border: 3px solid #ffffff; text-align: center; width: 20%; height: 26px;\"><span style=\"color: #c13f98;\">Pausa Caf&eacute;<\/span><\/td>\r\n<!-- Miercoles -->\r\n<td style=\"border: 3px solid #ffffff; background-color: #fee599; text-align: center; width: 21%; height: 122px;\" rowspan=\"3\">&nbsp;Sesi&oacute;n P&oacute;steres 3&nbsp;<\/td>\r\n<!-- Jueves 11:00-12:30 -->\r\n<td style=\"border: 3px solid #ffffff; text-align: center; width: 20%; height: 26px;\"><span style=\"color: #c13f98;\">Pausa Caf&eacute;<\/span><\/td>\r\n<!-- Viernes --><\/tr>\r\n<tr style=\"height: 48px;\"><!-- 11:30-12:00 -->\r\n<td style=\"background-color: #005ca5; color: #ffffff; border: 3px solid #ffffff; width: 14.2229%; height: 48px;\">11:30-12:00<\/td>\r\n<!-- Martes covered by rowspan -->\r\n<td style=\"border: 3px solid #ffffff; background-color: #fee599; text-align: center; width: 20%; height: 127px;\" rowspan=\"3\">Sesi&oacute;n P&oacute;steres 1<\/td>\r\n<!-- Miercoles 11:30-13:00 --> <!-- Jueves covered by rowspan -->\r\n<td style=\"border: 3px solid #ffffff; background-color: #d5ecff; text-align: center; line-height: 25px; width: 20%; height: 96px;\" rowspan=\"2\">Conferencia Invitado:<br \/><span style=\"color: #3366ff;\"><span style=\"font-weight: 400;\">Christophe Caucheteur<\/span><br \/><\/span> <span style=\"font-size: 12px;\"><em>University of Mons (B&eacute;lgica)<\/em><\/span><\/td>\r\n<!-- Viernes 11:30-12:30 --><\/tr>\r\n<tr style=\"height: 48px;\"><!-- 12:00-12:30 -->\r\n<td style=\"background-color: #005ca5; color: #ffffff; border: 3px solid #ffffff; width: 14.2229%; height: 48px;\">12:00-12:30<\/td>\r\n<!-- Martes covered by rowspan --> <!-- Miercoles covered by rowspan --> <!-- Jueves covered by rowspan --> <!-- Viernes covered by rowspan --><\/tr>\r\n<tr style=\"height: 31px;\"><!-- 12:30-13:00 -->\r\n<td style=\"background-color: #005ca5; color: #ffffff; border: 3px solid #ffffff; width: 14.2229%; height: 31px;\">12:30-13:00<\/td>\r\n<!-- Martes covered by rowspan --> <!-- Miercoles covered by rowspan -->\r\n<td style=\"background-color: #c4e0b2; border: 3px solid #ffffff; text-align: center; width: 21%; height: 31px;\">\r\n<p>Charla T&eacute;cnica&nbsp;<br \/><span style=\"font-size: 12px;\"><em>(ZEPREN Solutions, UPVfab, ProCareLight) <\/em><\/span><\/p>\r\n<\/td>\r\n<!-- Jueves -->\r\n<td style=\"background-color: #c4e0b2; border: 3px solid #ffffff; text-align: center; width: 20%; height: 31px;\">Charla T&eacute;cnica<br \/><span style=\"font-size: 12px;\"><em>(LASING, PIC-UPV Chip Chair, SECPHO) <\/em><\/span><\/td>\r\n<!-- Viernes --><\/tr>\r\n<tr style=\"height: 49px;\"><!-- 13:00-13:30 -->\r\n<td style=\"background-color: #005ca5; color: #ffffff; border: 3px solid #ffffff; width: 14.2229%; height: 49px;\">13:00-13:30<\/td>\r\n<!-- Martes covered by rowspan -->\r\n<td style=\"border: 3px solid #ffffff; background-color: #d5ecff; text-align: center; line-height: 25px; width: 20%; height: 98px;\" rowspan=\"2\">Conferencia Invitado:<br \/><span style=\"color: #3366ff;\">Joan Manel Ram&iacute;rez<br \/><\/span><span style=\"font-size: 12px;\"><em>III-VLab (Francia)<\/em><\/span><\/td>\r\n<!-- Miercoles 13:00-14:00 -->\r\n<td style=\"border: 3px solid #ffffff; background-color: #d5ecff; text-align: center; line-height: 25px; width: 21%; height: 98px;\" rowspan=\"2\">Conferencia Invitada:<br \/><span style=\"color: #3366ff;\"><span style=\"font-weight: 400;\">Jessica Ramella-Roman<\/span><br \/><\/span> <span style=\"font-size: 12px;\"><em>Florida International University (USA) <\/em><\/span><\/td>\r\n<!-- Jueves 13:00-14:00 -->\r\n<td style=\"border: 3px solid #ffffff; background-color: #e7e6e6; text-align: center; line-height: 25px; width: 20%; height: 98px;\" rowspan=\"2\">Entrega de Premios<br \/> Clausura<\/td>\r\n<!-- Viernes 13:00-14:00 --><\/tr>\r\n<tr style=\"height: 49px;\"><!-- 13:30-14:00 -->\r\n<td style=\"background-color: #005ca5; color: #ffffff; border: 3px solid #ffffff; width: 14.2229%; height: 49px;\">13:30-14:00<\/td>\r\n<!-- Martes covered by rowspan --> <!-- Miercoles covered by rowspan --> <!-- Jueves covered by rowspan --> <!-- Viernes covered by rowspan --><\/tr>\r\n<tr style=\"height: 31px;\"><!-- 14:00-14:30 -->\r\n<td style=\"background-color: #005ca5; color: #ffffff; border: 3px solid #ffffff; width: 14.2229%; height: 31px;\">14:00-14:30<\/td>\r\n<!-- Martes covered by rowspan -->\r\n<td style=\"border: 3px solid #ffffff; text-align: center; width: 20%; height: 62px;\" rowspan=\"2\"><span style=\"color: #c13f98;\">Pausa Comida<\/span><\/td>\r\n<!-- Miercoles 14:00-15:00 -->\r\n<td style=\"border: 3px solid #ffffff; text-align: center; width: 21%; height: 62px;\" rowspan=\"2\"><span style=\"color: #c13f98;\">Pausa Comida<\/span><\/td>\r\n<!-- Jueves 14:00-15:00 -->\r\n<td style=\"border: 3px solid #ffffff; text-align: center; width: 20%; height: 62px;\" rowspan=\"2\"><span style=\"color: #c13f98;\">Cocktail Despedida<\/span><\/td>\r\n<!-- Viernes 14:00-15:00 --><\/tr>\r\n<tr style=\"height: 31px;\"><!-- 14:30-15:00 -->\r\n<td style=\"background-color: #005ca5; color: #ffffff; border: 3px solid #ffffff; width: 14.2229%; height: 31px;\">14:30-15:00<\/td>\r\n<!-- Martes covered by rowspan --> <!-- Miercoles covered by rowspan --> <!-- Jueves covered by rowspan --> <!-- Viernes covered by rowspan --><\/tr>\r\n<tr style=\"height: 47px;\"><!-- 15:00-15:30 -->\r\n<td style=\"background-color: #005ca5; color: #ffffff; border: 3px solid #ffffff; width: 14.2229%; height: 47px;\">15:00-15:30<\/td>\r\n<!-- Martes covered by rowspan -->\r\n<td style=\"border: 3px solid #ffffff; background-color: #dacefa; text-align: center; line-height: 17px; width: 20%; height: 97px;\" rowspan=\"2\">Ponencia y Mesa Redonda organizada por el &Aacute;rea MOF <br \/><span style=\"font-size: 11px;\"><em>Conciliaci&oacute;n laboral y familiar &ndash; Un reto compartido<\/em><\/span><\/td>\r\n<!-- Miercoles 15:00-16:00 -->\r\n<td style=\"border: 3px solid #ffffff; background-color: #e7e6e6; text-align: center; line-height: 25px; width: 21%; height: 97px;\" rowspan=\"2\">Asamblea Comit&eacute; Optoelectr&oacute;nica<\/td>\r\n<!-- Jueves 15:00-16:00 -->\r\n<td style=\"border: 3px solid #ffffff; width: 20%; height: 203.5px;\" rowspan=\"6\">&nbsp;<\/td>\r\n<!-- Viernes 15:00-18:00 (blank) --><\/tr>\r\n<tr style=\"height: 50px;\"><!-- 15:30-16:00 -->\r\n<td style=\"background-color: #005ca5; color: #ffffff; border: 3px solid #ffffff; width: 14.2229%; height: 50px;\">15:30-16:00<\/td>\r\n<td style=\"border: 3px solid #ffffff; background-color: #f7caac; text-align: center; width: 14.7771%; height: 252.5px;\" rowspan=\"8\">I OPTOEL Joven<\/td>\r\n<!-- CHANGED rowspan to 8 --> <!-- Miercoles covered by rowspan --> <!-- Jueves covered by rowspan --> <!-- Viernes covered by rowspan --><\/tr>\r\n<tr style=\"height: 26px;\"><!-- 16:00-16:30 -->\r\n<td style=\"background-color: #005ca5; color: #ffffff; border: 3px solid #ffffff; width: 14.2229%; height: 26px;\">16:00-16:30<\/td>\r\n<!-- Martes covered by rowspan -->\r\n<td style=\"border: 3px solid #ffffff; background-color: #fee599; text-align: center; width: 20%; height: 78px;\" rowspan=\"3\">Sesi&oacute;n P&oacute;steres 2<\/td>\r\n<!-- Miercoles 16:00-17:30 -->\r\n<td style=\"border: 3px solid #ffffff; background-color: #c4e0b2; text-align: center; line-height: 25px; width: 21%; height: 106.5px;\" rowspan=\"4\">Foro Talento<br \/>Foro Innovaci&oacute;n<\/td>\r\n<!-- Jueves 16:00-18:00 --> <!-- Viernes covered by rowspan --><\/tr>\r\n<tr style=\"height: 26px;\"><!-- 16:30-17:00 -->\r\n<td style=\"background-color: #005ca5; color: #ffffff; border: 3px solid #ffffff; width: 14.2229%; height: 26px;\">16:30-17:00<\/td>\r\n<!-- Martes covered by rowspan --> <!-- Miercoles covered by rowspan --> <!-- Jueves covered by rowspan --> <!-- Viernes covered by rowspan --><\/tr>\r\n<tr style=\"height: 26px;\"><!-- 17:00-17:30 -->\r\n<td style=\"background-color: #005ca5; color: #ffffff; border: 3px solid #ffffff; width: 14.2229%; height: 26px;\">17:00-17:30<\/td>\r\n<!-- Martes covered by rowspan --> <!-- Miercoles covered by rowspan --> <!-- Jueves covered by rowspan --> <!-- Viernes covered by rowspan --><\/tr>\r\n<tr style=\"height: 28.5px;\"><!-- 17:30-18:00 -->\r\n<td style=\"background-color: #005ca5; color: #ffffff; border: 3px solid #ffffff; width: 14.2229%; height: 28.5px;\">17:30-18:00<\/td>\r\n<!-- Martes covered by rowspan -->\r\n<td style=\"border: 3px solid #ffffff; width: 20%; height: 28.5px;\">&nbsp;<\/td>\r\n<!-- Miercoles blank --> <!-- Jueves covered by rowspan --> <!-- Viernes covered by rowspan --><\/tr>\r\n<!-- NEW ROW FOR 18:00-19:00 ADDED BELOW -->\r\n<tr style=\"height: 26px;\"><!-- 18:00-19:00 -->\r\n<td style=\"background-color: #005ca5; color: #ffffff; border: 3px solid #ffffff; width: 14.2229%; height: 26px;\">18:00-19:00<\/td>\r\n<!-- Martes covered by I OPTOEL Joven rowspan -->\r\n<td style=\"border: 3px solid #ffffff; width: 20%; height: 26px;\">&nbsp;<\/td>\r\n<!-- Mi\u00e9rcoles -->\r\n<td style=\"border: 3px solid #ffffff; width: 21%; height: 26px;\">&nbsp;<\/td>\r\n<!-- Jueves -->\r\n<td style=\"border: 3px solid #ffffff; width: 20%; height: 26px;\">&nbsp;<\/td>\r\n<!-- Viernes --><\/tr>\r\n<!-- END OF NEW ROW -->\r\n<tr style=\"height: 26px;\"><!-- 19:00-20:30 -->\r\n<td style=\"background-color: #005ca5; color: #ffffff; border: 3px solid #ffffff; width: 14.2229%; height: 26px;\">19:00-20:30<\/td>\r\n<!-- Martes covered by rowspan -->\r\n<td style=\"border: 3px solid #ffffff; background-color: #f7caac; text-align: center; width: 20%; height: 26px;\">Ruta Cultural<\/td>\r\n<!-- Miercoles -->\r\n<td style=\"border: 3px solid #ffffff; background-color: #f7caac; text-align: center; width: 21%; height: 26px;\">Ruta Cultural<\/td>\r\n<!-- Jueves -->\r\n<td style=\"border: 3px solid #ffffff; width: 20%; height: 26px;\">&nbsp;<\/td>\r\n<!-- Viernes blank --><\/tr>\r\n<tr style=\"height: 70px;\"><!-- 20:30-23:00 -->\r\n<td style=\"background-color: #005ca5; color: #ffffff; border: 3px solid #ffffff; width: 14.2229%; height: 70px;\">20:30-23:00<\/td>\r\n<!-- Martes covered by rowspan -->\r\n<td style=\"border: 3px solid #ffffff; background-color: #f7caac; text-align: center; width: 20%; height: 70px;\">Recepci&oacute;n de Bienvenida<\/td>\r\n<!-- Miercoles -->\r\n<td style=\"border: 3px solid #ffffff; background-color: #f7caac; text-align: center; width: 21%; height: 70px;\">Cena de Networking<\/td>\r\n<!-- Jueves -->\r\n<td style=\"border: 3px solid #ffffff; width: 20%; height: 70px;\">&nbsp;<\/td>\r\n<!-- Viernes blank --><\/tr>\r\n<\/tbody>\r\n<\/table>\t\t<\/div>\n\t\t\t\t<\/div>\n\t\t\t\t<\/div>\n\t\t<div class=\"elementor-element elementor-element-a1909e4 e-flex e-con-boxed e-con e-parent\" data-id=\"a1909e4\" data-element_type=\"container\">\n\t\t\t\t\t<div class=\"e-con-inner\">\n\t\t\t\t<div class=\"elementor-element elementor-element-cf65276 elementor-icon-list--layout-traditional elementor-list-item-link-full_width elementor-widget elementor-widget-icon-list\" data-id=\"cf65276\" data-element_type=\"widget\" data-widget_type=\"icon-list.default\">\n\t\t\t\t<div class=\"elementor-widget-container\">\n\t\t\t<link rel=\"stylesheet\" href=\"https:\/\/optoel.es\/2025\/wp-content\/plugins\/elementor\/assets\/css\/widget-icon-list.min.css\">\t\t<ul class=\"elementor-icon-list-items\">\n\t\t\t\t\t\t\t<li class=\"elementor-icon-list-item\">\n\t\t\t\t\t\t\t\t\t\t\t<a href=\"https:\/\/optoel.es\/2025\/wp-content\/uploads\/2025\/06\/Sesiones-de-Posteres-OPTOEL2025.pdf\" target=\"_blank\">\n\n\t\t\t\t\t\t\t\t\t\t\t\t<span class=\"elementor-icon-list-icon\">\n\t\t\t\t\t\t\t<svg aria-hidden=\"true\" class=\"e-font-icon-svg e-fa-solid-file\" viewBox=\"0 0 384 512\" xmlns=\"http:\/\/www.w3.org\/2000\/svg\"><path d=\"M224 136V0H24C10.7 0 0 10.7 0 24v464c0 13.3 10.7 24 24 24h336c13.3 0 24-10.7 24-24V160H248c-13.2 0-24-10.8-24-24zm160-14.1v6.1H256V0h6.1c6.4 0 12.5 2.5 17 7l97.9 98c4.5 4.5 7 10.6 7 16.9z\"><\/path><\/svg>\t\t\t\t\t\t<\/span>\n\t\t\t\t\t\t\t\t\t\t<span class=\"elementor-icon-list-text\">Revisa el listado de Sesiones de P\u00f3steres aqu\u00ed.<\/span>\n\t\t\t\t\t\t\t\t\t\t\t<\/a>\n\t\t\t\t\t\t\t\t\t<\/li>\n\t\t\t\t\t\t<\/ul>\n\t\t\t\t<\/div>\n\t\t\t\t<\/div>\n\t\t\t\t\t<\/div>\n\t\t\t\t<\/div>\n\t\t<div class=\"elementor-element elementor-element-e137cd6 e-flex e-con-boxed e-con e-parent\" data-id=\"e137cd6\" data-element_type=\"container\">\n\t\t\t\t\t<div class=\"e-con-inner\">\n\t\t<div class=\"elementor-element elementor-element-c9ce493 e-con-full e-flex e-con e-child\" data-id=\"c9ce493\" data-element_type=\"container\">\n\t\t\t\t<\/div>\n\t\t<div class=\"elementor-element elementor-element-7fef4ca e-con-full e-flex e-con e-child\" data-id=\"7fef4ca\" data-element_type=\"container\">\n\t\t\t\t<\/div>\n\t\t\t\t\t<\/div>\n\t\t\t\t<\/div>\n\t\t\t\t<section class=\"elementor-section elementor-top-section elementor-element elementor-element-a4a7b93 elementor-section-boxed elementor-section-gap-beside-yes elementor-section-height-default elementor-section-height-default elementor-section-column-vertical-align-stretch elementor-invisible\" data-id=\"a4a7b93\" data-element_type=\"section\" data-settings=\"{&quot;animation&quot;:&quot;fadeIn&quot;}\">\n\t\t\t\t\t\t<div class=\"elementor-container elementor-column-gap-extended\">\n\t\t\t\t\t<div class=\"elementor-column elementor-col-33 elementor-top-column elementor-element elementor-element-b51b7f7\" data-id=\"b51b7f7\" data-element_type=\"column\">\n\t\t\t<div class=\"elementor-widget-wrap elementor-element-populated\">\n\t\t\t\t\t\t<div class=\"elementor-element elementor-element-746d36c elementor-widget elementor-widget-tm-heading\" data-id=\"746d36c\" data-element_type=\"widget\" data-widget_type=\"tm-heading.default\">\n\t\t\t\t<div class=\"elementor-widget-container\">\n\t\t\t\t\t<div class=\"tm-modern-heading\">\n\t\t\t\n\t\t\t\t\t<div class=\"heading-primary-wrap\">\n\t\t\t<h2 class=\"heading-primary elementor-heading-title\"><span style=\"color:##0061A8\">Optoel<\/span> <b>Joven<\/b><\/h2>\t\t<\/div>\n\t\t\n\t\t\t\n\t\t\t\t\t<\/div>\n\t\t\t\t<\/div>\n\t\t\t\t<\/div>\n\t\t\t\t<div class=\"elementor-element elementor-element-630f961 elementor-widget elementor-widget-tm-heading\" data-id=\"630f961\" data-element_type=\"widget\" data-widget_type=\"tm-heading.default\">\n\t\t\t\t<div class=\"elementor-widget-container\">\n\t\t\t\t\t<div class=\"tm-modern-heading\">\n\t\t\t\n\t\t\t\t\t<div class=\"heading-primary-wrap\">\n\t\t\t<h2 class=\"heading-primary elementor-heading-title\">Martes 1 de julio 2025\n<\/h2>\t\t<\/div>\n\t\t\n\t\t\t\n\t\t\t\t\t<\/div>\n\t\t\t\t<\/div>\n\t\t\t\t<\/div>\n\t\t<div class=\"elementor-element elementor-element-61ec444 e-flex e-con-boxed e-con e-parent\" data-id=\"61ec444\" data-element_type=\"container\">\n\t\t\t\t\t<div class=\"e-con-inner\">\n\t\t\t\t<div class=\"elementor-element elementor-element-53880cd elementor-widget__width-initial elementor-widget elementor-widget-image\" data-id=\"53880cd\" data-element_type=\"widget\" data-widget_type=\"image.default\">\n\t\t\t\t<div class=\"elementor-widget-container\">\n\t\t\t<style>\/*! elementor - v3.22.0 - 26-06-2024 *\/\n.elementor-widget-image{text-align:center}.elementor-widget-image a{display:inline-block}.elementor-widget-image a img[src$=\".svg\"]{width:48px}.elementor-widget-image img{vertical-align:middle;display:inline-block}<\/style>\t\t\t\t\t\t\t\t\t\t<img fetchpriority=\"high\" decoding=\"async\" width=\"640\" height=\"631\" src=\"https:\/\/optoel.es\/2025\/wp-content\/uploads\/2025\/03\/Copia-de-logo_sense_lletres-3-1024x1010.png\" class=\"attachment-large size-large wp-image-8235\" alt=\"\" srcset=\"https:\/\/optoel.es\/2025\/wp-content\/uploads\/2025\/03\/Copia-de-logo_sense_lletres-3-1024x1010.png 1024w, https:\/\/optoel.es\/2025\/wp-content\/uploads\/2025\/03\/Copia-de-logo_sense_lletres-3-300x296.png 300w, https:\/\/optoel.es\/2025\/wp-content\/uploads\/2025\/03\/Copia-de-logo_sense_lletres-3-768x757.png 768w, https:\/\/optoel.es\/2025\/wp-content\/uploads\/2025\/03\/Copia-de-logo_sense_lletres-3.png 1224w\" sizes=\"(max-width: 640px) 100vw, 640px\" \/>\t\t\t\t\t\t\t\t\t\t\t\t\t<\/div>\n\t\t\t\t<\/div>\n\t\t\t\t<div class=\"elementor-element elementor-element-6656714 elementor-widget__width-initial elementor-widget elementor-widget-image\" data-id=\"6656714\" data-element_type=\"widget\" data-widget_type=\"image.default\">\n\t\t\t\t<div class=\"elementor-widget-container\">\n\t\t\t\t\t\t\t\t\t\t\t\t\t<img decoding=\"async\" width=\"400\" height=\"400\" src=\"https:\/\/optoel.es\/2025\/wp-content\/uploads\/2025\/03\/AJS.png\" class=\"attachment-large size-large wp-image-8236\" alt=\"\" srcset=\"https:\/\/optoel.es\/2025\/wp-content\/uploads\/2025\/03\/AJS.png 400w, https:\/\/optoel.es\/2025\/wp-content\/uploads\/2025\/03\/AJS-300x300.png 300w, https:\/\/optoel.es\/2025\/wp-content\/uploads\/2025\/03\/AJS-150x150.png 150w\" sizes=\"(max-width: 400px) 100vw, 400px\" \/>\t\t\t\t\t\t\t\t\t\t\t\t\t<\/div>\n\t\t\t\t<\/div>\n\t\t\t\t\t<\/div>\n\t\t\t\t<\/div>\n\t\t\t\t<div class=\"elementor-element elementor-element-987a288 elementor-widget__width-initial elementor-widget elementor-widget-text-editor\" data-id=\"987a288\" data-element_type=\"widget\" data-widget_type=\"text-editor.default\">\n\t\t\t\t<div class=\"elementor-widget-container\">\n\t\t\t<style>\/*! elementor - v3.22.0 - 26-06-2024 *\/\n.elementor-widget-text-editor.elementor-drop-cap-view-stacked .elementor-drop-cap{background-color:#69727d;color:#fff}.elementor-widget-text-editor.elementor-drop-cap-view-framed .elementor-drop-cap{color:#69727d;border:3px solid;background-color:transparent}.elementor-widget-text-editor:not(.elementor-drop-cap-view-default) .elementor-drop-cap{margin-top:8px}.elementor-widget-text-editor:not(.elementor-drop-cap-view-default) .elementor-drop-cap-letter{width:1em;height:1em}.elementor-widget-text-editor .elementor-drop-cap{float:left;text-align:center;line-height:1;font-size:50px}.elementor-widget-text-editor .elementor-drop-cap-letter{display:inline-block}<\/style>\t\t\t\t<p><em>Organizado por <b>PhotoniCAT <\/b>(UPC Student Chapter) y el <b>\u00c1rea Joven de SEDOPTICA<\/b>.<\/em><\/p>\t\t\t\t\t\t<\/div>\n\t\t\t\t<\/div>\n\t\t<div class=\"elementor-element elementor-element-7edd173 e-flex e-con-boxed e-con e-parent\" data-id=\"7edd173\" data-element_type=\"container\">\n\t\t\t\t\t<div class=\"e-con-inner\">\n\t\t\t\t<div class=\"elementor-element elementor-element-09d921d elementor-widget__width-initial elementor-widget elementor-widget-image\" data-id=\"09d921d\" data-element_type=\"widget\" data-widget_type=\"image.default\">\n\t\t\t\t<div class=\"elementor-widget-container\">\n\t\t\t\t\t\t\t\t\t\t\t\t\t\t<a href=\"https:\/\/www.optica.org\/\" target=\"_blank\">\n\t\t\t\t\t\t\t<img decoding=\"async\" width=\"640\" height=\"248\" src=\"https:\/\/optoel.es\/2025\/wp-content\/uploads\/2025\/05\/logo_optica_knockout_rgb_300dpi.png\" class=\"attachment-large size-large wp-image-8388\" alt=\"\" srcset=\"https:\/\/optoel.es\/2025\/wp-content\/uploads\/2025\/05\/logo_optica_knockout_rgb_300dpi.png 1024w, https:\/\/optoel.es\/2025\/wp-content\/uploads\/2025\/05\/logo_optica_knockout_rgb_300dpi-300x116.png 300w, https:\/\/optoel.es\/2025\/wp-content\/uploads\/2025\/05\/logo_optica_knockout_rgb_300dpi-768x297.png 768w\" sizes=\"(max-width: 640px) 100vw, 640px\" \/>\t\t\t\t\t\t\t\t<\/a>\n\t\t\t\t\t\t\t\t\t\t\t\t\t<\/div>\n\t\t\t\t<\/div>\n\t\t\t\t<div class=\"elementor-element elementor-element-ec6ee22 elementor-widget__width-initial elementor-widget elementor-widget-image\" data-id=\"ec6ee22\" data-element_type=\"widget\" data-widget_type=\"image.default\">\n\t\t\t\t<div class=\"elementor-widget-container\">\n\t\t\t\t\t\t\t\t\t\t\t\t\t\t<a href=\"https:\/\/spie.org\/\" target=\"_blank\">\n\t\t\t\t\t\t\t<img loading=\"lazy\" decoding=\"async\" width=\"500\" height=\"142\" src=\"https:\/\/optoel.es\/2025\/wp-content\/uploads\/2025\/05\/spie.png\" class=\"attachment-large size-large wp-image-8386\" alt=\"\" srcset=\"https:\/\/optoel.es\/2025\/wp-content\/uploads\/2025\/05\/spie.png 500w, https:\/\/optoel.es\/2025\/wp-content\/uploads\/2025\/05\/spie-300x85.png 300w\" sizes=\"(max-width: 500px) 100vw, 500px\" \/>\t\t\t\t\t\t\t\t<\/a>\n\t\t\t\t\t\t\t\t\t\t\t\t\t<\/div>\n\t\t\t\t<\/div>\n\t\t\t\t\t<\/div>\n\t\t\t\t<\/div>\n\t\t\t\t<div class=\"elementor-element elementor-element-2d5b53d elementor-widget__width-initial elementor-widget elementor-widget-text-editor\" data-id=\"2d5b53d\" data-element_type=\"widget\" data-widget_type=\"text-editor.default\">\n\t\t\t\t<div class=\"elementor-widget-container\">\n\t\t\t\t\t\t\t<p><em>Patrocinado por <b>OPTICA <\/b>y <b>SPIE<\/b>.<\/em><\/p>\t\t\t\t\t\t<\/div>\n\t\t\t\t<\/div>\n\t\t\t\t\t<\/div>\n\t\t<\/div>\n\t\t\t\t<div class=\"elementor-column elementor-col-66 elementor-top-column elementor-element elementor-element-3026d3e\" data-id=\"3026d3e\" data-element_type=\"column\">\n\t\t\t<div class=\"elementor-widget-wrap elementor-element-populated\">\n\t\t\t\t\t\t<div class=\"elementor-element elementor-element-a286dfc elementor-widget__width-initial elementor-widget elementor-widget-text-editor\" data-id=\"a286dfc\" data-element_type=\"widget\" data-widget_type=\"text-editor.default\">\n\t\t\t\t<div class=\"elementor-widget-container\">\n\t\t\t\t\t\t\t\u00a1Llega la primera edici\u00f3n de OPTOEL Joven! Un espacio pensado para los investigadores m\u00e1s j\u00f3venes, con formaci\u00f3n, networking y un toque de humor.\n\t\t\t\t\t\t<\/div>\n\t\t\t\t<\/div>\n\t\t\t\t<div class=\"elementor-element elementor-element-e427318 elementor-widget__width-initial elementor-widget elementor-widget-text-editor\" data-id=\"e427318\" data-element_type=\"widget\" data-widget_type=\"text-editor.default\">\n\t\t\t\t<div class=\"elementor-widget-container\">\n\t\t\t\t\t\t\t<p>15:30 \u2013 16:00 | Bienvenida y apertura de puertas<\/p>\t\t\t\t\t\t<\/div>\n\t\t\t\t<\/div>\n\t\t\t\t<div class=\"elementor-element elementor-element-35ec943 elementor-widget__width-initial elementor-widget elementor-widget-text-editor\" data-id=\"35ec943\" data-element_type=\"widget\" data-widget_type=\"text-editor.default\">\n\t\t\t\t<div class=\"elementor-widget-container\">\n\t\t\t\t\t\t\t<p><span style=\"letter-spacing: 0em; font-weight: bold;\">Ubicaci\u00f3n:\u00a0<\/span><span style=\"letter-spacing: 0em;\">\u00a0Aula 2.0, Edificio TR5 UPC (Calle de Colom, 15)<\/span><\/p>\t\t\t\t\t\t<\/div>\n\t\t\t\t<\/div>\n\t\t\t\t<div class=\"elementor-element elementor-element-c9468e2 elementor-widget__width-initial elementor-widget elementor-widget-text-editor\" data-id=\"c9468e2\" data-element_type=\"widget\" data-widget_type=\"text-editor.default\">\n\t\t\t\t<div class=\"elementor-widget-container\">\n\t\t\t\t\t\t\t16:00 \u2013 18:00 | Ponencia El poder de la mirada y Workshop con Montserrat Lucena\n\t\t\t\t\t\t<\/div>\n\t\t\t\t<\/div>\n\t\t\t\t<div class=\"elementor-element elementor-element-2e25ec9 elementor-widget__width-initial elementor-widget elementor-widget-text-editor\" data-id=\"2e25ec9\" data-element_type=\"widget\" data-widget_type=\"text-editor.default\">\n\t\t\t\t<div class=\"elementor-widget-container\">\n\t\t\t\t\t\t\t<p><span style=\"letter-spacing: 0em; font-weight: bold;\">Objetivo:<\/span><span style=\"letter-spacing: 0em;\">\u00a0<\/span><span style=\"letter-spacing: 0em;\">Adquirir herramientas personales para el desempe\u00f1o del trabajo de investigaci\u00f3n, de forma saludable y con bienestar emocional.<\/span><\/p><p><b>Tema: <\/b>Habilidades de comunicaci\u00f3n intra e inter personales en los primeros a\u00f1os de investigaci\u00f3n que favorecen la salud mental, la motivaci\u00f3n y el rendimiento.<\/p><p><span style=\"letter-spacing: 0em;\">En el workshop observaremos juntos temas como la gesti\u00f3n emocional, la autoconfianza, y la relaci\u00f3n entre la gesti\u00f3n del tiempo y el estr\u00e9s en el campo de la investigaci\u00f3n.<\/span><\/p>\t\t\t\t\t\t<\/div>\n\t\t\t\t<\/div>\n\t\t\t\t<div class=\"elementor-element elementor-element-8c2c8e1 elementor-widget__width-initial elementor-widget elementor-widget-text-editor\" data-id=\"8c2c8e1\" data-element_type=\"widget\" data-widget_type=\"text-editor.default\">\n\t\t\t\t<div class=\"elementor-widget-container\">\n\t\t\t\t\t\t\t18:00 \u2013 19:00 | Pausa\n\t\t\t\t\t\t<\/div>\n\t\t\t\t<\/div>\n\t\t\t\t<div class=\"elementor-element elementor-element-72f3b8b elementor-widget__width-initial elementor-widget elementor-widget-text-editor\" data-id=\"72f3b8b\" data-element_type=\"widget\" data-widget_type=\"text-editor.default\">\n\t\t\t\t<div class=\"elementor-widget-container\">\n\t\t\t\t\t\t\t<p>19:00 \u2013 23:00 | Pint of Optoelectronics<\/p>\t\t\t\t\t\t<\/div>\n\t\t\t\t<\/div>\n\t\t\t\t<div class=\"elementor-element elementor-element-291ea97 elementor-widget__width-initial elementor-widget elementor-widget-text-editor\" data-id=\"291ea97\" data-element_type=\"widget\" data-widget_type=\"text-editor.default\">\n\t\t\t\t<div class=\"elementor-widget-container\">\n\t\t\t\t\t\t\t<p><span style=\"font-weight: bold; letter-spacing: 0em;\">Ubicaci\u00f3n:\u00a0<\/span><span style=\"letter-spacing: 0em;\">Sala Showroom, Edificio GAIA TR14 UPC (Rambla Sant Nebridi, 22)<\/span><\/p>\t\t\t\t\t\t<\/div>\n\t\t\t\t<\/div>\n\t\t\t\t<div class=\"elementor-element elementor-element-d8aaac4 elementor-widget__width-initial elementor-widget elementor-widget-text-editor\" data-id=\"d8aaac4\" data-element_type=\"widget\" data-widget_type=\"text-editor.default\">\n\t\t\t\t<div class=\"elementor-widget-container\">\n\t\t\t\t\t\t\t<p><span style=\"letter-spacing: 0em;\">Un espacio informal donde los j\u00f3venes investigadores podr\u00e1n compartir, en un <strong>mon\u00f3logo corto<\/strong> (3-5 min), su trayectoria, su campo de investigaci\u00f3n o an\u00e9cdotas del mundo acad\u00e9mico, sin necesidad de tecnicismos. Puedes hablar de tus logros, de los desaf\u00edos que has encontrado en el camino o de esos experimentos que no salieron como esperabas.<\/span><\/p><p>Un ambiente relajado, <strong>abierto a todos los asistentes de OPTOEL<\/strong>, con piscolabis y sorpresas.<\/p>\t\t\t\t\t\t<\/div>\n\t\t\t\t<\/div>\n\t\t\t\t\t<\/div>\n\t\t<\/div>\n\t\t\t\t\t<\/div>\n\t\t<\/section>\n\t\t\t\t<section class=\"elementor-section elementor-top-section elementor-element elementor-element-c171597 elementor-section-stretched elementor-section-boxed elementor-section-height-default elementor-section-height-default elementor-section-column-vertical-align-stretch elementor-invisible\" data-id=\"c171597\" data-element_type=\"section\" data-settings=\"{&quot;animation&quot;:&quot;fadeIn&quot;,&quot;stretch_section&quot;:&quot;section-stretched&quot;,&quot;background_background&quot;:&quot;classic&quot;}\">\n\t\t\t\t\t\t<div class=\"elementor-container elementor-column-gap-no\">\n\t\t\t\t\t<div class=\"elementor-column elementor-col-50 elementor-top-column elementor-element elementor-element-f4c9a53\" data-id=\"f4c9a53\" data-element_type=\"column\" data-settings=\"{&quot;background_background&quot;:&quot;classic&quot;}\">\n\t\t\t<div class=\"elementor-widget-wrap elementor-element-populated\">\n\t\t\t\t\t<div class=\"elementor-background-overlay\"><\/div>\n\t\t\t\t\t\t<div class=\"elementor-element elementor-element-ebb7be3 elementor-widget__width-initial elementor-widget-mobile__width-initial elementor-widget elementor-widget-image\" data-id=\"ebb7be3\" data-element_type=\"widget\" data-widget_type=\"image.default\">\n\t\t\t\t<div class=\"elementor-widget-container\">\n\t\t\t\t\t\t\t\t\t\t\t\t\t<img loading=\"lazy\" decoding=\"async\" width=\"493\" height=\"493\" src=\"https:\/\/optoel.es\/2025\/wp-content\/uploads\/2025\/03\/montserrat-lucena.png\" class=\"attachment-full size-full wp-image-8159\" alt=\"\" srcset=\"https:\/\/optoel.es\/2025\/wp-content\/uploads\/2025\/03\/montserrat-lucena.png 493w, https:\/\/optoel.es\/2025\/wp-content\/uploads\/2025\/03\/montserrat-lucena-300x300.png 300w, https:\/\/optoel.es\/2025\/wp-content\/uploads\/2025\/03\/montserrat-lucena-150x150.png 150w\" sizes=\"(max-width: 493px) 100vw, 493px\" \/>\t\t\t\t\t\t\t\t\t\t\t\t\t<\/div>\n\t\t\t\t<\/div>\n\t\t\t\t\t<\/div>\n\t\t<\/div>\n\t\t\t\t<div class=\"elementor-column elementor-col-50 elementor-top-column elementor-element elementor-element-2664ad0\" data-id=\"2664ad0\" data-element_type=\"column\" data-settings=\"{&quot;background_background&quot;:&quot;classic&quot;}\">\n\t\t\t<div class=\"elementor-widget-wrap elementor-element-populated\">\n\t\t\t\t\t<div class=\"elementor-background-overlay\"><\/div>\n\t\t\t\t\t\t<div class=\"elementor-element elementor-element-2044618 elementor-widget__width-initial elementor-widget elementor-widget-text-editor\" data-id=\"2044618\" data-element_type=\"widget\" data-widget_type=\"text-editor.default\">\n\t\t\t\t<div class=\"elementor-widget-container\">\n\t\t\t\t\t\t\t<p><b>Montserrat Lucena<\/b><\/p>\t\t\t\t\t\t<\/div>\n\t\t\t\t<\/div>\n\t\t\t\t<div class=\"elementor-element elementor-element-7e2eae6 elementor-widget__width-initial elementor-widget-tablet__width-initial elementor-widget elementor-widget-text-editor\" data-id=\"7e2eae6\" data-element_type=\"widget\" data-widget_type=\"text-editor.default\">\n\t\t\t\t<div class=\"elementor-widget-container\">\n\t\t\t\t\t\t\t<ul><li>Directora y formadora en SPELLARTS, S.L.<\/li><li>Experta en Programaci\u00f3n Neuroling\u00fc\u00edstica, comunicaci\u00f3n y negociaci\u00f3n.<\/li><li>Profesora asociada en UPC, Departamento de \u00d3ptica y Optometr\u00eda.<\/li><\/ul>\t\t\t\t\t\t<\/div>\n\t\t\t\t<\/div>\n\t\t\t\t\t<\/div>\n\t\t<\/div>\n\t\t\t\t\t<\/div>\n\t\t<\/section>\n\t\t\t\t<section class=\"elementor-section elementor-top-section elementor-element elementor-element-7c794fa elementor-section-boxed elementor-section-gap-beside-yes elementor-section-height-default elementor-section-height-default elementor-section-column-vertical-align-stretch elementor-invisible\" data-id=\"7c794fa\" data-element_type=\"section\" data-settings=\"{&quot;animation&quot;:&quot;fadeIn&quot;}\">\n\t\t\t\t\t\t<div class=\"elementor-container elementor-column-gap-extended\">\n\t\t\t\t\t<div class=\"elementor-column elementor-col-33 elementor-top-column elementor-element elementor-element-8a357bd\" data-id=\"8a357bd\" data-element_type=\"column\">\n\t\t\t<div class=\"elementor-widget-wrap elementor-element-populated\">\n\t\t\t\t\t\t<div class=\"elementor-element elementor-element-22e0e5a elementor-widget elementor-widget-tm-heading\" data-id=\"22e0e5a\" data-element_type=\"widget\" data-widget_type=\"tm-heading.default\">\n\t\t\t\t<div class=\"elementor-widget-container\">\n\t\t\t\t\t<div class=\"tm-modern-heading\">\n\t\t\t\n\t\t\t\t\t<div class=\"heading-primary-wrap\">\n\t\t\t<h2 class=\"heading-primary elementor-heading-title\">Foros de <b>Innovaci\u00f3n<\/b><br>y <b>Talento\n<\/b><\/h2>\t\t<\/div>\n\t\t\n\t\t\t\n\t\t\t\t\t<\/div>\n\t\t\t\t<\/div>\n\t\t\t\t<\/div>\n\t\t\t\t<div class=\"elementor-element elementor-element-0be2e54 elementor-widget elementor-widget-tm-heading\" data-id=\"0be2e54\" data-element_type=\"widget\" data-widget_type=\"tm-heading.default\">\n\t\t\t\t<div class=\"elementor-widget-container\">\n\t\t\t\t\t<div class=\"tm-modern-heading\">\n\t\t\t\n\t\t\t\t\t<div class=\"heading-primary-wrap\">\n\t\t\t<h2 class=\"heading-primary elementor-heading-title\">Jueves 3 de julio 2025\n<\/h2>\t\t<\/div>\n\t\t\n\t\t\t\n\t\t\t\t\t<\/div>\n\t\t\t\t<\/div>\n\t\t\t\t<\/div>\n\t\t<div class=\"elementor-element elementor-element-0afe6d6 e-flex e-con-boxed e-con e-parent\" data-id=\"0afe6d6\" data-element_type=\"container\">\n\t\t\t\t\t<div class=\"e-con-inner\">\n\t\t\t\t<div class=\"elementor-element elementor-element-baeed4c elementor-widget__width-initial elementor-widget elementor-widget-image\" data-id=\"baeed4c\" data-element_type=\"widget\" data-widget_type=\"image.default\">\n\t\t\t\t<div class=\"elementor-widget-container\">\n\t\t\t\t\t\t\t\t\t\t\t\t\t\t<a href=\"https:\/\/www.secpho.org\/\" target=\"_blank\">\n\t\t\t\t\t\t\t<img loading=\"lazy\" decoding=\"async\" width=\"11811\" height=\"3295\" src=\"https:\/\/optoel.es\/2025\/wp-content\/uploads\/2025\/06\/secpho-LOGO-2023-1.svg\" class=\"attachment-large size-large wp-image-8677\" alt=\"\" \/>\t\t\t\t\t\t\t\t<\/a>\n\t\t\t\t\t\t\t\t\t\t\t\t\t<\/div>\n\t\t\t\t<\/div>\n\t\t\t\t<div class=\"elementor-element elementor-element-eff7f8b elementor-widget__width-initial elementor-widget elementor-widget-image\" data-id=\"eff7f8b\" data-element_type=\"widget\" data-widget_type=\"image.default\">\n\t\t\t\t<div class=\"elementor-widget-container\">\n\t\t\t\t\t\t\t\t\t\t\t\t\t\t<a href=\"https:\/\/www.fotonica21.org\/\" target=\"_blank\">\n\t\t\t\t\t\t\t<img loading=\"lazy\" decoding=\"async\" width=\"248\" height=\"117\" src=\"https:\/\/optoel.es\/2025\/wp-content\/uploads\/2025\/03\/fotonica.jpg\" class=\"attachment-large size-large wp-image-8191\" alt=\"\" \/>\t\t\t\t\t\t\t\t<\/a>\n\t\t\t\t\t\t\t\t\t\t\t\t\t<\/div>\n\t\t\t\t<\/div>\n\t\t\t\t\t<\/div>\n\t\t\t\t<\/div>\n\t\t\t\t<div class=\"elementor-element elementor-element-c0f5179 elementor-widget__width-initial elementor-widget elementor-widget-text-editor\" data-id=\"c0f5179\" data-element_type=\"widget\" data-widget_type=\"text-editor.default\">\n\t\t\t\t<div class=\"elementor-widget-container\">\n\t\t\t\t\t\t\t<p><em>Organizado por <b>SECPHO<\/b> y <b>Fot\u00f3nica21<\/b>.<\/em><\/p>\t\t\t\t\t\t<\/div>\n\t\t\t\t<\/div>\n\t\t\t\t\t<\/div>\n\t\t<\/div>\n\t\t\t\t<div class=\"elementor-column elementor-col-66 elementor-top-column elementor-element elementor-element-8665302\" data-id=\"8665302\" data-element_type=\"column\">\n\t\t\t<div class=\"elementor-widget-wrap elementor-element-populated\">\n\t\t\t\t\t\t<div class=\"elementor-element elementor-element-4fbe647 elementor-widget__width-initial elementor-widget elementor-widget-text-editor\" data-id=\"4fbe647\" data-element_type=\"widget\" data-widget_type=\"text-editor.default\">\n\t\t\t\t<div class=\"elementor-widget-container\">\n\t\t\t\t\t\t\t<p>OPTOEL 2025 se consolida como el foro de referencia en fot\u00f3nica y optoelectr\u00f3nica en Espa\u00f1a.<\/p>\t\t\t\t\t\t<\/div>\n\t\t\t\t<\/div>\n\t\t\t\t<div class=\"elementor-element elementor-element-0fde718 elementor-widget__width-initial elementor-widget elementor-widget-text-editor\" data-id=\"0fde718\" data-element_type=\"widget\" data-widget_type=\"text-editor.default\">\n\t\t\t\t<div class=\"elementor-widget-container\">\n\t\t\t\t\t\t\t<p>16:00 \u2013 18:00 | Foro de Innovaci\u00f3n<\/p>\t\t\t\t\t\t<\/div>\n\t\t\t\t<\/div>\n\t\t\t\t<div class=\"elementor-element elementor-element-6b029c5 elementor-widget__width-initial elementor-widget elementor-widget-text-editor\" data-id=\"6b029c5\" data-element_type=\"widget\" data-widget_type=\"text-editor.default\">\n\t\t\t\t<div class=\"elementor-widget-container\">\n\t\t\t\t\t\t\t<p><span style=\"letter-spacing: 0em; font-weight: bold;\">Ubicaci\u00f3n:\u00a0<\/span><span style=\"letter-spacing: 0em;\">Sala Showroom, Edificio GAIA TR14 UPC (Rambla Sant Nebridi, 22)<\/span><\/p>\t\t\t\t\t\t<\/div>\n\t\t\t\t<\/div>\n\t\t\t\t<div class=\"elementor-element elementor-element-0e85e10 elementor-widget__width-initial elementor-widget elementor-widget-text-editor\" data-id=\"0e85e10\" data-element_type=\"widget\" data-widget_type=\"text-editor.default\">\n\t\t\t\t<div class=\"elementor-widget-container\">\n\t\t\t\t\t\t\t<p>El objetivo de este Foro es generar <strong>proyectos de innovaci\u00f3n colaborativos<\/strong> entre las empresas asistentes del sector industrial, proyectos en los que las tecnolog\u00edas Deep Tech suponen un potente foco de innovaci\u00f3n.<\/p>\n<p>Para ello, estaremos abordando varios retos y la din\u00e1mica estar\u00e1 enfocada en generar <strong>debates<\/strong> \u00fatiles y centrada en problem\u00e1ticas concretas, de manera que se impulse la <strong>colaboraci\u00f3n entre los asistentes<\/strong>.<\/p>\t\t\t\t\t\t<\/div>\n\t\t\t\t<\/div>\n\t\t\t\t<div class=\"elementor-element elementor-element-1d03112 elementor-widget__width-initial elementor-widget elementor-widget-text-editor\" data-id=\"1d03112\" data-element_type=\"widget\" data-widget_type=\"text-editor.default\">\n\t\t\t\t<div class=\"elementor-widget-container\">\n\t\t\t\t\t\t\t<p>Coordinadores de los Retos de Innovaci\u00f3n:<span style=\"text-decoration: underline;\"><br \/><\/span><b>Sergio <\/b><b>S\u00e1ez<\/b><b>, <\/b><i>Cl\u00faster<\/i><i> Manager de SECPHO.<br \/><\/i><b>Rosa <\/b><b>S\u00e1nchez<\/b><b>, <\/b><i>Innovation Manager de SECPHO. <\/i><\/p>\t\t\t\t\t\t<\/div>\n\t\t\t\t<\/div>\n\t\t\t\t<div class=\"elementor-element elementor-element-e0358f0 elementor-widget__width-initial elementor-widget elementor-widget-text-editor\" data-id=\"e0358f0\" data-element_type=\"widget\" data-widget_type=\"text-editor.default\">\n\t\t\t\t<div class=\"elementor-widget-container\">\n\t\t\t\t\t\t\t<p>16:00 \u2013 18:00 | Foro de Talento<\/p>\t\t\t\t\t\t<\/div>\n\t\t\t\t<\/div>\n\t\t\t\t<div class=\"elementor-element elementor-element-37ed6af elementor-widget__width-initial elementor-widget elementor-widget-text-editor\" data-id=\"37ed6af\" data-element_type=\"widget\" data-widget_type=\"text-editor.default\">\n\t\t\t\t<div class=\"elementor-widget-container\">\n\t\t\t\t\t\t\t<p><span style=\"letter-spacing: 0em; font-weight: bold;\">Ubicaci\u00f3n:&nbsp;<\/span><span style=\"letter-spacing: 0em;\">Hall del Edificio GAIA TR14 UPC (Rambla Sant Nebridi, 22)<\/span><\/p>\t\t\t\t\t\t<\/div>\n\t\t\t\t<\/div>\n\t\t\t\t<div class=\"elementor-element elementor-element-d7cdf7c elementor-widget__width-initial elementor-widget elementor-widget-text-editor\" data-id=\"d7cdf7c\" data-element_type=\"widget\" data-widget_type=\"text-editor.default\">\n\t\t\t\t<div class=\"elementor-widget-container\">\n\t\t\t\t\t\t\t<p>El Foro de Talento se presenta como una <strong>feria de empleo din\u00e1mica<\/strong> que conecta las oportunidades de la industria con candidaturas de talento emergente procedente de las universidades. Su objetivo es fomentar que el <strong>talento fot\u00f3nico espa\u00f1ol<\/strong> desarrolle su carrera investigadora o profesional dentro del pa\u00eds, ya sea en centros de investigaci\u00f3n o en empresas del sector.<\/p>\n<p>El equipo de SECPHO y Fot\u00f3nica21 coordina esta iniciativa, recopilando previamente las ofertas y candidaturas, y dise\u00f1ando las din\u00e1micas de conexi\u00f3n que tienen lugar durante OPTOEL.<\/p>\t\t\t\t\t\t<\/div>\n\t\t\t\t<\/div>\n\t\t\t\t\t<\/div>\n\t\t<\/div>\n\t\t\t\t\t<\/div>\n\t\t<\/section>\n\t\t\t\t<section class=\"elementor-section elementor-top-section elementor-element elementor-element-8b3bdec elementor-section-boxed elementor-section-gap-beside-yes elementor-section-height-default elementor-section-height-default elementor-section-column-vertical-align-stretch elementor-invisible\" data-id=\"8b3bdec\" data-element_type=\"section\" data-settings=\"{&quot;animation&quot;:&quot;fadeIn&quot;}\">\n\t\t\t\t\t\t<div class=\"elementor-container elementor-column-gap-extended\">\n\t\t\t\t\t<div class=\"elementor-column elementor-col-33 elementor-top-column elementor-element elementor-element-a27bda1\" data-id=\"a27bda1\" data-element_type=\"column\">\n\t\t\t<div class=\"elementor-widget-wrap elementor-element-populated\">\n\t\t\t\t\t\t<div class=\"elementor-element elementor-element-db9a45e elementor-widget elementor-widget-tm-heading\" data-id=\"db9a45e\" data-element_type=\"widget\" data-widget_type=\"tm-heading.default\">\n\t\t\t\t<div class=\"elementor-widget-container\">\n\t\t\t\t\t<div class=\"tm-modern-heading\">\n\t\t\t\n\t\t\t\t\t<div class=\"heading-primary-wrap\">\n\t\t\t<h2 class=\"heading-primary elementor-heading-title\">Ponencia y Mesa Redonda: <b>Conciliaci\u00f3n laboral y familiar \u2013 Un reto compartido<\/b><\/h2>\t\t<\/div>\n\t\t\n\t\t\t\n\t\t\t\t\t<\/div>\n\t\t\t\t<\/div>\n\t\t\t\t<\/div>\n\t\t\t\t<div class=\"elementor-element elementor-element-5df4624 elementor-widget elementor-widget-tm-heading\" data-id=\"5df4624\" data-element_type=\"widget\" data-widget_type=\"tm-heading.default\">\n\t\t\t\t<div class=\"elementor-widget-container\">\n\t\t\t\t\t<div class=\"tm-modern-heading\">\n\t\t\t\n\t\t\t\t\t<div class=\"heading-primary-wrap\">\n\t\t\t<h2 class=\"heading-primary elementor-heading-title\">Mi\u00e9rcoles 2 de julio 2025\n<\/h2>\t\t<\/div>\n\t\t\n\t\t\t\n\t\t\t\t\t<\/div>\n\t\t\t\t<\/div>\n\t\t\t\t<\/div>\n\t\t<div class=\"elementor-element elementor-element-6d4edfc e-flex e-con-boxed e-con e-parent\" data-id=\"6d4edfc\" data-element_type=\"container\">\n\t\t\t\t\t<div class=\"e-con-inner\">\n\t\t\t\t<div class=\"elementor-element elementor-element-575025e elementor-widget elementor-widget-image\" data-id=\"575025e\" data-element_type=\"widget\" data-widget_type=\"image.default\">\n\t\t\t\t<div class=\"elementor-widget-container\">\n\t\t\t\t\t\t\t\t\t\t\t\t\t<img loading=\"lazy\" decoding=\"async\" width=\"640\" height=\"709\" src=\"https:\/\/optoel.es\/2025\/wp-content\/uploads\/2025\/06\/logo_MOF_sedoptica-e1620809206948.png\" class=\"attachment-large size-large wp-image-8737\" alt=\"\" srcset=\"https:\/\/optoel.es\/2025\/wp-content\/uploads\/2025\/06\/logo_MOF_sedoptica-e1620809206948.png 650w, https:\/\/optoel.es\/2025\/wp-content\/uploads\/2025\/06\/logo_MOF_sedoptica-e1620809206948-271x300.png 271w\" sizes=\"(max-width: 640px) 100vw, 640px\" \/>\t\t\t\t\t\t\t\t\t\t\t\t\t<\/div>\n\t\t\t\t<\/div>\n\t\t\t\t\t<\/div>\n\t\t\t\t<\/div>\n\t\t\t\t<div class=\"elementor-element elementor-element-88c2490 elementor-widget__width-initial elementor-widget elementor-widget-text-editor\" data-id=\"88c2490\" data-element_type=\"widget\" data-widget_type=\"text-editor.default\">\n\t\t\t\t<div class=\"elementor-widget-container\">\n\t\t\t\t\t\t\t<p><em>Organizado por\u00a0el <strong>\u00c1rea de Mujer, \u00d3ptica y Fot\u00f3nica (MOF)<\/strong>.<\/em><\/p>\t\t\t\t\t\t<\/div>\n\t\t\t\t<\/div>\n\t\t\t\t\t<\/div>\n\t\t<\/div>\n\t\t\t\t<div class=\"elementor-column elementor-col-66 elementor-top-column elementor-element elementor-element-49e6c33\" data-id=\"49e6c33\" data-element_type=\"column\">\n\t\t\t<div class=\"elementor-widget-wrap elementor-element-populated\">\n\t\t\t\t\t\t<div class=\"elementor-element elementor-element-539cff2 elementor-widget__width-initial elementor-widget elementor-widget-text-editor\" data-id=\"539cff2\" data-element_type=\"widget\" data-widget_type=\"text-editor.default\">\n\t\t\t\t<div class=\"elementor-widget-container\">\n\t\t\t\t\t\t\t<p>Un espacio de reflexi\u00f3n y di\u00e1logo sobre c\u00f3mo avanzar hacia una<br \/>conciliaci\u00f3n real y corresponsable.<\/p>\t\t\t\t\t\t<\/div>\n\t\t\t\t<\/div>\n\t\t\t\t<div class=\"elementor-element elementor-element-6cfb4ae elementor-widget__width-initial elementor-widget elementor-widget-text-editor\" data-id=\"6cfb4ae\" data-element_type=\"widget\" data-widget_type=\"text-editor.default\">\n\t\t\t\t<div class=\"elementor-widget-container\">\n\t\t\t\t\t\t\t<p>15:00 \u2013 16:00 | Ponencia y Mesa Redonda<\/p>\t\t\t\t\t\t<\/div>\n\t\t\t\t<\/div>\n\t\t\t\t<div class=\"elementor-element elementor-element-963f755 elementor-widget__width-initial elementor-widget elementor-widget-text-editor\" data-id=\"963f755\" data-element_type=\"widget\" data-widget_type=\"text-editor.default\">\n\t\t\t\t<div class=\"elementor-widget-container\">\n\t\t\t\t\t\t\t<p><span style=\"letter-spacing: 0em; font-weight: bold;\">Ubicaci\u00f3n:\u00a0<\/span><span style=\"letter-spacing: 0em;\">Sal\u00f3n de actos, Auditorio Municipal de Terrassa (<span class=\"w8qArf FoJoyf\">Passeig d&#8217;Ernest Lluch, 1<\/span>)<\/span><\/p>\t\t\t\t\t\t<\/div>\n\t\t\t\t<\/div>\n\t\t\t\t<div class=\"elementor-element elementor-element-a065f6b elementor-widget__width-initial elementor-widget elementor-widget-text-editor\" data-id=\"a065f6b\" data-element_type=\"widget\" data-widget_type=\"text-editor.default\">\n\t\t\t\t<div class=\"elementor-widget-container\">\n\t\t\t\t\t\t\t<p>El evento se abrir\u00e1 con una\u00a0<b>ponencia <\/b>a cargo de<b> Virginia Carrera Garrosa<\/b>, experta en<br \/>relaciones laborales con perspectiva feminista<\/p><p>A continuaci\u00f3n, se dar\u00e1 paso a una\u00a0<b>mesa redonda\u00a0<\/b>moderada por\u00a0<b>Beatriz Santamar\u00eda Fern\u00e1ndez\u00a0<\/b>(Vicepresidenta del \u00c1rea de Mujeres en \u00d3ptica y Fot\u00f3nica de SEDOPTICA). Acompa\u00f1ar\u00e1n a Virginia Carrera en la mesa redonda:<\/p><ul><li><strong>Carmen V\u00e1zquez<\/strong>, catedr\u00e1tica e investigadora en tecnolog\u00eda fot\u00f3nica (UC3M)<\/li><li><strong>Mikel Aldaba<\/strong>, profesor e investigador en \u00f3ptica visual (UPC)<\/li><\/ul>\t\t\t\t\t\t<\/div>\n\t\t\t\t<\/div>\n\t\t\t\t<div class=\"elementor-element elementor-element-c71d35e elementor-widget__width-initial elementor-widget elementor-widget-text-editor\" data-id=\"c71d35e\" data-element_type=\"widget\" data-widget_type=\"text-editor.default\">\n\t\t\t\t<div class=\"elementor-widget-container\">\n\t\t\t\t\t\t\t<p>\u00a1Te esperamos para compartir ideas y construir soluciones colectivas!<span style=\"text-decoration: underline;\"><br \/><\/span><\/p>\t\t\t\t\t\t<\/div>\n\t\t\t\t<\/div>\n\t\t\t\t\t<\/div>\n\t\t<\/div>\n\t\t\t\t\t<\/div>\n\t\t<\/section>\n\t\t\t\t<\/div>\n\t\t","protected":false},"excerpt":{"rendered":"<p>PROGRAMA Agenda del Congreso Descubre el Programa de OPTOEL2025 Martes 01 JULIO 15:30-23:00 I OPTOEL Joven Mi&eacute;rcoles 02 JULIO 08:30-09:00 Acreditaciones 09:00-09:30 Sesi&oacute;n Apertura 09:30-10:00 Conferencia Invitada:Aude MartinThales Group (Francia) 10:00-10:30 10:30-11:00 Charla T&eacute;cnica(Fibercom-EXFO) 11:00-11:30 Pausa Caf&eacute; 11:30-12:00 Sesi&oacute;n P&oacute;steres 1 12:00-12:30 12:30-13:00 13:00-13:30 Conferencia Invitado:Joan Manel Ram&iacute;rezIII-VLab (Francia) 13:30-14:00 14:00-14:30 Pausa Comida 14:40-15:00 15:00-15:30 &Aacute;rea de Mujer, &Oacute;ptica y Fot&oacute;nica (MOF)Conciliaci&oacute;n laboral y familiar 15:30-16:00 16:00-16:30 Sesi&oacute;n P&oacute;steres 2 16:30-17:00 17:00-17:30 17:30-18:00 &nbsp; 18:00-19:00 &nbsp; 19:00-20:30 Ruta Cultural 20:30-23:00 Recepci&oacute;n de Bienvenida Jueves 03 JULIO 09:00-09:30 Conferencia Invitada:Ma\u0142gorzata SzczerskaGda\u0144sk University of Technology (Polonia) 09:30-10:00 10:00-10:30 Charla T&eacute;cnica(Hamamatsu, Iberoptics, Monocrom) 10:30-11:00 Pausa Caf&eacute; 11:00-11:30 Sesi&oacute;n P&oacute;steres 3&nbsp;&nbsp; 11:30-12:00 12:00-12:30 12:30-13:00 Charla T&eacute;cnica(ZEPREN Solutions, UPVfab, ProCareLight) 13:00-13:30 Conferencia Invitada:Jessica Ramella-RomanFlorida International University (USA) 13:30-14:00 14:00-14:30 Pausa Comida 14:40-15:00 15:00-15:30 Asamblea Comit&eacute; Optoelectr&oacute;nica 15:30-16:00 16:00-16:30 Foro de TalentoForo de Innovaci&oacute;n 16:30-17:00 17:00-17:30 17:30-18:00 18:00-19:00 19:00-20:30 Ruta Cultural 20:30-23:00 Cena de Networking Viernes 04 JULIO 09:00-09:30 Sesi&oacute;n P&oacute;steres 4 09:30-10:00 10:00-10:30 10:30-11:00 Charla T&eacute;cnica(MTB, AMS Technologies, Pro-Lite) 11:00-11:30 Pausa Caf&eacute; 11:30-12:00 Conferencia Invitado:Christophe Caucheteur&nbsp;University of Mons (B&eacute;lgica) 12:00-12:30 12:30-13:00 Charla T&eacute;cnica(LASING, PIC-UPV Chip Chair, SECPHO) 13:00-13:30 Entrega de PremiosClausura 13:30-14:00 14:00-14:30 Cocktail Despedida 14:30-15:00 Martes 01 JULIO 15:30-23:00 I OPTOEL Joven Mi&eacute;rcoles 02 JULIO 08:30-09:00 Acreditaciones 09:00-09:30 Sesi&oacute;n Apertura 09:30-10:00 Conferencia Invitada:Aude MartinThales Group (Francia) 10:00-10:30 10:30-11:00 Charla T&eacute;cnica&nbsp;(Fibercom-EXFO) 11:00-11:30 Pausa Caf&eacute; 11:30-12:00 Sesi&oacute;n P&oacute;steres 1 12:00-12:30 12:30-13:00 13:00-13:30 Conferencia Invitado:Joan Manel Ram&iacute;rezIII-VLab (Francia) 13:30-14:00 14:00-14:30 Pausa Comida 14:40-15:00 15:00-15:30 &Aacute;rea de Mujer, &Oacute;ptica y Fot&oacute;nica (MOF)Conciliaci&oacute;n laboral y familiar 15:30-16:00 16:00-16:30 Sesi&oacute;n P&oacute;steres 2 16:30-17:00 17:00-17:30 17:30-18:00 &nbsp; 18:00-19:00 &nbsp; 19:00-20:30 Ruta Cultural 20:30-23:00 Recepci&oacute;n de Bienvenida Jueves 03 JULIO 09:00-09:30 Conferencia Invitada:Ma\u0142gorzata SzczerskaGda\u0144sk University of Technology (Polonia)&nbsp;&nbsp; 09:30-10:00 10:00-10:30 Charla T&eacute;cnica(Hamamatsu, Iberoptics, Monocrom) 10:30-11:00 Pausa Caf&eacute; 11:00-11:30 Sesi&oacute;n P&oacute;steres 1&nbsp;&nbsp; 11:30-12:00 12:00-12:30 12:30-13:00 Charla T&eacute;cnica(ZEPREN Solutions, UPVfab, ProCareLight) 13:00-13:30 Conferencia Invitada:Jessica Ramella-RomanFlorida International University (USA) 13:30-14:00 14:00-14:30 Pausa Comida 14:40-15:00 15:00-15:30 Asamblea Comit&eacute; Optoelectr&oacute;nica 15:30-16:00 16:00-16:30 Foro de TalentoForo de Innovaci&oacute;n 16:30-17:00 17:00-17:30 17:30-18:00 18:00-19:00 19:00-20:30 Ruta Cultural 20:30-23:00 Cena de Networking Viernes 04 JULIO 09:00-09:30 Sesi&oacute;n P&oacute;steres 4 09:30-10:00 10:00-10:30 10:30-11:00 Charla T&eacute;cnica(MTB, AMS Technologies, Pro-Lite) 11:00-11:30 Pausa Caf&eacute; 11:30-12:00 Conferencia Invitado:Christophe Caucheteur&nbsp;University of Mons (B&eacute;lgica) 12:00-12:30 12:30-13:00 Charla T&eacute;cnica(LASING, PIC-UPV Chip Chair, SECPHO) 13:00-13:30 Entrega de PremiosClausura 13:30-14:00 14:00-14:30 Cocktail Despedida 14:30-15:00 Horario Martes 01 JULIO Mi&eacute;rcoles 02 JULIO Jueves 03 JULIO Viernes 04 JULIO 08:30-09:00 &nbsp; Acreditaciones &nbsp; &nbsp; 09:00-09:30 Sesi&oacute;n Apertura Conferencia Invitada:Ma\u0142gorzata Szczerska Gda\u0144sk University of Technology (Polonia) Sesi&oacute;n P&oacute;steres 4&nbsp;&nbsp; 09:30-10:00 Conferencia Invitada:Aude MartinThales Group (Francia) 10:00-10:30 Charla T&eacute;cnica(Hamamatsu, Iberoptics, Monocrom) 10:30-11:00 Charla T&eacute;cnica&nbsp;(Fibercom-EXFO) Pausa Caf&eacute; Charla T&eacute;cnica (MTB, AMS Technologies, Pro-Lite) 11:00-11:30 Pausa Caf&eacute; &nbsp;Sesi&oacute;n P&oacute;steres 3&nbsp; Pausa Caf&eacute; 11:30-12:00 Sesi&oacute;n P&oacute;steres 1 Conferencia Invitado:Christophe Caucheteur University of Mons (B&eacute;lgica) 12:00-12:30 12:30-13:00 Charla T&eacute;cnica&nbsp;(ZEPREN Solutions, UPVfab, ProCareLight) Charla T&eacute;cnica(LASING, PIC-UPV Chip Chair, SECPHO) 13:00-13:30 Conferencia Invitado:Joan Manel Ram&iacute;rezIII-VLab (Francia) Conferencia Invitada:Jessica Ramella-Roman Florida International University (USA) Entrega de Premios Clausura 13:30-14:00 14:00-14:30 Pausa Comida Pausa Comida Cocktail Despedida 14:30-15:00 15:00-15:30 Ponencia y Mesa Redonda organizada por el &Aacute;rea MOF Conciliaci&oacute;n laboral y familiar &ndash; Un reto compartido Asamblea Comit&eacute; Optoelectr&oacute;nica &nbsp; 15:30-16:00 I OPTOEL Joven 16:00-16:30 Sesi&oacute;n P&oacute;steres 2 Foro TalentoForo Innovaci&oacute;n 16:30-17:00 17:00-17:30 17:30-18:00 &nbsp; 18:00-19:00 &nbsp; &nbsp; &nbsp; 19:00-20:30 Ruta Cultural Ruta Cultural &nbsp; 20:30-23:00 Recepci&oacute;n de Bienvenida Cena de Networking &nbsp; Revisa el listado de Sesiones de P\u00f3steres aqu\u00ed. Optoel Joven Martes 1 de julio 2025 Organizado por PhotoniCAT (UPC Student Chapter) y el \u00c1rea Joven de SEDOPTICA. Patrocinado por OPTICA y SPIE. \u00a1Llega la primera edici\u00f3n de OPTOEL Joven! Un espacio pensado para los investigadores m\u00e1s j\u00f3venes, con formaci\u00f3n, networking y un toque de humor. 15:30 \u2013 16:00 | Bienvenida y apertura de puertas Ubicaci\u00f3n:\u00a0\u00a0Aula 2.0, Edificio TR5 UPC (Calle de Colom, 15) 16:00 \u2013 18:00 | Ponencia El poder de la mirada y Workshop con Montserrat Lucena Objetivo:\u00a0Adquirir herramientas personales para el desempe\u00f1o del trabajo de investigaci\u00f3n, de forma saludable y con bienestar emocional. Tema: Habilidades de comunicaci\u00f3n intra e inter personales en los primeros a\u00f1os de investigaci\u00f3n que favorecen la salud mental, la motivaci\u00f3n y el rendimiento. En el workshop observaremos juntos temas como la gesti\u00f3n emocional, la autoconfianza, y la relaci\u00f3n entre la gesti\u00f3n del tiempo y el estr\u00e9s en el campo de la investigaci\u00f3n. 18:00 \u2013 19:00 | Pausa 19:00 \u2013 23:00 | Pint of Optoelectronics Ubicaci\u00f3n:\u00a0Sala Showroom, Edificio GAIA TR14 UPC (Rambla Sant Nebridi, 22) Un espacio informal donde los j\u00f3venes investigadores podr\u00e1n compartir, en un mon\u00f3logo corto (3-5 min), su trayectoria, su campo de investigaci\u00f3n o an\u00e9cdotas del mundo acad\u00e9mico, sin necesidad de tecnicismos. Puedes hablar de tus logros, de los desaf\u00edos que has encontrado en el camino o de esos experimentos que no salieron como esperabas. Un ambiente relajado, abierto a todos los asistentes de OPTOEL, con piscolabis y sorpresas. Montserrat Lucena Directora y formadora en SPELLARTS, S.L. Experta en Programaci\u00f3n Neuroling\u00fc\u00edstica, comunicaci\u00f3n y negociaci\u00f3n. Profesora asociada en UPC, Departamento de \u00d3ptica y Optometr\u00eda. Foros de Innovaci\u00f3ny Talento Jueves 3 de julio 2025 Organizado por SECPHO y Fot\u00f3nica21. OPTOEL 2025 se consolida como el foro de referencia en fot\u00f3nica y optoelectr\u00f3nica en Espa\u00f1a. 16:00 \u2013 18:00 | Foro de Innovaci\u00f3n Ubicaci\u00f3n:\u00a0Sala Showroom, Edificio GAIA TR14 UPC (Rambla Sant Nebridi, 22) El objetivo de este Foro es generar proyectos de innovaci\u00f3n colaborativos entre las empresas asistentes del sector industrial, proyectos en los que las tecnolog\u00edas Deep Tech suponen un potente foco de innovaci\u00f3n. Para ello, estaremos abordando varios retos y la din\u00e1mica estar\u00e1 enfocada en generar debates \u00fatiles y centrada en problem\u00e1ticas concretas, de manera que se impulse la colaboraci\u00f3n entre los asistentes. Coordinadores de los Retos de Innovaci\u00f3n:Sergio S\u00e1ez, Cl\u00faster Manager de SECPHO.Rosa S\u00e1nchez, Innovation Manager de SECPHO. 16:00 \u2013 18:00 | Foro de Talento Ubicaci\u00f3n:&nbsp;Hall del Edificio GAIA TR14 UPC (Rambla Sant Nebridi, 22) El Foro de Talento se presenta como una feria de empleo din\u00e1mica que conecta las oportunidades de la industria con candidaturas de talento emergente procedente de las universidades. Su objetivo es fomentar que el talento fot\u00f3nico espa\u00f1ol desarrolle su carrera investigadora o profesional dentro del pa\u00eds, ya [&hellip;]<\/p>\n","protected":false},"author":2,"featured_media":0,"parent":0,"menu_order":0,"comment_status":"closed","ping_status":"closed","template":"","meta":{"footnotes":""},"class_list":["post-7883","page","type-page","status-publish","hentry","post-no-thumbnail"],"_links":{"self":[{"href":"https:\/\/optoel.es\/2025\/wp-json\/wp\/v2\/pages\/7883"}],"collection":[{"href":"https:\/\/optoel.es\/2025\/wp-json\/wp\/v2\/pages"}],"about":[{"href":"https:\/\/optoel.es\/2025\/wp-json\/wp\/v2\/types\/page"}],"author":[{"embeddable":true,"href":"https:\/\/optoel.es\/2025\/wp-json\/wp\/v2\/users\/2"}],"replies":[{"embeddable":true,"href":"https:\/\/optoel.es\/2025\/wp-json\/wp\/v2\/comments?post=7883"}],"version-history":[{"count":235,"href":"https:\/\/optoel.es\/2025\/wp-json\/wp\/v2\/pages\/7883\/revisions"}],"predecessor-version":[{"id":8752,"href":"https:\/\/optoel.es\/2025\/wp-json\/wp\/v2\/pages\/7883\/revisions\/8752"}],"wp:attachment":[{"href":"https:\/\/optoel.es\/2025\/wp-json\/wp\/v2\/media?parent=7883"}],"curies":[{"name":"wp","href":"https:\/\/api.w.org\/{rel}","templated":true}]}}