{"id":2913,"date":"2019-11-25T02:16:04","date_gmt":"2019-11-25T02:16:04","guid":{"rendered":""},"modified":"2025-02-03T09:11:55","modified_gmt":"2025-02-03T08:11:55","slug":"el-congreso","status":"publish","type":"page","link":"https:\/\/optoel.es\/2025\/el-congreso\/","title":{"rendered":"El Congreso"},"content":{"rendered":"\t\t<div data-elementor-type=\"wp-page\" data-elementor-id=\"2913\" class=\"elementor elementor-2913\">\n\t\t\t\t\t\t<section class=\"elementor-section elementor-top-section elementor-element elementor-element-b7603c1 elementor-section-stretched elementor-section-full_width elementor-section-height-default elementor-section-height-default elementor-section-column-vertical-align-stretch\" data-id=\"b7603c1\" data-element_type=\"section\" data-settings=\"{&quot;stretch_section&quot;:&quot;section-stretched&quot;,&quot;background_background&quot;:&quot;classic&quot;}\">\n\t\t\t\t\t\t\t<div class=\"elementor-background-overlay\"><\/div>\n\t\t\t\t\t\t\t<div class=\"elementor-container elementor-column-gap-no\">\n\t\t\t\t\t<div class=\"elementor-column elementor-col-100 elementor-top-column elementor-element elementor-element-9ed3833\" data-id=\"9ed3833\" data-element_type=\"column\" data-settings=\"{&quot;background_background&quot;:&quot;classic&quot;}\">\n\t\t\t<div class=\"elementor-widget-wrap elementor-element-populated\">\n\t\t\t\t\t<div class=\"elementor-background-overlay\"><\/div>\n\t\t\t\t<div class=\"elementor-element elementor-element-4431e0d e-flex e-con-boxed e-con e-parent\" data-id=\"4431e0d\" data-element_type=\"container\">\n\t\t\t\t\t<div class=\"e-con-inner\">\n\t\t\t\t<div class=\"elementor-element elementor-element-06e74fb elementor-widget__width-inherit elementor-invisible elementor-widget elementor-widget-tm-heading\" data-id=\"06e74fb\" data-element_type=\"widget\" data-settings=\"{&quot;_animation&quot;:&quot;fadeIn&quot;}\" data-widget_type=\"tm-heading.default\">\n\t\t\t\t<div class=\"elementor-widget-container\">\n\t\t\t\t\t<div class=\"tm-modern-heading\">\n\t\t\t\t\t<div class=\"heading-secondary-wrap\">\n\t\t\t<h3 class=\"heading-secondary elementor-heading-title\">EL CONGRESO<\/h3>\t\t<\/div>\n\t\t\n\t\t\t\t\t<div class=\"heading-primary-wrap\">\n\t\t\t<h2 class=\"heading-primary elementor-heading-title\">Bienvenido<\/h2>\t\t<\/div>\n\t\t\n\t\t\t\n\t\t\t\t\t<\/div>\n\t\t\t\t<\/div>\n\t\t\t\t<\/div>\n\t\t\t\t\t<\/div>\n\t\t\t\t<\/div>\n\t\t\t\t\t<\/div>\n\t\t<\/div>\n\t\t\t\t\t<\/div>\n\t\t<\/section>\n\t\t\t\t<section class=\"elementor-section elementor-top-section elementor-element elementor-element-c5ff234 elementor-section-boxed elementor-section-gap-beside-yes elementor-section-height-default elementor-section-height-default elementor-section-column-vertical-align-stretch elementor-invisible\" data-id=\"c5ff234\" data-element_type=\"section\" data-settings=\"{&quot;animation&quot;:&quot;billyFadeInUp&quot;}\">\n\t\t\t\t\t\t<div class=\"elementor-container elementor-column-gap-extended\">\n\t\t\t\t\t<div class=\"elementor-column elementor-col-33 elementor-top-column elementor-element elementor-element-c606738\" data-id=\"c606738\" data-element_type=\"column\">\n\t\t\t<div class=\"elementor-widget-wrap elementor-element-populated\">\n\t\t\t\t\t\t<div class=\"elementor-element elementor-element-87630a7 elementor-widget elementor-widget-tm-heading\" data-id=\"87630a7\" data-element_type=\"widget\" data-widget_type=\"tm-heading.default\">\n\t\t\t\t<div class=\"elementor-widget-container\">\n\t\t\t\t\t<div class=\"tm-modern-heading\">\n\t\t\t\n\t\t\t\t\t<div class=\"heading-primary-wrap\">\n\t\t\t<h2 class=\"heading-primary elementor-heading-title\"><span style=\"color:##0061A8\">Optoel<\/span> <b>2025<\/b><\/h2>\t\t<\/div>\n\t\t\n\t\t\t\n\t\t\t\t\t<\/div>\n\t\t\t\t<\/div>\n\t\t\t\t<\/div>\n\t\t\t\t\t<\/div>\n\t\t<\/div>\n\t\t\t\t<div class=\"elementor-column elementor-col-66 elementor-top-column elementor-element elementor-element-7ecc1cf\" data-id=\"7ecc1cf\" data-element_type=\"column\">\n\t\t\t<div class=\"elementor-widget-wrap elementor-element-populated\">\n\t\t\t\t\t\t<div class=\"elementor-element elementor-element-3bb2ed3 elementor-widget__width-initial elementor-widget elementor-widget-text-editor\" data-id=\"3bb2ed3\" data-element_type=\"widget\" data-widget_type=\"text-editor.default\">\n\t\t\t\t<div class=\"elementor-widget-container\">\n\t\t\t<style>\/*! elementor - v3.22.0 - 26-06-2024 *\/\n.elementor-widget-text-editor.elementor-drop-cap-view-stacked .elementor-drop-cap{background-color:#69727d;color:#fff}.elementor-widget-text-editor.elementor-drop-cap-view-framed .elementor-drop-cap{color:#69727d;border:3px solid;background-color:transparent}.elementor-widget-text-editor:not(.elementor-drop-cap-view-default) .elementor-drop-cap{margin-top:8px}.elementor-widget-text-editor:not(.elementor-drop-cap-view-default) .elementor-drop-cap-letter{width:1em;height:1em}.elementor-widget-text-editor .elementor-drop-cap{float:left;text-align:center;line-height:1;font-size:50px}.elementor-widget-text-editor .elementor-drop-cap-letter{display:inline-block}<\/style>\t\t\t\t<p>Bienvenidos a la decimocuarta edici\u00f3n de la Reuni\u00f3n del Comit\u00e9 de Optoelectr\u00f3nica (OPTOEL) de la&nbsp;<a href=\"https:\/\/www.sedoptica.es\/\" target=\"_blank\">Sociedad Espa\u00f1ola de \u00d3ptica<\/a>&nbsp;(SEDOPTICA), que se celebrar\u00e1 en julio de 2025 en Terrassa, organizada por el&nbsp;<a href=\"https:\/\/www.cd6.upc.edu\/\" target=\"_blank\">Centro de Desarrollo de Sensores, Instrumentaci\u00f3n y Sistemas<\/a>&nbsp;(CD6), de la&nbsp;<a href=\"https:\/\/www.upc.edu\/es?set_language=es\" target=\"_blank\">Universidad Polit\u00e9cnica de Catalu\u00f1a<\/a>&nbsp;(UPC).&nbsp;<\/p>\t\t\t\t\t\t<\/div>\n\t\t\t\t<\/div>\n\t\t\t\t<div class=\"elementor-element elementor-element-a80a5f6 elementor-widget__width-initial elementor-widget elementor-widget-text-editor\" data-id=\"a80a5f6\" data-element_type=\"widget\" data-widget_type=\"text-editor.default\">\n\t\t\t\t<div class=\"elementor-widget-container\">\n\t\t\t\t\t\t\t<p><span style=\"color: var( --e-global-color-text ); letter-spacing: 0em;\">Del 2 al 4 de julio de 2025, Terrassa se convertir\u00e1 en el punto de encuentro para investigadores y profesionales del \u00e1mbito de la Fot\u00f3nica y la Optoelectr\u00f3nica en Espa\u00f1a<\/span><span style=\"color: var( --e-global-color-text ); letter-spacing: 0em;\">. Adem\u00e1s, vamos a contar con el primer Optoel Joven, que se celebrar\u00e1 el d\u00eda 1 de julio de 2025.<\/span><\/p><p>Durante estos tres d\u00edas, en la XIV Reuni\u00f3n del Comit\u00e9 de Optoelectr\u00f3nica OPTOEL2025, se presentar\u00e1n y discutir\u00e1n los \u00faltimos avances y desarrollos en fot\u00f3nica y optoelectr\u00f3nica.<\/p>\t\t\t\t\t\t<\/div>\n\t\t\t\t<\/div>\n\t\t\t\t\t<\/div>\n\t\t<\/div>\n\t\t\t\t\t<\/div>\n\t\t<\/section>\n\t\t\t\t<section class=\"elementor-section elementor-top-section elementor-element elementor-element-f26631e elementor-section-full_width elementor-section-stretched elementor-section-gap-beside-yes elementor-section-height-default elementor-section-height-default elementor-section-column-vertical-align-stretch\" data-id=\"f26631e\" data-element_type=\"section\" data-settings=\"{&quot;background_background&quot;:&quot;classic&quot;,&quot;stretch_section&quot;:&quot;section-stretched&quot;}\">\n\t\t\t\t\t\t\t<div class=\"elementor-background-overlay\"><\/div>\n\t\t\t\t\t\t\t<div class=\"elementor-container elementor-column-gap-extended\">\n\t\t\t\t\t<div class=\"elementor-column elementor-col-33 elementor-top-column elementor-element elementor-element-0578453\" data-id=\"0578453\" data-element_type=\"column\">\n\t\t\t<div class=\"elementor-widget-wrap elementor-element-populated\">\n\t\t\t\t\t\t<div class=\"elementor-element elementor-element-f1d65cf elementor-widget elementor-widget-image\" data-id=\"f1d65cf\" data-element_type=\"widget\" data-widget_type=\"image.default\">\n\t\t\t\t<div class=\"elementor-widget-container\">\n\t\t\t<style>\/*! elementor - v3.22.0 - 26-06-2024 *\/\n.elementor-widget-image{text-align:center}.elementor-widget-image a{display:inline-block}.elementor-widget-image a img[src$=\".svg\"]{width:48px}.elementor-widget-image img{vertical-align:middle;display:inline-block}<\/style>\t\t\t\t\t\t\t\t\t\t\t<a href=\"https:\/\/optoel.es\/2025\/wp-content\/uploads\/2024\/11\/masia-freixa-lamp-4.jpg\" data-elementor-open-lightbox=\"yes\" data-e-action-hash=\"#elementor-action%3Aaction%3Dlightbox%26settings%3DeyJpZCI6Nzc5NywidXJsIjoiaHR0cHM6XC9cL29wdG9lbC5lc1wvMjAyNVwvd3AtY29udGVudFwvdXBsb2Fkc1wvMjAyNFwvMTFcL21hc2lhLWZyZWl4YS1sYW1wLTQuanBnIn0%3D\">\n\t\t\t\t\t\t\t<img decoding=\"async\" src=\"https:\/\/optoel.es\/2025\/wp-content\/uploads\/elementor\/thumbs\/masia-freixa-lamp-4-qwy84m1waphhn9nvgavljxn4oajrwduzbleff5hiyo.jpg\" title=\"\" alt=\"\" loading=\"lazy\" \/>\t\t\t\t\t\t\t\t<\/a>\n\t\t\t\t\t\t\t\t\t\t\t\t\t<\/div>\n\t\t\t\t<\/div>\n\t\t\t\t\t<\/div>\n\t\t<\/div>\n\t\t\t\t<div class=\"elementor-column elementor-col-33 elementor-top-column elementor-element elementor-element-7b3667d\" data-id=\"7b3667d\" data-element_type=\"column\">\n\t\t\t<div class=\"elementor-widget-wrap elementor-element-populated\">\n\t\t\t\t\t\t<div class=\"elementor-element elementor-element-96c7758 elementor-widget elementor-widget-image\" data-id=\"96c7758\" data-element_type=\"widget\" data-widget_type=\"image.default\">\n\t\t\t\t<div class=\"elementor-widget-container\">\n\t\t\t\t\t\t\t\t\t\t\t\t\t\t<a href=\"https:\/\/optoel.es\/2025\/wp-content\/uploads\/2024\/11\/masia-freixa-lamp-3.jpg\" data-elementor-open-lightbox=\"yes\" data-e-action-hash=\"#elementor-action%3Aaction%3Dlightbox%26settings%3DeyJpZCI6Nzc1NiwidXJsIjoiaHR0cHM6XC9cL29wdG9lbC5lc1wvMjAyNVwvd3AtY29udGVudFwvdXBsb2Fkc1wvMjAyNFwvMTFcL21hc2lhLWZyZWl4YS1sYW1wLTMuanBnIn0%3D\">\n\t\t\t\t\t\t\t<img decoding=\"async\" src=\"https:\/\/optoel.es\/2025\/wp-content\/uploads\/elementor\/thumbs\/masia-freixa-lamp-3-qwy76yfxl9evxwjsz95hrxdyymfnaj8z10hjthdzr4.jpg\" title=\"\" alt=\"\" loading=\"lazy\" \/>\t\t\t\t\t\t\t\t<\/a>\n\t\t\t\t\t\t\t\t\t\t\t\t\t<\/div>\n\t\t\t\t<\/div>\n\t\t\t\t\t<\/div>\n\t\t<\/div>\n\t\t\t\t<div class=\"elementor-column elementor-col-33 elementor-top-column elementor-element elementor-element-bafa57f\" data-id=\"bafa57f\" data-element_type=\"column\">\n\t\t\t<div class=\"elementor-widget-wrap elementor-element-populated\">\n\t\t\t\t\t\t<div class=\"elementor-element elementor-element-1179157 elementor-widget elementor-widget-image\" data-id=\"1179157\" data-element_type=\"widget\" data-widget_type=\"image.default\">\n\t\t\t\t<div class=\"elementor-widget-container\">\n\t\t\t\t\t\t\t\t\t\t\t\t\t\t<a href=\"https:\/\/optoel.es\/2025\/wp-content\/uploads\/2024\/11\/masia-freixa-lamp-2.jpg\" data-elementor-open-lightbox=\"yes\" data-e-action-hash=\"#elementor-action%3Aaction%3Dlightbox%26settings%3DeyJpZCI6Nzc1NSwidXJsIjoiaHR0cHM6XC9cL29wdG9lbC5lc1wvMjAyNVwvd3AtY29udGVudFwvdXBsb2Fkc1wvMjAyNFwvMTFcL21hc2lhLWZyZWl4YS1sYW1wLTIuanBnIn0%3D\">\n\t\t\t\t\t\t\t<img decoding=\"async\" src=\"https:\/\/optoel.es\/2025\/wp-content\/uploads\/elementor\/thumbs\/masia-freixa-lamp-2-qwy76xi3efdlmal64qqv7fmid8ka2u58ovu2c7fdxc.jpg\" title=\"\" alt=\"\" loading=\"lazy\" \/>\t\t\t\t\t\t\t\t<\/a>\n\t\t\t\t\t\t\t\t\t\t\t\t\t<\/div>\n\t\t\t\t<\/div>\n\t\t\t\t\t<\/div>\n\t\t<\/div>\n\t\t\t\t\t<\/div>\n\t\t<\/section>\n\t\t\t\t<section class=\"elementor-section elementor-top-section elementor-element elementor-element-2d1d93b elementor-section-full_width elementor-section-stretched elementor-section-gap-beside-yes elementor-section-height-default elementor-section-height-default elementor-section-column-vertical-align-stretch\" data-id=\"2d1d93b\" data-element_type=\"section\" data-settings=\"{&quot;background_background&quot;:&quot;classic&quot;,&quot;stretch_section&quot;:&quot;section-stretched&quot;}\">\n\t\t\t\t\t\t\t<div class=\"elementor-background-overlay\"><\/div>\n\t\t\t\t\t\t\t<div class=\"elementor-container elementor-column-gap-extended\">\n\t\t\t\t\t<div class=\"elementor-column elementor-col-100 elementor-top-column elementor-element elementor-element-029c58b\" data-id=\"029c58b\" data-element_type=\"column\">\n\t\t\t<div class=\"elementor-widget-wrap elementor-element-populated\">\n\t\t\t\t<div class=\"elementor-element elementor-element-8e067f7 e-flex e-con-boxed e-con e-parent\" data-id=\"8e067f7\" data-element_type=\"container\">\n\t\t\t\t\t<div class=\"e-con-inner\">\n\t\t\t\t<div class=\"elementor-element elementor-element-c714ebf elementor-invisible elementor-widget elementor-widget-tm-heading\" data-id=\"c714ebf\" data-element_type=\"widget\" data-settings=\"{&quot;_animation&quot;:&quot;fadeIn&quot;}\" data-widget_type=\"tm-heading.default\">\n\t\t\t\t<div class=\"elementor-widget-container\">\n\t\t\t\t\t<div class=\"tm-modern-heading\">\n\t\t\t\n\t\t\t\t\t<div class=\"heading-primary-wrap\">\n\t\t\t<h4 class=\"heading-primary elementor-heading-title\">El OPTOEL2025 reunir\u00e1 a investigadores, emprendedores, inversores y empresas para fomentar la colaboraci\u00f3n entre academia e industria, buscando soluciones a estos desaf\u00edos globales. \u00a1Esperamos contar con tu presencia en Terrassa!<\/h4>\t\t<\/div>\n\t\t\n\t\t\t\n\t\t\t\t\t<\/div>\n\t\t\t\t<\/div>\n\t\t\t\t<\/div>\n\t\t\t\t\t<\/div>\n\t\t\t\t<\/div>\n\t\t\t\t\t<\/div>\n\t\t<\/div>\n\t\t\t\t\t<\/div>\n\t\t<\/section>\n\t\t\t\t<section class=\"elementor-section elementor-top-section elementor-element elementor-element-09a499e elementor-section-boxed elementor-section-gap-beside-yes elementor-section-height-default elementor-section-height-default elementor-section-column-vertical-align-stretch elementor-invisible\" data-id=\"09a499e\" data-element_type=\"section\" data-settings=\"{&quot;animation&quot;:&quot;billyFadeInUp&quot;}\">\n\t\t\t\t\t\t<div class=\"elementor-container elementor-column-gap-extended\">\n\t\t\t\t\t<div class=\"elementor-column elementor-col-33 elementor-top-column elementor-element elementor-element-30c7748 elementor-invisible\" data-id=\"30c7748\" data-element_type=\"column\" data-settings=\"{&quot;animation&quot;:&quot;billyFadeInUp&quot;}\">\n\t\t\t<div class=\"elementor-widget-wrap elementor-element-populated\">\n\t\t\t\t\t\t<div class=\"elementor-element elementor-element-191b2c4 elementor-widget elementor-widget-tm-heading\" data-id=\"191b2c4\" data-element_type=\"widget\" data-widget_type=\"tm-heading.default\">\n\t\t\t\t<div class=\"elementor-widget-container\">\n\t\t\t\t\t<div class=\"tm-modern-heading\">\n\t\t\t\n\t\t\t\t\t<div class=\"heading-primary-wrap\">\n\t\t\t<h2 class=\"heading-primary elementor-heading-title\"><b>Temas <\/b>a abarcar<\/h2>\t\t<\/div>\n\t\t\n\t\t\t\n\t\t\t\t\t<\/div>\n\t\t\t\t<\/div>\n\t\t\t\t<\/div>\n\t\t\t\t\t<\/div>\n\t\t<\/div>\n\t\t\t\t<div class=\"elementor-column elementor-col-66 elementor-top-column elementor-element elementor-element-7c3ceaa\" data-id=\"7c3ceaa\" data-element_type=\"column\">\n\t\t\t<div class=\"elementor-widget-wrap elementor-element-populated\">\n\t\t\t\t<div class=\"elementor-element elementor-element-2b042be e-flex e-con-boxed e-con e-parent\" data-id=\"2b042be\" data-element_type=\"container\">\n\t\t\t\t\t<div class=\"e-con-inner\">\n\t\t<div class=\"elementor-element elementor-element-13a229f e-con-full e-flex e-con e-child\" data-id=\"13a229f\" data-element_type=\"container\">\n\t\t\t\t<div class=\"elementor-element elementor-element-c436a92 elementor-position-left billey-view-default elementor-vertical-align-top elementor-invisible elementor-widget elementor-widget-tm-icon-box\" data-id=\"c436a92\" data-element_type=\"widget\" data-settings=\"{&quot;_animation&quot;:&quot;billyFadeInUp&quot;}\" data-widget_type=\"tm-icon-box.default\">\n\t\t\t\t<div class=\"elementor-widget-container\">\n\t\t\t\t\t<div class=\"tm-icon-box\">\n\t\t<div class=\"icon-box-wrapper\">\n\t\t\t\t\t<div class=\"billey-icon-wrap\">\n\t\t\t<div class=\"billey-icon-view first\">\n\t\t\t\t<div class=\"billey-icon-view-inner\">\n\t\t\t\t\t\n\t\t\t\t\t<div class=\"billey-icon icon billey-solid-icon\">\n\t\t\t\t\t\t<i aria-hidden=\"true\" class=\"fa-light fa-network-wired\"><\/i>\t\t\t\t\t<\/div>\n\t\t\t\t<\/div>\n\t\t\t<\/div>\n\n\t\t\t\t\t<\/div>\n\t\t\n\t\t\t<div class=\"icon-box-content\">\n\t\t\t\t\t\t<div class=\"heading-wrap\">\n\t\t\t<h3 class=\"heading\">Demanda de Conectividad<\/h3>\n\t\t\t\t\t<\/div>\n\t\t\n\t\t\t\t\t\t<div class=\"description-wrap\">\n\t\t\t<div class=\"description\">\n\t\t\t\tA medida que el sector de las Tecnolog\u00edas de la Informaci\u00f3n y las Comunicaciones (TIC) crece exponencialmente, las tecnolog\u00edas fot\u00f3nicas son cruciales para aumentar la capacidad de los canales de comunicaci\u00f3n.\t\t\t<\/div>\n\t\t<\/div>\n\t\t\n\t\t\t\t\t\t\t<\/div>\n\t\t<\/div>\n\n\t\t<\/div>\t\t\t\t<\/div>\n\t\t\t\t<\/div>\n\t\t\t\t<\/div>\n\t\t<div class=\"elementor-element elementor-element-58d29e2 e-con-full e-flex e-con e-child\" data-id=\"58d29e2\" data-element_type=\"container\">\n\t\t\t\t<div class=\"elementor-element elementor-element-56fe5f9 elementor-position-left billey-view-default elementor-vertical-align-top elementor-invisible elementor-widget elementor-widget-tm-icon-box\" data-id=\"56fe5f9\" data-element_type=\"widget\" data-settings=\"{&quot;_animation&quot;:&quot;billyFadeInUp&quot;}\" data-widget_type=\"tm-icon-box.default\">\n\t\t\t\t<div class=\"elementor-widget-container\">\n\t\t\t\t\t<div class=\"tm-icon-box\">\n\t\t<div class=\"icon-box-wrapper\">\n\t\t\t\t\t<div class=\"billey-icon-wrap\">\n\t\t\t<div class=\"billey-icon-view first\">\n\t\t\t\t<div class=\"billey-icon-view-inner\">\n\t\t\t\t\t\n\t\t\t\t\t<div class=\"billey-icon icon billey-solid-icon\">\n\t\t\t\t\t\t<i aria-hidden=\"true\" class=\"fa-light fa-industry-windows\"><\/i>\t\t\t\t\t<\/div>\n\t\t\t\t<\/div>\n\t\t\t<\/div>\n\n\t\t\t\t\t<\/div>\n\t\t\n\t\t\t<div class=\"icon-box-content\">\n\t\t\t\t\t\t<div class=\"heading-wrap\">\n\t\t\t<h3 class=\"heading\">Procesos de Fabricaci\u00f3n Industrial<\/h3>\n\t\t\t\t\t<\/div>\n\t\t\n\t\t\t\t\t\t<div class=\"description-wrap\">\n\t\t\t<div class=\"description\">\n\t\t\t\tLa fot\u00f3nica ofrece soluciones para aumentar la productividad y eficiencia mediante procesos autom\u00e1ticos y flexibles, mejorando la calidad y reduciendo costes.\t\t\t<\/div>\n\t\t<\/div>\n\t\t\n\t\t\t\t\t\t\t<\/div>\n\t\t<\/div>\n\n\t\t<\/div>\t\t\t\t<\/div>\n\t\t\t\t<\/div>\n\t\t\t\t<\/div>\n\t\t\t\t\t<\/div>\n\t\t\t\t<\/div>\n\t\t<div class=\"elementor-element elementor-element-0a0794d e-flex e-con-boxed e-con e-parent\" data-id=\"0a0794d\" data-element_type=\"container\">\n\t\t\t\t\t<div class=\"e-con-inner\">\n\t\t<div class=\"elementor-element elementor-element-27e540f e-con-full e-flex e-con e-child\" data-id=\"27e540f\" data-element_type=\"container\">\n\t\t\t\t<div class=\"elementor-element elementor-element-6c15768 elementor-position-left billey-view-default elementor-vertical-align-top elementor-invisible elementor-widget elementor-widget-tm-icon-box\" data-id=\"6c15768\" data-element_type=\"widget\" data-settings=\"{&quot;_animation&quot;:&quot;billyFadeInUp&quot;}\" data-widget_type=\"tm-icon-box.default\">\n\t\t\t\t<div class=\"elementor-widget-container\">\n\t\t\t\t\t<div class=\"tm-icon-box\">\n\t\t<div class=\"icon-box-wrapper\">\n\t\t\t\t\t<div class=\"billey-icon-wrap\">\n\t\t\t<div class=\"billey-icon-view first\">\n\t\t\t\t<div class=\"billey-icon-view-inner\">\n\t\t\t\t\t\n\t\t\t\t\t<div class=\"billey-icon icon billey-solid-icon\">\n\t\t\t\t\t\t<i aria-hidden=\"true\" class=\"fa-light fa-atom\"><\/i>\t\t\t\t\t<\/div>\n\t\t\t\t<\/div>\n\t\t\t<\/div>\n\n\t\t\t\t\t<\/div>\n\t\t\n\t\t\t<div class=\"icon-box-content\">\n\t\t\t\t\t\t<div class=\"heading-wrap\">\n\t\t\t<h3 class=\"heading\">Ciencias de la Vida y Salud<\/h3>\n\t\t\t\t\t<\/div>\n\t\t\n\t\t\t\t\t\t<div class=\"description-wrap\">\n\t\t\t<div class=\"description\">\n\t\t\t\tCon el envejecimiento de la poblaci\u00f3n, la fot\u00f3nica facilita diagn\u00f3sticos preventivos a nivel molecular y m\u00e9todos quir\u00fargicos no invasivos.\t\t\t<\/div>\n\t\t<\/div>\n\t\t\n\t\t\t\t\t\t\t<\/div>\n\t\t<\/div>\n\n\t\t<\/div>\t\t\t\t<\/div>\n\t\t\t\t<\/div>\n\t\t\t\t<\/div>\n\t\t<div class=\"elementor-element elementor-element-04c0a09 e-con-full e-flex e-con e-child\" data-id=\"04c0a09\" data-element_type=\"container\">\n\t\t\t\t<div class=\"elementor-element elementor-element-3863aca elementor-position-left billey-view-default elementor-vertical-align-top elementor-invisible elementor-widget elementor-widget-tm-icon-box\" data-id=\"3863aca\" data-element_type=\"widget\" data-settings=\"{&quot;_animation&quot;:&quot;billyFadeInUp&quot;}\" data-widget_type=\"tm-icon-box.default\">\n\t\t\t\t<div class=\"elementor-widget-container\">\n\t\t\t\t\t<div class=\"tm-icon-box\">\n\t\t<div class=\"icon-box-wrapper\">\n\t\t\t\t\t<div class=\"billey-icon-wrap\">\n\t\t\t<div class=\"billey-icon-view first\">\n\t\t\t\t<div class=\"billey-icon-view-inner\">\n\t\t\t\t\t\n\t\t\t\t\t<div class=\"billey-icon icon billey-solid-icon\">\n\t\t\t\t\t\t<i aria-hidden=\"true\" class=\"fa-light fa-sensor-on\"><\/i>\t\t\t\t\t<\/div>\n\t\t\t\t<\/div>\n\t\t\t<\/div>\n\n\t\t\t\t\t<\/div>\n\t\t\n\t\t\t<div class=\"icon-box-content\">\n\t\t\t\t\t\t<div class=\"heading-wrap\">\n\t\t\t<h3 class=\"heading\">Componentes \u00d3pticos y Sensores<\/h3>\n\t\t\t\t\t<\/div>\n\t\t\n\t\t\t\t\t\t<div class=\"description-wrap\">\n\t\t\t<div class=\"description\">\n\t\t\t\tDesarrollo de t\u00e9cnicas fot\u00f3nicas para mejorar la seguridad y bienestar en \u00e1reas como la alimentaci\u00f3n, medio ambiente, agua, reciclaje, y tr\u00e1fico.\t\t\t<\/div>\n\t\t<\/div>\n\t\t\n\t\t\t\t\t\t\t<\/div>\n\t\t<\/div>\n\n\t\t<\/div>\t\t\t\t<\/div>\n\t\t\t\t<\/div>\n\t\t\t\t<\/div>\n\t\t\t\t\t<\/div>\n\t\t\t\t<\/div>\n\t\t<div class=\"elementor-element elementor-element-55cd3ea e-flex e-con-boxed e-con e-parent\" data-id=\"55cd3ea\" data-element_type=\"container\">\n\t\t\t\t\t<div class=\"e-con-inner\">\n\t\t<div class=\"elementor-element elementor-element-dde64ac e-con-full e-flex e-con e-child\" data-id=\"dde64ac\" data-element_type=\"container\">\n\t\t\t\t<div class=\"elementor-element elementor-element-cf2dd88 elementor-position-left billey-view-default elementor-vertical-align-top elementor-invisible elementor-widget elementor-widget-tm-icon-box\" data-id=\"cf2dd88\" data-element_type=\"widget\" data-settings=\"{&quot;_animation&quot;:&quot;billyFadeInUp&quot;}\" data-widget_type=\"tm-icon-box.default\">\n\t\t\t\t<div class=\"elementor-widget-container\">\n\t\t\t\t\t<div class=\"tm-icon-box\">\n\t\t<div class=\"icon-box-wrapper\">\n\t\t\t\t\t<div class=\"billey-icon-wrap\">\n\t\t\t<div class=\"billey-icon-view first\">\n\t\t\t\t<div class=\"billey-icon-view-inner\">\n\t\t\t\t\t\n\t\t\t\t\t<div class=\"billey-icon icon billey-solid-icon\">\n\t\t\t\t\t\t<i aria-hidden=\"true\" class=\"fa-light fa-display\"><\/i>\t\t\t\t\t<\/div>\n\t\t\t\t<\/div>\n\t\t\t<\/div>\n\n\t\t\t\t\t<\/div>\n\t\t\n\t\t\t<div class=\"icon-box-content\">\n\t\t\t\t\t\t<div class=\"heading-wrap\">\n\t\t\t<h3 class=\"heading\">Iluminaci\u00f3n y displays<\/h3>\n\t\t\t\t\t<\/div>\n\t\t\n\t\t\t\t\t\t<div class=\"description-wrap\">\n\t\t\t<div class=\"description\">\n\t\t\t\tInnovaciones en LED y OLED mejoran la calidad de imagen, eficiencia energ\u00e9tica, y reducen costes de producci\u00f3n.\t\t\t<\/div>\n\t\t<\/div>\n\t\t\n\t\t\t\t\t\t\t<\/div>\n\t\t<\/div>\n\n\t\t<\/div>\t\t\t\t<\/div>\n\t\t\t\t<\/div>\n\t\t\t\t<\/div>\n\t\t<div class=\"elementor-element elementor-element-0d7af43 e-con-full e-flex e-con e-child\" data-id=\"0d7af43\" data-element_type=\"container\">\n\t\t\t\t<div class=\"elementor-element elementor-element-78c41c3 elementor-widget elementor-widget-spacer\" data-id=\"78c41c3\" data-element_type=\"widget\" data-widget_type=\"spacer.default\">\n\t\t\t\t<div class=\"elementor-widget-container\">\n\t\t\t<style>\/*! elementor - v3.22.0 - 26-06-2024 *\/\n.elementor-column .elementor-spacer-inner{height:var(--spacer-size)}.e-con{--container-widget-width:100%}.e-con-inner>.elementor-widget-spacer,.e-con>.elementor-widget-spacer{width:var(--container-widget-width,var(--spacer-size));--align-self:var(--container-widget-align-self,initial);--flex-shrink:0}.e-con-inner>.elementor-widget-spacer>.elementor-widget-container,.e-con>.elementor-widget-spacer>.elementor-widget-container{height:100%;width:100%}.e-con-inner>.elementor-widget-spacer>.elementor-widget-container>.elementor-spacer,.e-con>.elementor-widget-spacer>.elementor-widget-container>.elementor-spacer{height:100%}.e-con-inner>.elementor-widget-spacer>.elementor-widget-container>.elementor-spacer>.elementor-spacer-inner,.e-con>.elementor-widget-spacer>.elementor-widget-container>.elementor-spacer>.elementor-spacer-inner{height:var(--container-widget-height,var(--spacer-size))}.e-con-inner>.elementor-widget-spacer.elementor-widget-empty,.e-con>.elementor-widget-spacer.elementor-widget-empty{position:relative;min-height:22px;min-width:22px}.e-con-inner>.elementor-widget-spacer.elementor-widget-empty .elementor-widget-empty-icon,.e-con>.elementor-widget-spacer.elementor-widget-empty .elementor-widget-empty-icon{position:absolute;top:0;bottom:0;left:0;right:0;margin:auto;padding:0;width:22px;height:22px}<\/style>\t\t<div class=\"elementor-spacer\">\n\t\t\t<div class=\"elementor-spacer-inner\"><\/div>\n\t\t<\/div>\n\t\t\t\t<\/div>\n\t\t\t\t<\/div>\n\t\t\t\t<\/div>\n\t\t\t\t\t<\/div>\n\t\t\t\t<\/div>\n\t\t\t\t\t<\/div>\n\t\t<\/div>\n\t\t\t\t\t<\/div>\n\t\t<\/section>\n\t\t\t\t<section class=\"elementor-section elementor-top-section elementor-element elementor-element-80d0db2 elementor-section-stretched elementor-section-full_width elementor-section-height-default elementor-section-height-default elementor-section-column-vertical-align-stretch\" data-id=\"80d0db2\" data-element_type=\"section\" data-settings=\"{&quot;stretch_section&quot;:&quot;section-stretched&quot;,&quot;background_background&quot;:&quot;classic&quot;}\">\n\t\t\t\t\t\t<div class=\"elementor-container elementor-column-gap-no\">\n\t\t\t\t\t<div class=\"elementor-column elementor-col-100 elementor-top-column elementor-element elementor-element-39fc750\" data-id=\"39fc750\" data-element_type=\"column\" data-settings=\"{&quot;background_background&quot;:&quot;classic&quot;}\">\n\t\t\t<div class=\"elementor-widget-wrap elementor-element-populated\">\n\t\t\t\t\t<div class=\"elementor-background-overlay\"><\/div>\n\t\t\t\t<div class=\"elementor-element elementor-element-6a040cf e-flex e-con-boxed e-con e-parent\" data-id=\"6a040cf\" data-element_type=\"container\">\n\t\t\t\t\t<div class=\"e-con-inner\">\n\t\t\t\t<div class=\"elementor-element elementor-element-b0410db elementor-widget__width-inherit elementor-invisible elementor-widget elementor-widget-tm-heading\" data-id=\"b0410db\" data-element_type=\"widget\" data-settings=\"{&quot;_animation&quot;:&quot;fadeIn&quot;}\" data-widget_type=\"tm-heading.default\">\n\t\t\t\t<div class=\"elementor-widget-container\">\n\t\t\t\t\t<div class=\"tm-modern-heading\">\n\t\t\t\t\t<div class=\"heading-secondary-wrap\">\n\t\t\t<h3 class=\"heading-secondary elementor-heading-title\">EL EMPLAZAMIENTO<\/h3>\t\t<\/div>\n\t\t\n\t\t\t\t\t<div class=\"heading-primary-wrap\">\n\t\t\t<h2 class=\"heading-primary elementor-heading-title\">Terrassa<\/h2>\t\t<\/div>\n\t\t\n\t\t\t\n\t\t\t\t\t<\/div>\n\t\t\t\t<\/div>\n\t\t\t\t<\/div>\n\t\t\t\t\t<\/div>\n\t\t\t\t<\/div>\n\t\t\t\t\t<\/div>\n\t\t<\/div>\n\t\t\t\t\t<\/div>\n\t\t<\/section>\n\t\t\t\t<section class=\"elementor-section elementor-top-section elementor-element elementor-element-441c62f elementor-section-boxed elementor-section-gap-beside-yes elementor-section-height-default elementor-section-height-default elementor-section-column-vertical-align-stretch elementor-invisible\" data-id=\"441c62f\" data-element_type=\"section\" data-settings=\"{&quot;animation&quot;:&quot;billyFadeInUp&quot;}\">\n\t\t\t\t\t\t<div class=\"elementor-container elementor-column-gap-extended\">\n\t\t\t\t\t<div class=\"elementor-column elementor-col-33 elementor-top-column elementor-element elementor-element-661920b elementor-invisible\" data-id=\"661920b\" data-element_type=\"column\" data-settings=\"{&quot;animation&quot;:&quot;billyFadeInUp&quot;}\">\n\t\t\t<div class=\"elementor-widget-wrap elementor-element-populated\">\n\t\t\t\t\t\t<div class=\"elementor-element elementor-element-a2ca610 elementor-widget elementor-widget-tm-heading\" data-id=\"a2ca610\" data-element_type=\"widget\" data-widget_type=\"tm-heading.default\">\n\t\t\t\t<div class=\"elementor-widget-container\">\n\t\t\t\t\t<div class=\"tm-modern-heading\">\n\t\t\t\n\t\t\t\t\t<div class=\"heading-primary-wrap\">\n\t\t\t<h2 class=\"heading-primary elementor-heading-title\">Sobre <b>la ciudad<\/b><\/h2>\t\t<\/div>\n\t\t\n\t\t\t\n\t\t\t\t\t<\/div>\n\t\t\t\t<\/div>\n\t\t\t\t<\/div>\n\t\t\t\t\t<\/div>\n\t\t<\/div>\n\t\t\t\t<div class=\"elementor-column elementor-col-66 elementor-top-column elementor-element elementor-element-dc1e443\" data-id=\"dc1e443\" data-element_type=\"column\">\n\t\t\t<div class=\"elementor-widget-wrap elementor-element-populated\">\n\t\t\t\t\t\t<div class=\"elementor-element elementor-element-23433bd elementor-widget__width-initial elementor-widget elementor-widget-text-editor\" data-id=\"23433bd\" data-element_type=\"widget\" data-settings=\"{&quot;_animation_mobile&quot;:&quot;billeyFadeInUp&quot;}\" data-widget_type=\"text-editor.default\">\n\t\t\t\t<div class=\"elementor-widget-container\">\n\t\t\t\t\t\t\t<p><b>Terrassa<\/b>, ubicada a menos de 30 km de Barcelona, es una ciudad moderna e industrial con m\u00e1s de 216,000 habitantes. Su rico patrimonio cultural y art\u00edstico se destaca en un entorno natural dominado por el Parque Natural de San Lorenzo.<\/p>\t\t\t\t\t\t<\/div>\n\t\t\t\t<\/div>\n\t\t\t\t<div class=\"elementor-element elementor-element-c471acb elementor-widget__width-initial elementor-widget elementor-widget-text-editor\" data-id=\"c471acb\" data-element_type=\"widget\" data-widget_type=\"text-editor.default\">\n\t\t\t\t<div class=\"elementor-widget-container\">\n\t\t\t\t\t\t\t<p><span style=\"letter-spacing: 0em;\">Lugares hist\u00f3ricos como la <\/span><b style=\"letter-spacing: 0em;\">Seu d\u2019Egara<\/b><span style=\"letter-spacing: 0em;\">, el <\/span><b style=\"letter-spacing: 0em;\">parque de Vallparad\u00eds<\/b><span style=\"letter-spacing: 0em;\"> con importantes hallazgos paleontol\u00f3gicos, la <\/span><b style=\"letter-spacing: 0em;\">Torre del Palau<\/b><span style=\"letter-spacing: 0em;\"> y el <\/span><b style=\"letter-spacing: 0em;\">Castillo-Cartuja<\/b><span style=\"letter-spacing: 0em;\"> representan su legado medieval. La era del Modernismo y la industrializaci\u00f3n tambi\u00e9n dej\u00f3 su huella en el <\/span><b style=\"letter-spacing: 0em;\">Vapor Aymerich<\/b><span style=\"letter-spacing: 0em;\">, <\/span><b style=\"letter-spacing: 0em;\">Amat i Jover<\/b><span style=\"letter-spacing: 0em;\"> (ahora mNACTEC), la <\/span><b style=\"letter-spacing: 0em;\">Mas\u00eda Freixa<\/b><span style=\"letter-spacing: 0em;\"> y la <\/span><b style=\"letter-spacing: 0em;\">Casa Alegre de Sagrera<\/b><span style=\"letter-spacing: 0em;\">.<\/span><\/p><p>Terrassa ofrece una <b>amplia gama de actividades culturales y recreativas<\/b>, incluyendo el Festival de Jazz, la Feria Modernista, productos tradicionales y ecol\u00f3gicos de Terrassa Gastron\u00f3mica, hockey, danza, m\u00fasica y teatro, exhibiciones castelleras y golf.<\/p><p>Con este vibrante tel\u00f3n de fondo, la <b>XIV Reuni\u00f3n del Comit\u00e9 de Optoelectr\u00f3nica promete ser un evento memorable tanto profesional como culturalmente<\/b>. \u00a1Nos vemos en Terrassa!<\/p>\t\t\t\t\t\t<\/div>\n\t\t\t\t<\/div>\n\t\t\t\t\t<\/div>\n\t\t<\/div>\n\t\t\t\t\t<\/div>\n\t\t<\/section>\n\t\t<div class=\"elementor-element elementor-element-c3753bf e-con-full e-flex e-con e-parent\" data-id=\"c3753bf\" data-element_type=\"container\">\n\t\t\t\t<div class=\"elementor-element elementor-element-1275391 elementor-widget elementor-widget-tm-image-gallery\" data-id=\"1275391\" data-element_type=\"widget\" data-settings=\"{&quot;grid_columns_tablet&quot;:3,&quot;grid_columns&quot;:3,&quot;grid_columns_mobile&quot;:1}\" data-widget_type=\"tm-image-gallery.default\">\n\t\t\t\t<div class=\"elementor-widget-container\">\n\t\t\t\t\t<div class=\"billey-grid-wrapper\" data-grid=\"{&quot;type&quot;:&quot;grid&quot;,&quot;ratio&quot;:null,&quot;columns&quot;:3,&quot;columnsTablet&quot;:3,&quot;columnsMobile&quot;:1,&quot;gutter&quot;:30}\">\n\t\t\t<div class=\"billey-grid\">\n\t\t\t\t<div class=\"grid-sizer\"><\/div>\n\n\t\t\t\t\t\t\t\t\t\t\t\t<div class=\"grid-item\">\n\t\t\t\t\t\t<div class=\"billey-box\">\t\t<div class=\"billey-image image\">\n\t\t\t<img decoding=\"async\"  src=\"https:\/\/optoel.es\/2025\/wp-content\/uploads\/2024\/06\/terrassa-3-600x600.jpg\" alt=\"\" width=\"600\" \/>\t\t<\/div>\n\t\t\t\t<\/div>\t\t\t\t\t<\/div>\n\t\t\t\t\t\t<div class=\"grid-item\">\n\t\t\t\t\t\t<div class=\"billey-box\">\t\t<div class=\"billey-image image\">\n\t\t\t<img decoding=\"async\"  src=\"https:\/\/optoel.es\/2025\/wp-content\/uploads\/2024\/06\/terrassa-4-600x600.jpg\" alt=\"\" width=\"600\" \/>\t\t<\/div>\n\t\t\t\t<\/div>\t\t\t\t\t<\/div>\n\t\t\t\t\t\t<div class=\"grid-item\">\n\t\t\t\t\t\t<div class=\"billey-box\">\t\t<div class=\"billey-image image\">\n\t\t\t<img decoding=\"async\"  src=\"https:\/\/optoel.es\/2025\/wp-content\/uploads\/2024\/06\/terrassa-2-600x600.jpg\" alt=\"\" width=\"600\" \/>\t\t<\/div>\n\t\t\t\t<\/div>\t\t\t\t\t<\/div>\n\t\t\t\t\t\t\t\n\t\t\t<\/div>\n\t\t<\/div>\n\t\t\t\t<\/div>\n\t\t\t\t<\/div>\n\t\t\t\t<\/div>\n\t\t\t\t<section class=\"elementor-section elementor-top-section elementor-element elementor-element-7daeaeb elementor-section-content-middle elementor-reverse-tablet elementor-reverse-mobile elementor-section-boxed elementor-section-gap-beside-yes elementor-section-height-default elementor-section-height-default elementor-section-column-vertical-align-stretch\" data-id=\"7daeaeb\" data-element_type=\"section\">\n\t\t\t\t\t\t<div class=\"elementor-container elementor-column-gap-extended\">\n\t\t\t\t\t<div class=\"elementor-column elementor-col-50 elementor-top-column elementor-element elementor-element-b2395c0\" data-id=\"b2395c0\" data-element_type=\"column\">\n\t\t\t<div class=\"elementor-widget-wrap elementor-element-populated\">\n\t\t\t\t\t\t<div class=\"elementor-element elementor-element-0003b8e elementor-widget elementor-widget-tm-heading\" data-id=\"0003b8e\" data-element_type=\"widget\" data-settings=\"{&quot;_animation_mobile&quot;:&quot;billeyFadeInUp&quot;}\" data-widget_type=\"tm-heading.default\">\n\t\t\t\t<div class=\"elementor-widget-container\">\n\t\t\t\t\t<div class=\"tm-modern-heading\">\n\t\t\t\n\t\t\t\t\t<div class=\"heading-primary-wrap\">\n\t\t\t<h2 class=\"heading-primary elementor-heading-title\">Terrassa, <b>ciudad universitaria<\/b><\/h2>\t\t<\/div>\n\t\t\n\t\t\t\n\t\t\t\t\t<\/div>\n\t\t\t\t<\/div>\n\t\t\t\t<\/div>\n\t\t\t\t<div class=\"elementor-element elementor-element-e30e960 elementor-widget__width-initial elementor-widget elementor-widget-text-editor\" data-id=\"e30e960\" data-element_type=\"widget\" data-settings=\"{&quot;_animation_mobile&quot;:&quot;billeyFadeInUp&quot;}\" data-widget_type=\"text-editor.default\">\n\t\t\t\t<div class=\"elementor-widget-container\">\n\t\t\t\t\t\t\t<p>Con m\u00e1s de un siglo de tradici\u00f3n universitaria, Terrassa se ha consolidado como un importante campus urbano.&nbsp;<span style=\"letter-spacing: 0em;\">Es la segunda ciudad universitaria m\u00e1s importante de Catalu\u00f1a, solo superada por Barcelona, y alberga cuatro universidades, seis escuelas universitarias, una facultad y un hospital universitario.<\/span><\/p>\t\t\t\t\t\t<\/div>\n\t\t\t\t<\/div>\n\t\t\t\t\t<\/div>\n\t\t<\/div>\n\t\t\t\t<div class=\"elementor-column elementor-col-50 elementor-top-column elementor-element elementor-element-8259af8\" data-id=\"8259af8\" data-element_type=\"column\">\n\t\t\t<div class=\"elementor-widget-wrap elementor-element-populated\">\n\t\t\t\t\t\t<div class=\"elementor-element elementor-element-9c92a30 elementor-invisible elementor-widget elementor-widget-image\" data-id=\"9c92a30\" data-element_type=\"widget\" data-settings=\"{&quot;_animation&quot;:&quot;billyFadeInUp&quot;}\" data-widget_type=\"image.default\">\n\t\t\t\t<div class=\"elementor-widget-container\">\n\t\t\t\t\t\t\t\t\t\t\t\t\t<img fetchpriority=\"high\" decoding=\"async\" width=\"1000\" height=\"908\" src=\"https:\/\/optoel.es\/2025\/wp-content\/uploads\/2024\/06\/img-terrassa-1.png\" class=\"attachment-full size-full wp-image-7144\" alt=\"\" srcset=\"https:\/\/optoel.es\/2025\/wp-content\/uploads\/2024\/06\/img-terrassa-1.png 1000w, https:\/\/optoel.es\/2025\/wp-content\/uploads\/2024\/06\/img-terrassa-1-300x272.png 300w, https:\/\/optoel.es\/2025\/wp-content\/uploads\/2024\/06\/img-terrassa-1-768x697.png 768w\" sizes=\"(max-width: 1000px) 100vw, 1000px\" \/>\t\t\t\t\t\t\t\t\t\t\t\t\t<\/div>\n\t\t\t\t<\/div>\n\t\t\t\t<div class=\"elementor-element elementor-element-cb7425c elementor-widget__width-auto elementor-absolute elementor-widget-mobile__width-initial elementor-widget-tablet__width-initial elementor-invisible elementor-widget elementor-widget-image\" data-id=\"cb7425c\" data-element_type=\"widget\" data-settings=\"{&quot;_position&quot;:&quot;absolute&quot;,&quot;_animation&quot;:&quot;fadeIn&quot;,&quot;_animation_delay&quot;:500}\" data-widget_type=\"image.default\">\n\t\t\t\t<div class=\"elementor-widget-container\">\n\t\t\t\t\t\t\t\t\t\t\t\t\t<img decoding=\"async\" width=\"248\" height=\"248\" src=\"https:\/\/optoel.es\/2025\/wp-content\/uploads\/2024\/07\/dots.png\" class=\"attachment-full size-full wp-image-7284\" alt=\"\" srcset=\"https:\/\/optoel.es\/2025\/wp-content\/uploads\/2024\/07\/dots.png 248w, https:\/\/optoel.es\/2025\/wp-content\/uploads\/2024\/07\/dots-150x150.png 150w\" sizes=\"(max-width: 248px) 100vw, 248px\" \/>\t\t\t\t\t\t\t\t\t\t\t\t\t<\/div>\n\t\t\t\t<\/div>\n\t\t\t\t\t<\/div>\n\t\t<\/div>\n\t\t\t\t\t<\/div>\n\t\t<\/section>\n\t\t\t\t<section class=\"elementor-section elementor-top-section elementor-element elementor-element-3c3fb12 elementor-reverse-tablet elementor-reverse-mobile elementor-section-column-vertical-align-top elementor-section-boxed elementor-section-gap-beside-yes elementor-section-height-default elementor-section-height-default\" data-id=\"3c3fb12\" data-element_type=\"section\" data-settings=\"{&quot;animation_mobile&quot;:&quot;billeyFadeInUp&quot;}\">\n\t\t\t\t\t\t<div class=\"elementor-container elementor-column-gap-extended\">\n\t\t\t\t\t<div class=\"elementor-column elementor-col-50 elementor-top-column elementor-element elementor-element-9b1e6bd\" data-id=\"9b1e6bd\" data-element_type=\"column\">\n\t\t\t<div class=\"elementor-widget-wrap elementor-element-populated\">\n\t\t\t\t\t\t<div class=\"elementor-element elementor-element-5fa36ae elementor-widget__width-initial elementor-widget elementor-widget-text-editor\" data-id=\"5fa36ae\" data-element_type=\"widget\" data-widget_type=\"text-editor.default\">\n\t\t\t\t<div class=\"elementor-widget-container\">\n\t\t\t\t\t\t\t<p>En Terrassa se encuentra el <b>segundo campus m\u00e1s importante de la Universitat Polit\u00e8cnica de Catalunya (UPC)<\/b>, una instituci\u00f3n p\u00fablica l\u00edder en investigaci\u00f3n y educaci\u00f3n superior en ingenier\u00eda, arquitectura, ciencias y tecnolog\u00eda. La UPC es una de las universidades polit\u00e9cnicas m\u00e1s prestigiosas de Europa.<\/p><p>Cada a\u00f1o, esta universidad grad\u00faa a m\u00e1s de 6,000 estudiantes de grado y m\u00e1ster, adem\u00e1s de m\u00e1s de 500 doctores.\u00a0<\/p>\t\t\t\t\t\t<\/div>\n\t\t\t\t<\/div>\n\t\t\t\t\t<\/div>\n\t\t<\/div>\n\t\t\t\t<div class=\"elementor-column elementor-col-50 elementor-top-column elementor-element elementor-element-b5bc112\" data-id=\"b5bc112\" data-element_type=\"column\">\n\t\t\t<div class=\"elementor-widget-wrap elementor-element-populated\">\n\t\t\t\t\t\t<div class=\"elementor-element elementor-element-6c5c614 elementor-widget__width-initial elementor-widget elementor-widget-text-editor\" data-id=\"6c5c614\" data-element_type=\"widget\" data-widget_type=\"text-editor.default\">\n\t\t\t\t<div class=\"elementor-widget-container\">\n\t\t\t\t\t\t\t<p>Sus titulados gozan de un <b>alto \u00edndice de inserci\u00f3n laboral: <\/b>el 93% consigue empleo y el 76% lo encuentra en menos de tres meses.<\/p><p><span style=\"letter-spacing: 0em;\">La UPC destaca en los principales rankings internacionales, especialmente con la Facultat d\u2019\u00d2ptica i Optometria de Terrassa y la Escola Superior d\u2019Enginyeries Industrial, Aeroespacial i Audiovisual.<\/span><\/p>\t\t\t\t\t\t<\/div>\n\t\t\t\t<\/div>\n\t\t\t\t\t<\/div>\n\t\t<\/div>\n\t\t\t\t\t<\/div>\n\t\t<\/section>\n\t\t<div class=\"elementor-element elementor-element-0ef8e37 e-flex e-con-boxed e-con e-parent\" data-id=\"0ef8e37\" data-element_type=\"container\">\n\t\t\t\t\t<div class=\"e-con-inner\">\n\t\t\t\t\t<\/div>\n\t\t\t\t<\/div>\n\t\t\t\t<\/div>\n\t\t","protected":false},"excerpt":{"rendered":"<p>EL CONGRESO Bienvenido Optoel 2025 Bienvenidos a la decimocuarta edici\u00f3n de la Reuni\u00f3n del Comit\u00e9 de Optoelectr\u00f3nica (OPTOEL) de la&nbsp;Sociedad Espa\u00f1ola de \u00d3ptica&nbsp;(SEDOPTICA), que se celebrar\u00e1 en julio de 2025 en Terrassa, organizada por el&nbsp;Centro de Desarrollo de Sensores, Instrumentaci\u00f3n y Sistemas&nbsp;(CD6), de la&nbsp;Universidad Polit\u00e9cnica de Catalu\u00f1a&nbsp;(UPC).&nbsp; Del 2 al 4 de julio de 2025, Terrassa se convertir\u00e1 en el punto de encuentro para investigadores y profesionales del \u00e1mbito de la Fot\u00f3nica y la Optoelectr\u00f3nica en Espa\u00f1a. Adem\u00e1s, vamos a contar con el primer Optoel Joven, que se celebrar\u00e1 el d\u00eda 1 de julio de 2025. Durante estos tres d\u00edas, en la XIV Reuni\u00f3n del Comit\u00e9 de Optoelectr\u00f3nica OPTOEL2025, se presentar\u00e1n y discutir\u00e1n los \u00faltimos avances y desarrollos en fot\u00f3nica y optoelectr\u00f3nica. El OPTOEL2025 reunir\u00e1 a investigadores, emprendedores, inversores y empresas para fomentar la colaboraci\u00f3n entre academia e industria, buscando soluciones a estos desaf\u00edos globales. \u00a1Esperamos contar con tu presencia en Terrassa! Temas a abarcar Demanda de Conectividad A medida que el sector de las Tecnolog\u00edas de la Informaci\u00f3n y las Comunicaciones (TIC) crece exponencialmente, las tecnolog\u00edas fot\u00f3nicas son cruciales para aumentar la capacidad de los canales de comunicaci\u00f3n. Procesos de Fabricaci\u00f3n Industrial La fot\u00f3nica ofrece soluciones para aumentar la productividad y eficiencia mediante procesos autom\u00e1ticos y flexibles, mejorando la calidad y reduciendo costes. Ciencias de la Vida y Salud Con el envejecimiento de la poblaci\u00f3n, la fot\u00f3nica facilita diagn\u00f3sticos preventivos a nivel molecular y m\u00e9todos quir\u00fargicos no invasivos. Componentes \u00d3pticos y Sensores Desarrollo de t\u00e9cnicas fot\u00f3nicas para mejorar la seguridad y bienestar en \u00e1reas como la alimentaci\u00f3n, medio ambiente, agua, reciclaje, y tr\u00e1fico. Iluminaci\u00f3n y displays Innovaciones en LED y OLED mejoran la calidad de imagen, eficiencia energ\u00e9tica, y reducen costes de producci\u00f3n. EL EMPLAZAMIENTO Terrassa Sobre la ciudad Terrassa, ubicada a menos de 30 km de Barcelona, es una ciudad moderna e industrial con m\u00e1s de 216,000 habitantes. Su rico patrimonio cultural y art\u00edstico se destaca en un entorno natural dominado por el Parque Natural de San Lorenzo. Lugares hist\u00f3ricos como la Seu d\u2019Egara, el parque de Vallparad\u00eds con importantes hallazgos paleontol\u00f3gicos, la Torre del Palau y el Castillo-Cartuja representan su legado medieval. La era del Modernismo y la industrializaci\u00f3n tambi\u00e9n dej\u00f3 su huella en el Vapor Aymerich, Amat i Jover (ahora mNACTEC), la Mas\u00eda Freixa y la Casa Alegre de Sagrera. Terrassa ofrece una amplia gama de actividades culturales y recreativas, incluyendo el Festival de Jazz, la Feria Modernista, productos tradicionales y ecol\u00f3gicos de Terrassa Gastron\u00f3mica, hockey, danza, m\u00fasica y teatro, exhibiciones castelleras y golf. Con este vibrante tel\u00f3n de fondo, la XIV Reuni\u00f3n del Comit\u00e9 de Optoelectr\u00f3nica promete ser un evento memorable tanto profesional como culturalmente. \u00a1Nos vemos en Terrassa! Terrassa, ciudad universitaria Con m\u00e1s de un siglo de tradici\u00f3n universitaria, Terrassa se ha consolidado como un importante campus urbano.&nbsp;Es la segunda ciudad universitaria m\u00e1s importante de Catalu\u00f1a, solo superada por Barcelona, y alberga cuatro universidades, seis escuelas universitarias, una facultad y un hospital universitario. En Terrassa se encuentra el segundo campus m\u00e1s importante de la Universitat Polit\u00e8cnica de Catalunya (UPC), una instituci\u00f3n p\u00fablica l\u00edder en investigaci\u00f3n y educaci\u00f3n superior en ingenier\u00eda, arquitectura, ciencias y tecnolog\u00eda. La UPC es una de las universidades polit\u00e9cnicas m\u00e1s prestigiosas de Europa. Cada a\u00f1o, esta universidad grad\u00faa a m\u00e1s de 6,000 estudiantes de grado y m\u00e1ster, adem\u00e1s de m\u00e1s de 500 doctores.\u00a0 Sus titulados gozan de un alto \u00edndice de inserci\u00f3n laboral: el 93% consigue empleo y el 76% lo encuentra en menos de tres meses. La UPC destaca en los principales rankings internacionales, especialmente con la Facultat d\u2019\u00d2ptica i Optometria de Terrassa y la Escola Superior d\u2019Enginyeries Industrial, Aeroespacial i Audiovisual.<\/p>\n","protected":false},"author":1,"featured_media":0,"parent":0,"menu_order":0,"comment_status":"closed","ping_status":"closed","template":"","meta":{"footnotes":""},"class_list":["post-2913","page","type-page","status-publish","hentry","post-no-thumbnail"],"_links":{"self":[{"href":"https:\/\/optoel.es\/2025\/wp-json\/wp\/v2\/pages\/2913"}],"collection":[{"href":"https:\/\/optoel.es\/2025\/wp-json\/wp\/v2\/pages"}],"about":[{"href":"https:\/\/optoel.es\/2025\/wp-json\/wp\/v2\/types\/page"}],"author":[{"embeddable":true,"href":"https:\/\/optoel.es\/2025\/wp-json\/wp\/v2\/users\/1"}],"replies":[{"embeddable":true,"href":"https:\/\/optoel.es\/2025\/wp-json\/wp\/v2\/comments?post=2913"}],"version-history":[{"count":255,"href":"https:\/\/optoel.es\/2025\/wp-json\/wp\/v2\/pages\/2913\/revisions"}],"predecessor-version":[{"id":7975,"href":"https:\/\/optoel.es\/2025\/wp-json\/wp\/v2\/pages\/2913\/revisions\/7975"}],"wp:attachment":[{"href":"https:\/\/optoel.es\/2025\/wp-json\/wp\/v2\/media?parent=2913"}],"curies":[{"name":"wp","href":"https:\/\/api.w.org\/{rel}","templated":true}]}}